{"id":48062,"date":"2021-12-03T06:02:51","date_gmt":"2021-12-03T11:02:51","guid":{"rendered":"https:\/\/capturetheatlas.com\/?page_id=48062"},"modified":"2023-01-12T17:55:55","modified_gmt":"2023-01-12T22:55:55","slug":"northern-lights-photographer-of-the-year-2020","status":"publish","type":"page","link":"https:\/\/capturetheatlas.com\/es\/northern-lights-photographer-of-the-year-2020\/","title":{"rendered":"2020 Northern Lights Photographer of the year"},"content":{"rendered":"\t\t<div data-elementor-type=\"wp-page\" data-elementor-id=\"48062\" class=\"elementor elementor-48062 elementor-48031\" data-elementor-post-type=\"page\">\n\t\t\t\t\t\t<section class=\"elementor-section elementor-top-section elementor-element elementor-element-50e3f5b elementor-section-boxed elementor-section-height-default elementor-section-height-default\" data-id=\"50e3f5b\" data-element_type=\"section\" data-settings=\"{&quot;jet_parallax_layout_list&quot;:[]}\">\n\t\t\t\t\t\t<div class=\"elementor-container elementor-column-gap-default\">\n\t\t\t\t\t<div class=\"elementor-column elementor-col-100 elementor-top-column elementor-element elementor-element-40937f6f\" data-id=\"40937f6f\" data-element_type=\"column\">\n\t\t\t<div class=\"elementor-widget-wrap elementor-element-populated\">\n\t\t\t\t\t\t<div class=\"elementor-element elementor-element-273aaf75 elementor-widget elementor-widget-heading\" data-id=\"273aaf75\" data-element_type=\"widget\" data-widget_type=\"heading.default\">\n\t\t\t\t<div class=\"elementor-widget-container\">\n\t\t\t\t\t<h1 class=\"elementor-heading-title elementor-size-large\">\"Northern Lights photographer of the year\" 2020<\/h1>\t\t\t\t<\/div>\n\t\t\t\t<\/div>\n\t\t\t\t<div class=\"elementor-element elementor-element-6512a280 elementor-widget elementor-widget-text-editor\" data-id=\"6512a280\" data-element_type=\"widget\" data-widget_type=\"text-editor.default\">\n\t\t\t\t<div class=\"elementor-widget-container\">\n\t\t\t\t\t\t\t\t\t<p style=\"text-align: justify;\"><span style=\"color: #c7c7c7;\"><strong><a href=\"https:\/\/capturetheatlas.com\/es\/como-fotografiar-auroras-boreales\/\" target=\"_blank\" rel=\"noopener\">Fotografiar la aurora boreal<\/a><\/strong> es una experiencia de otro mundo.<\/span><\/p>\n<p style=\"text-align: justify;\"><span style=\"color: #c7c7c7;\">Las luces \u00abbailando\u00bb por el cielo, los colores reflejados en tus ojos, el coraz\u00f3n latiendo cuando ves el verde capturado en la pantalla de tu c\u00e1mara&#8230; es dif\u00edcil expresar con palabras el fascinante espect\u00e1culo creado por la Aurora Boreal.<\/span><\/p>\n<p style=\"text-align: justify;\"><span style=\"color: #c7c7c7;\">Para ayudarte a encontrar inspiraci\u00f3n, en esta nueva edici\u00f3n del \u201cNorthern Lights photographer of the year\u201d te traemos las <strong>25 mejores im\u00e1genes de Auroras Boreales<\/strong> capturadas alrededor del mundo.<\/span><\/p>\n<p style=\"text-align: justify;\"><span style=\"color: #c7c7c7;\">Calienta y prep\u00e1rate porque este viaje te va a llevar a los polos m\u00e1s extremos de nuestro planeta; desde las regiones \u00e1rticas de Rusia, Laponia, Noruega, Canad\u00e1 o Islandia, hasta las latitudes m\u00e1s australes bajo el cielo nocturno ant\u00e1rtico&#8230; siempre con la aurora boreal bailando en el cielo.<\/span><\/p>\t\t\t\t\t\t\t\t<\/div>\n\t\t\t\t<\/div>\n\t\t\t\t<div class=\"elementor-element elementor-element-74ebf3dd elementor-widget elementor-widget-text-editor\" data-id=\"74ebf3dd\" data-element_type=\"widget\" data-widget_type=\"text-editor.default\">\n\t\t\t\t<div class=\"elementor-widget-container\">\n\t\t\t\t\t\t\t\t\t<p>\t\t<div data-elementor-type=\"wp-post\" data-elementor-id=\"47764\" class=\"elementor elementor-47764 elementor-47269\" data-elementor-post-type=\"ae_global_templates\">\n\t\t\t\t\t\t<section class=\"elementor-section elementor-top-section elementor-element elementor-element-704d05ee elementor-section-boxed elementor-section-height-default elementor-section-height-default\" data-id=\"704d05ee\" data-element_type=\"section\" data-settings=\"{&quot;jet_parallax_layout_list&quot;:[]}\">\n\t\t\t\t\t\t<div class=\"elementor-container elementor-column-gap-default\">\n\t\t\t\t\t<div class=\"elementor-column elementor-col-100 elementor-top-column elementor-element elementor-element-2b641bbd\" data-id=\"2b641bbd\" data-element_type=\"column\">\n\t\t\t<div class=\"elementor-widget-wrap elementor-element-populated\">\n\t\t\t\t\t\t<div class=\"elementor-element elementor-element-715cbf0a elementor-widget elementor-widget-text-editor\" data-id=\"715cbf0a\" data-element_type=\"widget\" data-widget_type=\"text-editor.default\">\n\t\t\t\t<div class=\"elementor-widget-container\">\n\t\t\t\t\t\t\t\t\t<h2><span style=\"color: #c7c7c7;\">\u00abDanza celestial\u00bb &#8211; Sergey Korolev<\/span><\/h2>\t\t\t\t\t\t\t\t<\/div>\n\t\t\t\t<\/div>\n\t\t\t\t\t<\/div>\n\t\t<\/div>\n\t\t\t\t\t<\/div>\n\t\t<\/section>\n\t\t\t\t<section class=\"elementor-section elementor-top-section elementor-element elementor-element-576bb9d elementor-section-boxed elementor-section-height-default elementor-section-height-default\" data-id=\"576bb9d\" data-element_type=\"section\" data-settings=\"{&quot;jet_parallax_layout_list&quot;:[]}\">\n\t\t\t\t\t\t<div class=\"elementor-container elementor-column-gap-default\">\n\t\t\t\t\t<div class=\"elementor-column elementor-col-100 elementor-top-column elementor-element elementor-element-7e599055\" data-id=\"7e599055\" data-element_type=\"column\">\n\t\t\t<div class=\"elementor-widget-wrap elementor-element-populated\">\n\t\t\t\t\t\t<div class=\"elementor-element elementor-element-7d933668 elementor-widget elementor-widget-text-editor\" data-id=\"7d933668\" data-element_type=\"widget\" data-widget_type=\"text-editor.default\">\n\t\t\t\t<div class=\"elementor-widget-container\">\n\t\t\t\t\t\t\t\t\t<div id=\"attachment_46469\" style=\"width: 1930px\" class=\"wp-caption aligncenter\"><img decoding=\"async\" aria-describedby=\"caption-attachment-46469\" class=\"wp-image-46469 size-full\" title=\"Aurora Boreal en la Pen\u00ednsula de Kola, Rusia\" src=\"https:\/\/imgcap.capturetheatlas.com\/wp-content\/uploads\/2020\/11\/Northern-Lights-photographer-of-the-year-Sergey-Korolev.jpg\" alt=\"Mejores fotos Auroras Boreales en Rusia \" width=\"1920\" height=\"1491\" srcset=\"https:\/\/imgcap.capturetheatlas.com\/wp-content\/uploads\/2020\/11\/Northern-Lights-photographer-of-the-year-Sergey-Korolev.jpg 1920w, https:\/\/imgcap.capturetheatlas.com\/wp-content\/uploads\/2020\/11\/Northern-Lights-photographer-of-the-year-Sergey-Korolev-300x233.jpg 300w, https:\/\/imgcap.capturetheatlas.com\/wp-content\/uploads\/2020\/11\/Northern-Lights-photographer-of-the-year-Sergey-Korolev-1024x795.jpg 1024w, https:\/\/imgcap.capturetheatlas.com\/wp-content\/uploads\/2020\/11\/Northern-Lights-photographer-of-the-year-Sergey-Korolev-768x596.jpg 768w, https:\/\/imgcap.capturetheatlas.com\/wp-content\/uploads\/2020\/11\/Northern-Lights-photographer-of-the-year-Sergey-Korolev-1536x1193.jpg 1536w, https:\/\/imgcap.capturetheatlas.com\/wp-content\/uploads\/2020\/11\/Northern-Lights-photographer-of-the-year-Sergey-Korolev-489x380.jpg 489w\" sizes=\"(max-width: 1920px) 100vw, 1920px\" \/><p id=\"caption-attachment-46469\" class=\"wp-caption-text\"><span style=\"color: #c7c7c7;\">\u00abDanza Celestial\u00bb &#8211; Sergey Korolev<\/span><\/p><\/div>\t\t\t\t\t\t\t\t<\/div>\n\t\t\t\t<\/div>\n\t\t\t\t\t<\/div>\n\t\t<\/div>\n\t\t\t\t\t<\/div>\n\t\t<\/section>\n\t\t\t\t<section class=\"elementor-section elementor-top-section elementor-element elementor-element-42a5058f elementor-section-boxed elementor-section-height-default elementor-section-height-default\" data-id=\"42a5058f\" data-element_type=\"section\" data-settings=\"{&quot;jet_parallax_layout_list&quot;:[]}\">\n\t\t\t\t\t\t<div class=\"elementor-container elementor-column-gap-default\">\n\t\t\t\t\t<div class=\"elementor-column elementor-col-100 elementor-top-column elementor-element elementor-element-5d25499\" data-id=\"5d25499\" data-element_type=\"column\">\n\t\t\t<div class=\"elementor-widget-wrap elementor-element-populated\">\n\t\t\t\t\t\t<div class=\"elementor-element elementor-element-4c73dc27 elementor-icon-list--layout-traditional elementor-list-item-link-full_width elementor-widget elementor-widget-icon-list\" data-id=\"4c73dc27\" data-element_type=\"widget\" data-widget_type=\"icon-list.default\">\n\t\t\t\t<div class=\"elementor-widget-container\">\n\t\t\t\t\t\t\t<ul class=\"elementor-icon-list-items\">\n\t\t\t\t\t\t\t<li class=\"elementor-icon-list-item\">\n\t\t\t\t\t\t\t\t\t\t\t<span class=\"elementor-icon-list-icon\">\n\t\t\t\t\t\t\t<i aria-hidden=\"true\" class=\"fas fa-map-pin\"><\/i>\t\t\t\t\t\t<\/span>\n\t\t\t\t\t\t\t\t\t\t<span class=\"elementor-icon-list-text\">Peninsula de Kola, Rusia<\/span>\n\t\t\t\t\t\t\t\t\t<\/li>\n\t\t\t\t\t\t<\/ul>\n\t\t\t\t\t\t<\/div>\n\t\t\t\t<\/div>\n\t\t\t\t\t<\/div>\n\t\t<\/div>\n\t\t\t\t\t<\/div>\n\t\t<\/section>\n\t\t\t\t<section class=\"elementor-section elementor-top-section elementor-element elementor-element-2e149d18 elementor-section-boxed elementor-section-height-default elementor-section-height-default\" data-id=\"2e149d18\" data-element_type=\"section\" data-settings=\"{&quot;jet_parallax_layout_list&quot;:[]}\">\n\t\t\t\t\t\t<div class=\"elementor-container elementor-column-gap-default\">\n\t\t\t\t\t<div class=\"elementor-column elementor-col-100 elementor-top-column elementor-element elementor-element-f680230\" data-id=\"f680230\" data-element_type=\"column\">\n\t\t\t<div class=\"elementor-widget-wrap elementor-element-populated\">\n\t\t\t\t\t\t<div class=\"elementor-element elementor-element-703bfb28 elementor-widget elementor-widget-text-editor\" data-id=\"703bfb28\" data-element_type=\"widget\" data-widget_type=\"text-editor.default\">\n\t\t\t\t<div class=\"elementor-widget-container\">\n\t\t\t\t\t\t\t\t\t<p style=\"text-align: justify;\"><span style=\"color: #c7c7c7;\">He estado \u201ccazando\u201d Auroras Boreales en la pen\u00ednsula rusa de Kola durante varios a\u00f1os y, a\u00fan as\u00ed, todav\u00eda sigo encontrando lugares incre\u00edbles. Encontr\u00e9 esta playa de piedra&nbsp;en la costa del Mar de Barents&nbsp;hace unos a\u00f1os. En cuanto la vi, me qued\u00e9 fascinado por la forma de las piedras, las cuales rug\u00edan con el estruendo de&nbsp;las&nbsp;olas del mar.<\/span><\/p>\n<p style=\"text-align: justify;\"><span style=\"color: #c7c7c7;\">Visit\u00e9 esta localizaci\u00f3n en numerosas ocasiones hasta que se dieron las condiciones ideales para conseguir esta imagen.<\/span><\/p>\n<p style=\"text-align: justify;\"><span style=\"color: #c7c7c7;\">La foto es muy simple y consiste en dos disparos, una exposici\u00f3n corta para congelar el&nbsp;movimiento de la&nbsp;Aurora en el cielo, y otra m\u00e1s larga&nbsp;para sacar la m\u00e1xima calidad en las rocas.<\/span><\/p>\t\t\t\t\t\t\t\t<\/div>\n\t\t\t\t<\/div>\n\t\t\t\t\t<\/div>\n\t\t<\/div>\n\t\t\t\t\t<\/div>\n\t\t<\/section>\n\t\t\t\t<section class=\"elementor-section elementor-top-section elementor-element elementor-element-2268aa0f elementor-section-boxed elementor-section-height-default elementor-section-height-default\" data-id=\"2268aa0f\" data-element_type=\"section\" data-settings=\"{&quot;jet_parallax_layout_list&quot;:[]}\">\n\t\t\t\t\t\t<div class=\"elementor-container elementor-column-gap-default\">\n\t\t\t\t\t<div class=\"elementor-column elementor-col-100 elementor-top-column elementor-element elementor-element-6548956b\" data-id=\"6548956b\" data-element_type=\"column\">\n\t\t\t<div class=\"elementor-widget-wrap elementor-element-populated\">\n\t\t\t\t\t\t<div class=\"elementor-element elementor-element-364d48a0 elementor-shape-circle elementor-grid-0 e-grid-align-center elementor-widget elementor-widget-social-icons\" data-id=\"364d48a0\" data-element_type=\"widget\" data-widget_type=\"social-icons.default\">\n\t\t\t\t<div class=\"elementor-widget-container\">\n\t\t\t\t\t\t\t<div class=\"elementor-social-icons-wrapper elementor-grid\" role=\"list\">\n\t\t\t\t\t\t\t<span class=\"elementor-grid-item\" role=\"listitem\">\n\t\t\t\t\t<a class=\"elementor-icon elementor-social-icon elementor-social-icon-rss elementor-repeater-item-7af8f5a\" href=\"http:\/\/nordtrails.com\/tour\/\" target=\"_blank\" rel=\"nofollow\">\n\t\t\t\t\t\t<span class=\"elementor-screen-only\">Rss<\/span>\n\t\t\t\t\t\t<i class=\"fas fa-rss\"><\/i>\t\t\t\t\t<\/a>\n\t\t\t\t<\/span>\n\t\t\t\t\t\t\t<span class=\"elementor-grid-item\" role=\"listitem\">\n\t\t\t\t\t<a class=\"elementor-icon elementor-social-icon elementor-social-icon-instagram elementor-repeater-item-e5ee254\" href=\"https:\/\/www.instagram.com\/ksergart\/\" target=\"_blank\" rel=\"nofollow\">\n\t\t\t\t\t\t<span class=\"elementor-screen-only\">Instagram<\/span>\n\t\t\t\t\t\t<i class=\"fab fa-instagram\"><\/i>\t\t\t\t\t<\/a>\n\t\t\t\t<\/span>\n\t\t\t\t\t\t\t<span class=\"elementor-grid-item\" role=\"listitem\">\n\t\t\t\t\t<a class=\"elementor-icon elementor-social-icon elementor-social-icon-facebook-f elementor-repeater-item-3a8a7fe\" href=\"https:\/\/www.facebook.com\/nordtrails\/\" target=\"_blank\" rel=\"nofollow\">\n\t\t\t\t\t\t<span class=\"elementor-screen-only\">Facebook-f<\/span>\n\t\t\t\t\t\t<i class=\"fab fa-facebook-f\"><\/i>\t\t\t\t\t<\/a>\n\t\t\t\t<\/span>\n\t\t\t\t\t\t\t<span class=\"elementor-grid-item\" role=\"listitem\">\n\t\t\t\t\t<a class=\"elementor-icon elementor-social-icon elementor-social-icon-vk elementor-repeater-item-e2217ef\" href=\"https:\/\/vk.com\/ksergart\" target=\"_blank\" rel=\"nofollow\">\n\t\t\t\t\t\t<span class=\"elementor-screen-only\">Vk<\/span>\n\t\t\t\t\t\t<i class=\"fab fa-vk\"><\/i>\t\t\t\t\t<\/a>\n\t\t\t\t<\/span>\n\t\t\t\t\t<\/div>\n\t\t\t\t\t\t<\/div>\n\t\t\t\t<\/div>\n\t\t\t\t\t<\/div>\n\t\t<\/div>\n\t\t\t\t\t<\/div>\n\t\t<\/section>\n\t\t\t\t<\/div>\n\t\t<\/p><p>\t\t<div data-elementor-type=\"wp-post\" data-elementor-id=\"51004\" class=\"elementor elementor-51004\" data-elementor-post-type=\"ae_global_templates\">\n\t\t\t\t\t\t<section class=\"elementor-section elementor-top-section elementor-element elementor-element-3fb0dd3c elementor-section-boxed elementor-section-height-default elementor-section-height-default\" data-id=\"3fb0dd3c\" data-element_type=\"section\" data-settings=\"{&quot;jet_parallax_layout_list&quot;:[]}\">\n\t\t\t\t\t\t<div class=\"elementor-container elementor-column-gap-default\">\n\t\t\t\t\t<div class=\"elementor-column elementor-col-100 elementor-top-column elementor-element elementor-element-313a5dda\" data-id=\"313a5dda\" data-element_type=\"column\">\n\t\t\t<div class=\"elementor-widget-wrap elementor-element-populated\">\n\t\t\t\t\t\t<div class=\"elementor-element elementor-element-4a2b7cbb elementor-widget elementor-widget-text-editor\" data-id=\"4a2b7cbb\" data-element_type=\"widget\" data-widget_type=\"text-editor.default\">\n\t\t\t\t<div class=\"elementor-widget-container\">\n\t\t\t\t\t\t\t\t\t<h2><span style=\"color: #c7c7c7;\">\u00abthe Hunt&#8217;s Reward\u00bb &#8211;\u00a0<\/span><span style=\"color: #c7c7c7;\"><span style=\"caret-color: #c7c7c7;\">Ben MAze<\/span><\/span><\/h2>\t\t\t\t\t\t\t\t<\/div>\n\t\t\t\t<\/div>\n\t\t\t\t\t<\/div>\n\t\t<\/div>\n\t\t\t\t\t<\/div>\n\t\t<\/section>\n\t\t\t\t<section class=\"elementor-section elementor-top-section elementor-element elementor-element-629d471c elementor-section-boxed elementor-section-height-default elementor-section-height-default\" data-id=\"629d471c\" data-element_type=\"section\" data-settings=\"{&quot;jet_parallax_layout_list&quot;:[]}\">\n\t\t\t\t\t\t<div class=\"elementor-container elementor-column-gap-default\">\n\t\t\t\t\t<div class=\"elementor-column elementor-col-100 elementor-top-column elementor-element elementor-element-20b6a2ca\" data-id=\"20b6a2ca\" data-element_type=\"column\">\n\t\t\t<div class=\"elementor-widget-wrap elementor-element-populated\">\n\t\t\t\t\t\t<div class=\"elementor-element elementor-element-70aa0d0d elementor-widget elementor-widget-text-editor\" data-id=\"70aa0d0d\" data-element_type=\"widget\" data-widget_type=\"text-editor.default\">\n\t\t\t\t<div class=\"elementor-widget-container\">\n\t\t\t\t\t\t\t\t\t<div id=\"attachment_46443\" style=\"width: 1930px\" class=\"wp-caption aligncenter\"><img decoding=\"async\" aria-describedby=\"caption-attachment-46443\" class=\"wp-image-46443 size-full\" title=\"Best Southern Lights images Australia\" src=\"https:\/\/imgcap.capturetheatlas.com\/wp-content\/uploads\/2020\/11\/Best-Aurora-Australis-images-Ben-Maze.jpg\" alt=\"Aurora Australis over Tasmania\" width=\"1920\" height=\"1440\" srcset=\"https:\/\/imgcap.capturetheatlas.com\/wp-content\/uploads\/2020\/11\/Best-Aurora-Australis-images-Ben-Maze.jpg 1920w, https:\/\/imgcap.capturetheatlas.com\/wp-content\/uploads\/2020\/11\/Best-Aurora-Australis-images-Ben-Maze-300x225.jpg 300w, https:\/\/imgcap.capturetheatlas.com\/wp-content\/uploads\/2020\/11\/Best-Aurora-Australis-images-Ben-Maze-1024x768.jpg 1024w, https:\/\/imgcap.capturetheatlas.com\/wp-content\/uploads\/2020\/11\/Best-Aurora-Australis-images-Ben-Maze-768x576.jpg 768w, https:\/\/imgcap.capturetheatlas.com\/wp-content\/uploads\/2020\/11\/Best-Aurora-Australis-images-Ben-Maze-1536x1152.jpg 1536w, https:\/\/imgcap.capturetheatlas.com\/wp-content\/uploads\/2020\/11\/Best-Aurora-Australis-images-Ben-Maze-507x380.jpg 507w\" sizes=\"(max-width: 1920px) 100vw, 1920px\" \/><p id=\"caption-attachment-46443\" class=\"wp-caption-text\"><span style=\"color: #c7c7c7;\">\u00abThe Hunt&#8217;s Reward\u00bb &#8211; Ben Maze <\/span><\/p><\/div>\t\t\t\t\t\t\t\t<\/div>\n\t\t\t\t<\/div>\n\t\t\t\t\t<\/div>\n\t\t<\/div>\n\t\t\t\t\t<\/div>\n\t\t<\/section>\n\t\t\t\t<section class=\"elementor-section elementor-top-section elementor-element elementor-element-5801020e elementor-section-boxed elementor-section-height-default elementor-section-height-default\" data-id=\"5801020e\" data-element_type=\"section\" data-settings=\"{&quot;jet_parallax_layout_list&quot;:[]}\">\n\t\t\t\t\t\t<div class=\"elementor-container elementor-column-gap-default\">\n\t\t\t\t\t<div class=\"elementor-column elementor-col-100 elementor-top-column elementor-element elementor-element-5e453819\" data-id=\"5e453819\" data-element_type=\"column\">\n\t\t\t<div class=\"elementor-widget-wrap elementor-element-populated\">\n\t\t\t\t\t\t<div class=\"elementor-element elementor-element-739b0de8 elementor-icon-list--layout-traditional elementor-list-item-link-full_width elementor-widget elementor-widget-icon-list\" data-id=\"739b0de8\" data-element_type=\"widget\" data-widget_type=\"icon-list.default\">\n\t\t\t\t<div class=\"elementor-widget-container\">\n\t\t\t\t\t\t\t<ul class=\"elementor-icon-list-items\">\n\t\t\t\t\t\t\t<li class=\"elementor-icon-list-item\">\n\t\t\t\t\t\t\t\t\t\t\t<span class=\"elementor-icon-list-icon\">\n\t\t\t\t\t\t\t<i aria-hidden=\"true\" class=\"fas fa-map-pin\"><\/i>\t\t\t\t\t\t<\/span>\n\t\t\t\t\t\t\t\t\t\t<span class=\"elementor-icon-list-text\">Tasmania, Australia<\/span>\n\t\t\t\t\t\t\t\t\t<\/li>\n\t\t\t\t\t\t<\/ul>\n\t\t\t\t\t\t<\/div>\n\t\t\t\t<\/div>\n\t\t\t\t\t<\/div>\n\t\t<\/div>\n\t\t\t\t\t<\/div>\n\t\t<\/section>\n\t\t\t\t<section class=\"elementor-section elementor-top-section elementor-element elementor-element-174e5c9a elementor-section-boxed elementor-section-height-default elementor-section-height-default\" data-id=\"174e5c9a\" data-element_type=\"section\" data-settings=\"{&quot;jet_parallax_layout_list&quot;:[]}\">\n\t\t\t\t\t\t<div class=\"elementor-container elementor-column-gap-default\">\n\t\t\t\t\t<div class=\"elementor-column elementor-col-100 elementor-top-column elementor-element elementor-element-23150b2d\" data-id=\"23150b2d\" data-element_type=\"column\">\n\t\t\t<div class=\"elementor-widget-wrap elementor-element-populated\">\n\t\t\t\t\t\t<div class=\"elementor-element elementor-element-5f92beef elementor-widget elementor-widget-text-editor\" data-id=\"5f92beef\" data-element_type=\"widget\" data-widget_type=\"text-editor.default\">\n\t\t\t\t<div class=\"elementor-widget-container\">\n\t\t\t\t\t\t\t\t\t<p style=\"text-align: justify;\"><span style=\"color: #c7c7c7;\">He tenido la incre\u00edble fortuna de poder ver la Aurora&nbsp;<span style=\"caret-color: #c7c7c7;\">Austral&nbsp;<\/span>dos veces durante dos viajes fotogr\u00e1ficos a Tasmania.&nbsp;<\/span><\/p>\n<p style=\"text-align: justify;\"><span style=\"color: #c7c7c7;\">En esta imagen, puedes ver una trifecta de fen\u00f3menos astron\u00f3micos que dieron lugar a las mejores condiciones para astrofotograf\u00eda que se pueden presenciar en Australia, entre ellas; el centro gal\u00e1ctico de la V\u00eda L\u00e1ctea, la luz zodiacal y, por supuesto, la escurridiza \u00abAurora Australis\u00bb. Adem\u00e1s de esto, en el&nbsp;agua hab\u00eda un espect\u00e1culo de bioluminiscencia oce\u00e1nica pintando el mar de azul, siendo la guinda del pastel de lo que ya era una experiencia impresionante.<\/span><\/p>\n<p style=\"text-align: justify;\"><span style=\"color: #c7c7c7;\">Despu\u00e9s de haber estado lejos de la civilizaci\u00f3n y sin cobertura durante m\u00e1s de un d\u00eda, el fot\u00f3grafo Luke Tscharke y yo no ten\u00edamos idea de que la aurora atacar\u00eda esa noche. Acab\u00e1bamos de escuchar rumores de una posible tormenta solar. Apenas pudimos contener nuestra emoci\u00f3n cuando las luces aparecieron por primera vez en las pantallas de nuestra c\u00e1mara. M\u00e1s tarde nos dimos cuenta de que est\u00e1bamos en el mejor lugar de todo el continente para presenciar este raro espect\u00e1culo ya que est\u00e1bamos en Lion Rock, el cabo m\u00e1s al sur de Tasmania.<\/span><\/p>\n<p style=\"text-align: justify;\"><font color=\"#c7c7c7\">Los colores que captaron nuestras c\u00e1maras tambi\u00e9n fueron incre\u00edbles. En lugar del verde cl\u00e1sico, los colores iban desde el amarillo y el naranja hasta el rosa y el morado. Cuando captur\u00e9 suficientes fotos con las que ya&nbsp;<span style=\"caret-color: rgb(199, 199, 199);\">estaba<\/span>&nbsp;contento, simplemente me qued\u00e9 de pie junto a mi c\u00e1mara con la cabeza inclinada hacia el cielo disfrutando del espect\u00e1culo. Siempre estar\u00e9 agradecido por poder pasar momentos en la naturaleza como este que nos muestran las verdaderas maravillas de nuestro planeta.<\/font><\/p>\n<p style=\"text-align: justify;\">\n<\/p>\t\t\t\t\t\t\t\t<\/div>\n\t\t\t\t<\/div>\n\t\t\t\t\t<\/div>\n\t\t<\/div>\n\t\t\t\t\t<\/div>\n\t\t<\/section>\n\t\t\t\t<section class=\"elementor-section elementor-top-section elementor-element elementor-element-736a6da0 elementor-section-boxed elementor-section-height-default elementor-section-height-default\" data-id=\"736a6da0\" data-element_type=\"section\" data-settings=\"{&quot;jet_parallax_layout_list&quot;:[]}\">\n\t\t\t\t\t\t<div class=\"elementor-container elementor-column-gap-default\">\n\t\t\t\t\t<div class=\"elementor-column elementor-col-100 elementor-top-column elementor-element elementor-element-5c54180b\" data-id=\"5c54180b\" data-element_type=\"column\">\n\t\t\t<div class=\"elementor-widget-wrap elementor-element-populated\">\n\t\t\t\t\t\t<div class=\"elementor-element elementor-element-66e87991 elementor-shape-circle elementor-grid-0 e-grid-align-center elementor-widget elementor-widget-social-icons\" data-id=\"66e87991\" data-element_type=\"widget\" data-widget_type=\"social-icons.default\">\n\t\t\t\t<div class=\"elementor-widget-container\">\n\t\t\t\t\t\t\t<div class=\"elementor-social-icons-wrapper elementor-grid\" role=\"list\">\n\t\t\t\t\t\t\t<span class=\"elementor-grid-item\" role=\"listitem\">\n\t\t\t\t\t<a class=\"elementor-icon elementor-social-icon elementor-social-icon-rss elementor-repeater-item-7af8f5a\" href=\"https:\/\/www.benmazefineart.com\" target=\"_blank\" rel=\"nofollow\">\n\t\t\t\t\t\t<span class=\"elementor-screen-only\">Rss<\/span>\n\t\t\t\t\t\t<i class=\"fas fa-rss\"><\/i>\t\t\t\t\t<\/a>\n\t\t\t\t<\/span>\n\t\t\t\t\t\t\t<span class=\"elementor-grid-item\" role=\"listitem\">\n\t\t\t\t\t<a class=\"elementor-icon elementor-social-icon elementor-social-icon-instagram elementor-repeater-item-e5ee254\" href=\"https:\/\/www.instagram.com\/benjamin.maze\/\" target=\"_blank\" rel=\"nofollow\">\n\t\t\t\t\t\t<span class=\"elementor-screen-only\">Instagram<\/span>\n\t\t\t\t\t\t<i class=\"fab fa-instagram\"><\/i>\t\t\t\t\t<\/a>\n\t\t\t\t<\/span>\n\t\t\t\t\t\t\t<span class=\"elementor-grid-item\" role=\"listitem\">\n\t\t\t\t\t<a class=\"elementor-icon elementor-social-icon elementor-social-icon-facebook-f elementor-repeater-item-3a8a7fe\" href=\"https:\/\/www.facebook.com\/BenMazeFineArt\/\" target=\"_blank\" rel=\"nofollow\">\n\t\t\t\t\t\t<span class=\"elementor-screen-only\">Facebook-f<\/span>\n\t\t\t\t\t\t<i class=\"fab fa-facebook-f\"><\/i>\t\t\t\t\t<\/a>\n\t\t\t\t<\/span>\n\t\t\t\t\t\t\t<span class=\"elementor-grid-item\" role=\"listitem\">\n\t\t\t\t\t<a class=\"elementor-icon elementor-social-icon elementor-social-icon-500px elementor-repeater-item-e2217ef\" href=\"https:\/\/500px.com\/p\/benmaze?view=photos\" target=\"_blank\" rel=\"nofollow\">\n\t\t\t\t\t\t<span class=\"elementor-screen-only\">500px<\/span>\n\t\t\t\t\t\t<i class=\"fab fa-500px\"><\/i>\t\t\t\t\t<\/a>\n\t\t\t\t<\/span>\n\t\t\t\t\t<\/div>\n\t\t\t\t\t\t<\/div>\n\t\t\t\t<\/div>\n\t\t\t\t\t<\/div>\n\t\t<\/div>\n\t\t\t\t\t<\/div>\n\t\t<\/section>\n\t\t\t\t<\/div>\n\t\t<\/p><p>\t\t<div data-elementor-type=\"wp-post\" data-elementor-id=\"47773\" class=\"elementor elementor-47773 elementor-47276\" data-elementor-post-type=\"ae_global_templates\">\n\t\t\t\t\t\t<section class=\"elementor-section elementor-top-section elementor-element elementor-element-29ec2fa elementor-section-boxed elementor-section-height-default elementor-section-height-default\" data-id=\"29ec2fa\" data-element_type=\"section\" data-settings=\"{&quot;jet_parallax_layout_list&quot;:[]}\">\n\t\t\t\t\t\t<div class=\"elementor-container elementor-column-gap-default\">\n\t\t\t\t\t<div class=\"elementor-column elementor-col-100 elementor-top-column elementor-element elementor-element-4e2f4030\" data-id=\"4e2f4030\" data-element_type=\"column\">\n\t\t\t<div class=\"elementor-widget-wrap elementor-element-populated\">\n\t\t\t\t\t\t<div class=\"elementor-element elementor-element-2f16fdcf elementor-widget elementor-widget-text-editor\" data-id=\"2f16fdcf\" data-element_type=\"widget\" data-widget_type=\"text-editor.default\">\n\t\t\t\t<div class=\"elementor-widget-container\">\n\t\t\t\t\t\t\t\t\t<h2><span style=\"color: #c7c7c7;\">\u00abHuevos de Drag\u00f3n\u00bb &#8211; Roksolyana Hilevych<\/span><\/h2>\t\t\t\t\t\t\t\t<\/div>\n\t\t\t\t<\/div>\n\t\t\t\t\t<\/div>\n\t\t<\/div>\n\t\t\t\t\t<\/div>\n\t\t<\/section>\n\t\t\t\t<section class=\"elementor-section elementor-top-section elementor-element elementor-element-1b493ecb elementor-section-boxed elementor-section-height-default elementor-section-height-default\" data-id=\"1b493ecb\" data-element_type=\"section\" data-settings=\"{&quot;jet_parallax_layout_list&quot;:[]}\">\n\t\t\t\t\t\t<div class=\"elementor-container elementor-column-gap-default\">\n\t\t\t\t\t<div class=\"elementor-column elementor-col-100 elementor-top-column elementor-element elementor-element-2b8d59c2\" data-id=\"2b8d59c2\" data-element_type=\"column\">\n\t\t\t<div class=\"elementor-widget-wrap elementor-element-populated\">\n\t\t\t\t\t\t<div class=\"elementor-element elementor-element-1e3509c7 elementor-widget elementor-widget-text-editor\" data-id=\"1e3509c7\" data-element_type=\"widget\" data-widget_type=\"text-editor.default\">\n\t\t\t\t<div class=\"elementor-widget-container\">\n\t\t\t\t\t\t\t\t\t<div id=\"attachment_46467\" style=\"width: 477px\" class=\"wp-caption aligncenter\"><img decoding=\"async\" aria-describedby=\"caption-attachment-46467\" class=\"wp-image-46467\" title=\"Auroras Boreales en Noruega\" src=\"https:\/\/imgcap.capturetheatlas.com\/wp-content\/uploads\/2020\/11\/Northern-Lights-photographer-of-the-year-Roksolyana-Hilevych.jpg\" alt=\"Mejores im\u00e1genes de Auroras Boreales en Lofoten\" width=\"467\" height=\"700\" srcset=\"https:\/\/imgcap.capturetheatlas.com\/wp-content\/uploads\/2020\/11\/Northern-Lights-photographer-of-the-year-Roksolyana-Hilevych.jpg 720w, https:\/\/imgcap.capturetheatlas.com\/wp-content\/uploads\/2020\/11\/Northern-Lights-photographer-of-the-year-Roksolyana-Hilevych-200x300.jpg 200w, https:\/\/imgcap.capturetheatlas.com\/wp-content\/uploads\/2020\/11\/Northern-Lights-photographer-of-the-year-Roksolyana-Hilevych-683x1024.jpg 683w, https:\/\/imgcap.capturetheatlas.com\/wp-content\/uploads\/2020\/11\/Northern-Lights-photographer-of-the-year-Roksolyana-Hilevych-253x380.jpg 253w\" sizes=\"(max-width: 467px) 100vw, 467px\" \/><p id=\"caption-attachment-46467\" class=\"wp-caption-text\"><span style=\"color: #c7c7c7;\">\u00abHuevos de Drag\u00f3n\u00bb &#8211; Roksolyana Hilevych <\/span><\/p><\/div>\t\t\t\t\t\t\t\t<\/div>\n\t\t\t\t<\/div>\n\t\t\t\t\t<\/div>\n\t\t<\/div>\n\t\t\t\t\t<\/div>\n\t\t<\/section>\n\t\t\t\t<section class=\"elementor-section elementor-top-section elementor-element elementor-element-3f4c2222 elementor-section-boxed elementor-section-height-default elementor-section-height-default\" data-id=\"3f4c2222\" data-element_type=\"section\" data-settings=\"{&quot;jet_parallax_layout_list&quot;:[]}\">\n\t\t\t\t\t\t<div class=\"elementor-container elementor-column-gap-default\">\n\t\t\t\t\t<div class=\"elementor-column elementor-col-100 elementor-top-column elementor-element elementor-element-4bf2482d\" data-id=\"4bf2482d\" data-element_type=\"column\">\n\t\t\t<div class=\"elementor-widget-wrap elementor-element-populated\">\n\t\t\t\t\t\t<div class=\"elementor-element elementor-element-fa7e82e elementor-icon-list--layout-traditional elementor-list-item-link-full_width elementor-widget elementor-widget-icon-list\" data-id=\"fa7e82e\" data-element_type=\"widget\" data-widget_type=\"icon-list.default\">\n\t\t\t\t<div class=\"elementor-widget-container\">\n\t\t\t\t\t\t\t<ul class=\"elementor-icon-list-items\">\n\t\t\t\t\t\t\t<li class=\"elementor-icon-list-item\">\n\t\t\t\t\t\t\t\t\t\t\t<span class=\"elementor-icon-list-icon\">\n\t\t\t\t\t\t\t<i aria-hidden=\"true\" class=\"fas fa-map-pin\"><\/i>\t\t\t\t\t\t<\/span>\n\t\t\t\t\t\t\t\t\t\t<span class=\"elementor-icon-list-text\">Islas Lofoten, Noruega<\/span>\n\t\t\t\t\t\t\t\t\t<\/li>\n\t\t\t\t\t\t<\/ul>\n\t\t\t\t\t\t<\/div>\n\t\t\t\t<\/div>\n\t\t\t\t\t<\/div>\n\t\t<\/div>\n\t\t\t\t\t<\/div>\n\t\t<\/section>\n\t\t\t\t<section class=\"elementor-section elementor-top-section elementor-element elementor-element-19357497 elementor-section-boxed elementor-section-height-default elementor-section-height-default\" data-id=\"19357497\" data-element_type=\"section\" data-settings=\"{&quot;jet_parallax_layout_list&quot;:[]}\">\n\t\t\t\t\t\t<div class=\"elementor-container elementor-column-gap-default\">\n\t\t\t\t\t<div class=\"elementor-column elementor-col-100 elementor-top-column elementor-element elementor-element-7b6946e3\" data-id=\"7b6946e3\" data-element_type=\"column\">\n\t\t\t<div class=\"elementor-widget-wrap elementor-element-populated\">\n\t\t\t\t\t\t<div class=\"elementor-element elementor-element-30a122e elementor-widget elementor-widget-text-editor\" data-id=\"30a122e\" data-element_type=\"widget\" data-widget_type=\"text-editor.default\">\n\t\t\t\t<div class=\"elementor-widget-container\">\n\t\t\t\t\t\t\t\t\t<p style=\"text-align: justify;\"><span style=\"color: #c7c7c7;\">Encontr\u00e9 este lugar apenas conocido en las islas Lofoten mientras viajaba alrededor de las islas Gimsoya.<\/span><\/p>\n<p style=\"text-align: justify;\"><span style=\"color: #c7c7c7;\">Esa noche era muy fr\u00eda,&nbsp;con&nbsp;temperaturas&nbsp;que&nbsp;alcanzaban varios grados bajo cero.&nbsp;Fue probablemente uno de los mejores&nbsp;espect\u00e1culos de Auroras Boreales que he podido vivir, ya que en un lugar as\u00ed,&nbsp;no&nbsp;es&nbsp;f\u00e1cil encontrar primeros planos tan m\u00e1gicos con fuertes Auroras Boreales bailando durante toda la noche.<\/span><\/p>\n<p style=\"text-align: justify;\"><span style=\"color: #c7c7c7;\">Para esta foto,&nbsp;hice&nbsp;un&nbsp;\u201cfocus stacking\u201d de tres im\u00e1genes; dos para el primer plano&nbsp;a&nbsp;f\/8, 10s,&nbsp;ISO&nbsp;400&nbsp;y una para el&nbsp;cielo&nbsp;a&nbsp;f\/4, 2s y&nbsp;ISO&nbsp;640.<\/span><\/p>\t\t\t\t\t\t\t\t<\/div>\n\t\t\t\t<\/div>\n\t\t\t\t\t<\/div>\n\t\t<\/div>\n\t\t\t\t\t<\/div>\n\t\t<\/section>\n\t\t\t\t<section class=\"elementor-section elementor-top-section elementor-element elementor-element-2f0ba9e7 elementor-section-boxed elementor-section-height-default elementor-section-height-default\" data-id=\"2f0ba9e7\" data-element_type=\"section\" data-settings=\"{&quot;jet_parallax_layout_list&quot;:[]}\">\n\t\t\t\t\t\t<div class=\"elementor-container elementor-column-gap-default\">\n\t\t\t\t\t<div class=\"elementor-column elementor-col-100 elementor-top-column elementor-element elementor-element-6b0a68c6\" data-id=\"6b0a68c6\" data-element_type=\"column\">\n\t\t\t<div class=\"elementor-widget-wrap elementor-element-populated\">\n\t\t\t\t\t\t<div class=\"elementor-element elementor-element-54559124 elementor-shape-circle elementor-grid-0 e-grid-align-center elementor-widget elementor-widget-social-icons\" data-id=\"54559124\" data-element_type=\"widget\" data-widget_type=\"social-icons.default\">\n\t\t\t\t<div class=\"elementor-widget-container\">\n\t\t\t\t\t\t\t<div class=\"elementor-social-icons-wrapper elementor-grid\" role=\"list\">\n\t\t\t\t\t\t\t<span class=\"elementor-grid-item\" role=\"listitem\">\n\t\t\t\t\t<a class=\"elementor-icon elementor-social-icon elementor-social-icon-instagram elementor-repeater-item-e5ee254\" href=\"https:\/\/www.instagram.com\/roksolyana_hilevych\/\" target=\"_blank\" rel=\"nofollow\">\n\t\t\t\t\t\t<span class=\"elementor-screen-only\">Instagram<\/span>\n\t\t\t\t\t\t<i class=\"fab fa-instagram\"><\/i>\t\t\t\t\t<\/a>\n\t\t\t\t<\/span>\n\t\t\t\t\t\t\t<span class=\"elementor-grid-item\" role=\"listitem\">\n\t\t\t\t\t<a class=\"elementor-icon elementor-social-icon elementor-social-icon-facebook-f elementor-repeater-item-3a8a7fe\" href=\"https:\/\/m.facebook.com\/roksolyanahilevychphotography\/\" target=\"_blank\" rel=\"nofollow\">\n\t\t\t\t\t\t<span class=\"elementor-screen-only\">Facebook-f<\/span>\n\t\t\t\t\t\t<i class=\"fab fa-facebook-f\"><\/i>\t\t\t\t\t<\/a>\n\t\t\t\t<\/span>\n\t\t\t\t\t\t\t<span class=\"elementor-grid-item\" role=\"listitem\">\n\t\t\t\t\t<a class=\"elementor-icon elementor-social-icon elementor-social-icon-500px elementor-repeater-item-e2217ef\" href=\"https:\/\/500px.com\/p\/roksolyanahilevych?view=photos\" target=\"_blank\" rel=\"nofollow\">\n\t\t\t\t\t\t<span class=\"elementor-screen-only\">500px<\/span>\n\t\t\t\t\t\t<i class=\"fab fa-500px\"><\/i>\t\t\t\t\t<\/a>\n\t\t\t\t<\/span>\n\t\t\t\t\t<\/div>\n\t\t\t\t\t\t<\/div>\n\t\t\t\t<\/div>\n\t\t\t\t\t<\/div>\n\t\t<\/div>\n\t\t\t\t\t<\/div>\n\t\t<\/section>\n\t\t\t\t<\/div>\n\t\t<\/p><p>\t\t<div data-elementor-type=\"wp-post\" data-elementor-id=\"47757\" class=\"elementor elementor-47757 elementor-47261\" data-elementor-post-type=\"ae_global_templates\">\n\t\t\t\t\t\t<section class=\"elementor-section elementor-top-section elementor-element elementor-element-4d445625 elementor-section-boxed elementor-section-height-default elementor-section-height-default\" data-id=\"4d445625\" data-element_type=\"section\" data-settings=\"{&quot;jet_parallax_layout_list&quot;:[]}\">\n\t\t\t\t\t\t<div class=\"elementor-container elementor-column-gap-default\">\n\t\t\t\t\t<div class=\"elementor-column elementor-col-100 elementor-top-column elementor-element elementor-element-6f46a130\" data-id=\"6f46a130\" data-element_type=\"column\">\n\t\t\t<div class=\"elementor-widget-wrap elementor-element-populated\">\n\t\t\t\t\t\t<div class=\"elementor-element elementor-element-3ccf8599 elementor-widget elementor-widget-text-editor\" data-id=\"3ccf8599\" data-element_type=\"widget\" data-widget_type=\"text-editor.default\">\n\t\t\t\t<div class=\"elementor-widget-container\">\n\t\t\t\t\t\t\t\t\t<h2><span style=\"color: #c7c7c7;\">\u00abNoche ant\u00e1rtica\u00bb &#8211; Benjamin Eberhardt<\/span><\/h2>\t\t\t\t\t\t\t\t<\/div>\n\t\t\t\t<\/div>\n\t\t\t\t\t<\/div>\n\t\t<\/div>\n\t\t\t\t\t<\/div>\n\t\t<\/section>\n\t\t\t\t<section class=\"elementor-section elementor-top-section elementor-element elementor-element-4c672c85 elementor-section-boxed elementor-section-height-default elementor-section-height-default\" data-id=\"4c672c85\" data-element_type=\"section\" data-settings=\"{&quot;jet_parallax_layout_list&quot;:[]}\">\n\t\t\t\t\t\t<div class=\"elementor-container elementor-column-gap-default\">\n\t\t\t\t\t<div class=\"elementor-column elementor-col-100 elementor-top-column elementor-element elementor-element-4869787d\" data-id=\"4869787d\" data-element_type=\"column\">\n\t\t\t<div class=\"elementor-widget-wrap elementor-element-populated\">\n\t\t\t\t\t\t<div class=\"elementor-element elementor-element-3871a122 elementor-widget elementor-widget-text-editor\" data-id=\"3871a122\" data-element_type=\"widget\" data-widget_type=\"text-editor.default\">\n\t\t\t\t<div class=\"elementor-widget-container\">\n\t\t\t\t\t\t\t\t\t<div id=\"attachment_46439\" style=\"width: 1929px\" class=\"wp-caption aligncenter\"><img decoding=\"async\" aria-describedby=\"caption-attachment-46439\" class=\"wp-image-46439 size-full\" title=\"Mejores fotograf\u00edas Aurora Austral Ant\u00e1rtida\" src=\"https:\/\/imgcap.capturetheatlas.com\/wp-content\/uploads\/2020\/11\/Aurora-photographer-of-the-year-Benjamin-Eberhardt.jpg\" alt=\"Aurora Australis en la Ant\u00e1rtidda\" width=\"1919\" height=\"1080\" srcset=\"https:\/\/imgcap.capturetheatlas.com\/wp-content\/uploads\/2020\/11\/Aurora-photographer-of-the-year-Benjamin-Eberhardt.jpg 1919w, https:\/\/imgcap.capturetheatlas.com\/wp-content\/uploads\/2020\/11\/Aurora-photographer-of-the-year-Benjamin-Eberhardt-300x169.jpg 300w, https:\/\/imgcap.capturetheatlas.com\/wp-content\/uploads\/2020\/11\/Aurora-photographer-of-the-year-Benjamin-Eberhardt-1024x576.jpg 1024w, https:\/\/imgcap.capturetheatlas.com\/wp-content\/uploads\/2020\/11\/Aurora-photographer-of-the-year-Benjamin-Eberhardt-768x432.jpg 768w, https:\/\/imgcap.capturetheatlas.com\/wp-content\/uploads\/2020\/11\/Aurora-photographer-of-the-year-Benjamin-Eberhardt-1536x864.jpg 1536w, https:\/\/imgcap.capturetheatlas.com\/wp-content\/uploads\/2020\/11\/Aurora-photographer-of-the-year-Benjamin-Eberhardt-675x380.jpg 675w\" sizes=\"(max-width: 1919px) 100vw, 1919px\" \/><p id=\"caption-attachment-46439\" class=\"wp-caption-text\"><span style=\"color: #c7c7c7;\">\u00abNoche Ant\u00e1rtica\u00bb &#8211; Benjamin Eberhardt<\/span><\/p><\/div>\t\t\t\t\t\t\t\t<\/div>\n\t\t\t\t<\/div>\n\t\t\t\t\t<\/div>\n\t\t<\/div>\n\t\t\t\t\t<\/div>\n\t\t<\/section>\n\t\t\t\t<section class=\"elementor-section elementor-top-section elementor-element elementor-element-10af1b94 elementor-section-boxed elementor-section-height-default elementor-section-height-default\" data-id=\"10af1b94\" data-element_type=\"section\" data-settings=\"{&quot;jet_parallax_layout_list&quot;:[]}\">\n\t\t\t\t\t\t<div class=\"elementor-container elementor-column-gap-default\">\n\t\t\t\t\t<div class=\"elementor-column elementor-col-100 elementor-top-column elementor-element elementor-element-201669ba\" data-id=\"201669ba\" data-element_type=\"column\">\n\t\t\t<div class=\"elementor-widget-wrap elementor-element-populated\">\n\t\t\t\t\t\t<div class=\"elementor-element elementor-element-1d96961b elementor-icon-list--layout-traditional elementor-list-item-link-full_width elementor-widget elementor-widget-icon-list\" data-id=\"1d96961b\" data-element_type=\"widget\" data-widget_type=\"icon-list.default\">\n\t\t\t\t<div class=\"elementor-widget-container\">\n\t\t\t\t\t\t\t<ul class=\"elementor-icon-list-items\">\n\t\t\t\t\t\t\t<li class=\"elementor-icon-list-item\">\n\t\t\t\t\t\t\t\t\t\t\t<span class=\"elementor-icon-list-icon\">\n\t\t\t\t\t\t\t<i aria-hidden=\"true\" class=\"fas fa-map-pin\"><\/i>\t\t\t\t\t\t<\/span>\n\t\t\t\t\t\t\t\t\t\t<span class=\"elementor-icon-list-text\">Observatorio de Neutrinos \u00abIce Cube\u00bb &#8211; Ant\u00e1rtida<\/span>\n\t\t\t\t\t\t\t\t\t<\/li>\n\t\t\t\t\t\t<\/ul>\n\t\t\t\t\t\t<\/div>\n\t\t\t\t<\/div>\n\t\t\t\t\t<\/div>\n\t\t<\/div>\n\t\t\t\t\t<\/div>\n\t\t<\/section>\n\t\t\t\t<section class=\"elementor-section elementor-top-section elementor-element elementor-element-173a40cf elementor-section-boxed elementor-section-height-default elementor-section-height-default\" data-id=\"173a40cf\" data-element_type=\"section\" data-settings=\"{&quot;jet_parallax_layout_list&quot;:[]}\">\n\t\t\t\t\t\t<div class=\"elementor-container elementor-column-gap-default\">\n\t\t\t\t\t<div class=\"elementor-column elementor-col-100 elementor-top-column elementor-element elementor-element-16ed4385\" data-id=\"16ed4385\" data-element_type=\"column\">\n\t\t\t<div class=\"elementor-widget-wrap elementor-element-populated\">\n\t\t\t\t\t\t<div class=\"elementor-element elementor-element-582a0678 elementor-widget elementor-widget-text-editor\" data-id=\"582a0678\" data-element_type=\"widget\" data-widget_type=\"text-editor.default\">\n\t\t\t\t<div class=\"elementor-widget-container\">\n\t\t\t\t\t\t\t\t\t<p style=\"text-align: justify;\"><span style=\"color: #c7c7c7;\">Esta imagen muestra una Aurora Austral muy intensa y colorida sobre el observatorio IceCube Neutrino\u00a0en el\u00a0Polo Sur, y es parte de un timelapse m\u00e1s largo. La Ant\u00e1rtida es probablemente uno de los\u00a0entornos\u00a0m\u00e1s remotos y dif\u00edciles\u00a0para hacer fotograf\u00eda,\u00a0y es\u00a0un reto tanto para los humanos como para la propia tecnolog\u00eda.\u00a0\u00a0\u00a0<\/span><\/p><p style=\"text-align: justify;\"><span style=\"color: #c7c7c7;\">Para lograr realizar \u00abtime-lapse\u00bb de 24 horas,\u00a0se necesita un poco de creatividad para calentar y aislar tu equipo a fin de que siga funcionando, ya que las temperaturas bajan hasta -80\u00a0\u00b0\u00a0C.\u00a0En mi caso,\u00a0este proceso fue una curva de aprendizaje durante varios meses con mucho ensayo y error y alguna que otra congelaci\u00f3n.\u00a0Por el lado positivo, una vez que superas los retos, produce una satisfacci\u00f3n enorme el conseguir im\u00e1genes que son pr\u00e1cticamente \u00fanicas.<\/span><\/p>\t\t\t\t\t\t\t\t<\/div>\n\t\t\t\t<\/div>\n\t\t\t\t\t<\/div>\n\t\t<\/div>\n\t\t\t\t\t<\/div>\n\t\t<\/section>\n\t\t\t\t<section class=\"elementor-section elementor-top-section elementor-element elementor-element-ef4e8b0 elementor-section-boxed elementor-section-height-default elementor-section-height-default\" data-id=\"ef4e8b0\" data-element_type=\"section\" data-settings=\"{&quot;jet_parallax_layout_list&quot;:[]}\">\n\t\t\t\t\t\t<div class=\"elementor-container elementor-column-gap-default\">\n\t\t\t\t\t<div class=\"elementor-column elementor-col-100 elementor-top-column elementor-element elementor-element-40b65147\" data-id=\"40b65147\" data-element_type=\"column\">\n\t\t\t<div class=\"elementor-widget-wrap elementor-element-populated\">\n\t\t\t\t\t\t<div class=\"elementor-element elementor-element-7921cefe elementor-shape-circle elementor-grid-0 e-grid-align-center elementor-widget elementor-widget-social-icons\" data-id=\"7921cefe\" data-element_type=\"widget\" data-widget_type=\"social-icons.default\">\n\t\t\t\t<div class=\"elementor-widget-container\">\n\t\t\t\t\t\t\t<div class=\"elementor-social-icons-wrapper elementor-grid\" role=\"list\">\n\t\t\t\t\t\t\t<span class=\"elementor-grid-item\" role=\"listitem\">\n\t\t\t\t\t<a class=\"elementor-icon elementor-social-icon elementor-social-icon-vimeo elementor-repeater-item-59c75fd\" href=\"https:\/\/vimeo.com\/eberhab?fbclid=IwAR0J1jI6SB1sRWVykDdPWuKN3kEBW58wqlly1517QIo0JrcuJaYA0nmqGag\" target=\"_blank\" rel=\"nofollow\">\n\t\t\t\t\t\t<span class=\"elementor-screen-only\">Vimeo<\/span>\n\t\t\t\t\t\t<i class=\"fab fa-vimeo\"><\/i>\t\t\t\t\t<\/a>\n\t\t\t\t<\/span>\n\t\t\t\t\t\t\t<span class=\"elementor-grid-item\" role=\"listitem\">\n\t\t\t\t\t<a class=\"elementor-icon elementor-social-icon elementor-social-icon-facebook-f elementor-repeater-item-3a8a7fe\" href=\"https:\/\/www.facebook.com\/eberhab\" target=\"_blank\" rel=\"nofollow\">\n\t\t\t\t\t\t<span class=\"elementor-screen-only\">Facebook-f<\/span>\n\t\t\t\t\t\t<i class=\"fab fa-facebook-f\"><\/i>\t\t\t\t\t<\/a>\n\t\t\t\t<\/span>\n\t\t\t\t\t\t\t<span class=\"elementor-grid-item\" role=\"listitem\">\n\t\t\t\t\t<a class=\"elementor-icon elementor-social-icon elementor-social-icon-youtube elementor-repeater-item-e2217ef\" href=\"https:\/\/www.youtube.com\/user\/eberhab?fbclid=IwAR0erWuvJTCIT_4yyH6jRVyWLTRT7wtFiUcQpkQE6SVq93I9nCg4smzJx3M\" target=\"_blank\" rel=\"nofollow\">\n\t\t\t\t\t\t<span class=\"elementor-screen-only\">Youtube<\/span>\n\t\t\t\t\t\t<i class=\"fab fa-youtube\"><\/i>\t\t\t\t\t<\/a>\n\t\t\t\t<\/span>\n\t\t\t\t\t\t\t<span class=\"elementor-grid-item\" role=\"listitem\">\n\t\t\t\t\t<a class=\"elementor-icon elementor-social-icon elementor-social-icon-instagram elementor-repeater-item-e5ee254\" href=\"https:\/\/www.instagram.com\/eberhab\/\" target=\"_blank\" rel=\"nofollow\">\n\t\t\t\t\t\t<span class=\"elementor-screen-only\">Instagram<\/span>\n\t\t\t\t\t\t<i class=\"fab fa-instagram\"><\/i>\t\t\t\t\t<\/a>\n\t\t\t\t<\/span>\n\t\t\t\t\t<\/div>\n\t\t\t\t\t\t<\/div>\n\t\t\t\t<\/div>\n\t\t\t\t\t<\/div>\n\t\t<\/div>\n\t\t\t\t\t<\/div>\n\t\t<\/section>\n\t\t\t\t<\/div>\n\t\t<\/p><p>\t\t<div data-elementor-type=\"wp-post\" data-elementor-id=\"47535\" class=\"elementor elementor-47535 elementor-46478\" data-elementor-post-type=\"ae_global_templates\">\n\t\t\t\t\t\t<section class=\"elementor-section elementor-top-section elementor-element elementor-element-61b249c8 elementor-section-boxed elementor-section-height-default elementor-section-height-default\" data-id=\"61b249c8\" data-element_type=\"section\" data-settings=\"{&quot;jet_parallax_layout_list&quot;:[]}\">\n\t\t\t\t\t\t<div class=\"elementor-container elementor-column-gap-default\">\n\t\t\t\t\t<div class=\"elementor-column elementor-col-100 elementor-top-column elementor-element elementor-element-7bfe3764\" data-id=\"7bfe3764\" data-element_type=\"column\">\n\t\t\t<div class=\"elementor-widget-wrap elementor-element-populated\">\n\t\t\t\t\t\t<div class=\"elementor-element elementor-element-2119b49b elementor-widget elementor-widget-text-editor\" data-id=\"2119b49b\" data-element_type=\"widget\" data-widget_type=\"text-editor.default\">\n\t\t\t\t<div class=\"elementor-widget-container\">\n\t\t\t\t\t\t\t\t\t<h2><span style=\"color: #c7c7c7;\">\u00abConvergencia\u00bb &#8211; Agnieszka Mrowka<\/span><\/h2><p style=\"margin: 0cm 0cm 0.0001pt; font-size: medium; font-family: Calibri, sans-serif; caret-color: #000000; color: #000000; font-style: normal; text-align: start;\">\u00a0<\/p>\t\t\t\t\t\t\t\t<\/div>\n\t\t\t\t<\/div>\n\t\t\t\t\t<\/div>\n\t\t<\/div>\n\t\t\t\t\t<\/div>\n\t\t<\/section>\n\t\t\t\t<section class=\"elementor-section elementor-top-section elementor-element elementor-element-682ff349 elementor-section-boxed elementor-section-height-default elementor-section-height-default\" data-id=\"682ff349\" data-element_type=\"section\" data-settings=\"{&quot;jet_parallax_layout_list&quot;:[]}\">\n\t\t\t\t\t\t<div class=\"elementor-container elementor-column-gap-default\">\n\t\t\t\t\t<div class=\"elementor-column elementor-col-100 elementor-top-column elementor-element elementor-element-48805167\" data-id=\"48805167\" data-element_type=\"column\">\n\t\t\t<div class=\"elementor-widget-wrap elementor-element-populated\">\n\t\t\t\t\t\t<div class=\"elementor-element elementor-element-73813aa6 elementor-widget elementor-widget-text-editor\" data-id=\"73813aa6\" data-element_type=\"widget\" data-widget_type=\"text-editor.default\">\n\t\t\t\t<div class=\"elementor-widget-container\">\n\t\t\t\t\t\t\t\t\t<div id=\"attachment_46455\" style=\"width: 570px\" class=\"wp-caption aligncenter\"><img decoding=\"async\" aria-describedby=\"caption-attachment-46455\" class=\"wp-image-46455\" title=\"Aurora Borealis photographer of the year\" src=\"https:\/\/imgcap.capturetheatlas.com\/wp-content\/uploads\/2020\/11\/Northern-Lights-photographer-of-the-year-Agnieszka-Mrowka.jpg\" alt=\"Fot\u00f3grafo de Auroras Boreales del a\u00f1o\" width=\"560\" height=\"700\" srcset=\"https:\/\/imgcap.capturetheatlas.com\/wp-content\/uploads\/2020\/11\/Northern-Lights-photographer-of-the-year-Agnieszka-Mrowka.jpg 864w, https:\/\/imgcap.capturetheatlas.com\/wp-content\/uploads\/2020\/11\/Northern-Lights-photographer-of-the-year-Agnieszka-Mrowka-240x300.jpg 240w, https:\/\/imgcap.capturetheatlas.com\/wp-content\/uploads\/2020\/11\/Northern-Lights-photographer-of-the-year-Agnieszka-Mrowka-819x1024.jpg 819w, https:\/\/imgcap.capturetheatlas.com\/wp-content\/uploads\/2020\/11\/Northern-Lights-photographer-of-the-year-Agnieszka-Mrowka-768x960.jpg 768w, https:\/\/imgcap.capturetheatlas.com\/wp-content\/uploads\/2020\/11\/Northern-Lights-photographer-of-the-year-Agnieszka-Mrowka-304x380.jpg 304w\" sizes=\"(max-width: 560px) 100vw, 560px\" \/><p id=\"caption-attachment-46455\" class=\"wp-caption-text\"><span style=\"color: #c7c7c7;\">\u00abConvergencia\u00bb &#8211; Agnieszka Morwka <\/span><\/p><\/div>\t\t\t\t\t\t\t\t<\/div>\n\t\t\t\t<\/div>\n\t\t\t\t\t<\/div>\n\t\t<\/div>\n\t\t\t\t\t<\/div>\n\t\t<\/section>\n\t\t\t\t<section class=\"elementor-section elementor-top-section elementor-element elementor-element-6d8d936a elementor-section-boxed elementor-section-height-default elementor-section-height-default\" data-id=\"6d8d936a\" data-element_type=\"section\" data-settings=\"{&quot;jet_parallax_layout_list&quot;:[]}\">\n\t\t\t\t\t\t<div class=\"elementor-container elementor-column-gap-default\">\n\t\t\t\t\t<div class=\"elementor-column elementor-col-100 elementor-top-column elementor-element elementor-element-30147ca6\" data-id=\"30147ca6\" data-element_type=\"column\">\n\t\t\t<div class=\"elementor-widget-wrap elementor-element-populated\">\n\t\t\t\t\t\t<div class=\"elementor-element elementor-element-40c36e17 elementor-icon-list--layout-traditional elementor-list-item-link-full_width elementor-widget elementor-widget-icon-list\" data-id=\"40c36e17\" data-element_type=\"widget\" data-widget_type=\"icon-list.default\">\n\t\t\t\t<div class=\"elementor-widget-container\">\n\t\t\t\t\t\t\t<ul class=\"elementor-icon-list-items\">\n\t\t\t\t\t\t\t<li class=\"elementor-icon-list-item\">\n\t\t\t\t\t\t\t\t\t\t\t<span class=\"elementor-icon-list-icon\">\n\t\t\t\t\t\t\t<i aria-hidden=\"true\" class=\"fas fa-map-pin\"><\/i>\t\t\t\t\t\t<\/span>\n\t\t\t\t\t\t\t\t\t\t<span class=\"elementor-icon-list-text\">J\u00f6kuls\u00e1rl\u00f3n, Islandia<\/span>\n\t\t\t\t\t\t\t\t\t<\/li>\n\t\t\t\t\t\t<\/ul>\n\t\t\t\t\t\t<\/div>\n\t\t\t\t<\/div>\n\t\t\t\t\t<\/div>\n\t\t<\/div>\n\t\t\t\t\t<\/div>\n\t\t<\/section>\n\t\t\t\t<section class=\"elementor-section elementor-top-section elementor-element elementor-element-1a17a1a3 elementor-section-boxed elementor-section-height-default elementor-section-height-default\" data-id=\"1a17a1a3\" data-element_type=\"section\" data-settings=\"{&quot;jet_parallax_layout_list&quot;:[]}\">\n\t\t\t\t\t\t<div class=\"elementor-container elementor-column-gap-default\">\n\t\t\t\t\t<div class=\"elementor-column elementor-col-100 elementor-top-column elementor-element elementor-element-681621ed\" data-id=\"681621ed\" data-element_type=\"column\">\n\t\t\t<div class=\"elementor-widget-wrap elementor-element-populated\">\n\t\t\t\t\t\t<div class=\"elementor-element elementor-element-1c06fb8 elementor-widget elementor-widget-text-editor\" data-id=\"1c06fb8\" data-element_type=\"widget\" data-widget_type=\"text-editor.default\">\n\t\t\t\t<div class=\"elementor-widget-container\">\n\t\t\t\t\t\t\t\t\t<p style=\"text-align: justify;\"><span style=\"color: #c7c7c7;\">Era finales de septiembre de 2020, y finalmente&nbsp;se dieron&nbsp;las condiciones perfectas para&nbsp;ver la Aurora Boreal;&nbsp;+ Kp6 junto con un clima inusualmente tranquilo y la luna iluminando el hielo de la laguna glaciar m\u00e1s famosa de Islandia.<\/span><\/p>\n<p style=\"text-align: justify;\"><span style=\"color: #c7c7c7;\">Fue una noche llena de paz y grandes momentos para el recuerdo.<\/span><\/p>\t\t\t\t\t\t\t\t<\/div>\n\t\t\t\t<\/div>\n\t\t\t\t\t<\/div>\n\t\t<\/div>\n\t\t\t\t\t<\/div>\n\t\t<\/section>\n\t\t\t\t<section class=\"elementor-section elementor-top-section elementor-element elementor-element-73d01383 elementor-section-boxed elementor-section-height-default elementor-section-height-default\" data-id=\"73d01383\" data-element_type=\"section\" data-settings=\"{&quot;jet_parallax_layout_list&quot;:[]}\">\n\t\t\t\t\t\t<div class=\"elementor-container elementor-column-gap-default\">\n\t\t\t\t\t<div class=\"elementor-column elementor-col-100 elementor-top-column elementor-element elementor-element-438daf94\" data-id=\"438daf94\" data-element_type=\"column\">\n\t\t\t<div class=\"elementor-widget-wrap elementor-element-populated\">\n\t\t\t\t\t\t<div class=\"elementor-element elementor-element-4cfecb99 elementor-shape-circle elementor-grid-0 e-grid-align-center elementor-widget elementor-widget-social-icons\" data-id=\"4cfecb99\" data-element_type=\"widget\" data-widget_type=\"social-icons.default\">\n\t\t\t\t<div class=\"elementor-widget-container\">\n\t\t\t\t\t\t\t<div class=\"elementor-social-icons-wrapper elementor-grid\" role=\"list\">\n\t\t\t\t\t\t\t<span class=\"elementor-grid-item\" role=\"listitem\">\n\t\t\t\t\t<a class=\"elementor-icon elementor-social-icon elementor-social-icon-rss elementor-repeater-item-7af8f5a\" href=\"https:\/\/www.agnieszkamrowka.com\" target=\"_blank\" rel=\"nofollow\">\n\t\t\t\t\t\t<span class=\"elementor-screen-only\">Rss<\/span>\n\t\t\t\t\t\t<i class=\"fas fa-rss\"><\/i>\t\t\t\t\t<\/a>\n\t\t\t\t<\/span>\n\t\t\t\t\t\t\t<span class=\"elementor-grid-item\" role=\"listitem\">\n\t\t\t\t\t<a class=\"elementor-icon elementor-social-icon elementor-social-icon-instagram elementor-repeater-item-e5ee254\" href=\"https:\/\/www.instagram.com\/agnieszkamrowka.photography\/\" target=\"_blank\" rel=\"nofollow\">\n\t\t\t\t\t\t<span class=\"elementor-screen-only\">Instagram<\/span>\n\t\t\t\t\t\t<i class=\"fab fa-instagram\"><\/i>\t\t\t\t\t<\/a>\n\t\t\t\t<\/span>\n\t\t\t\t\t\t\t<span class=\"elementor-grid-item\" role=\"listitem\">\n\t\t\t\t\t<a class=\"elementor-icon elementor-social-icon elementor-social-icon-facebook-f elementor-repeater-item-3a8a7fe\" href=\"https:\/\/www.facebook.com\/agnieszkamrowka.photography\/?ref=profile_intro_card\" target=\"_blank\" rel=\"nofollow\">\n\t\t\t\t\t\t<span class=\"elementor-screen-only\">Facebook-f<\/span>\n\t\t\t\t\t\t<i class=\"fab fa-facebook-f\"><\/i>\t\t\t\t\t<\/a>\n\t\t\t\t<\/span>\n\t\t\t\t\t<\/div>\n\t\t\t\t\t\t<\/div>\n\t\t\t\t<\/div>\n\t\t\t\t\t<\/div>\n\t\t<\/div>\n\t\t\t\t\t<\/div>\n\t\t<\/section>\n\t\t\t\t<\/div>\n\t\t<\/p><p>\t\t<div data-elementor-type=\"wp-post\" data-elementor-id=\"47805\" class=\"elementor elementor-47805 elementor-47323\" data-elementor-post-type=\"ae_global_templates\">\n\t\t\t\t\t\t<section class=\"elementor-section elementor-top-section elementor-element elementor-element-7c68a9b9 elementor-section-boxed elementor-section-height-default elementor-section-height-default\" data-id=\"7c68a9b9\" data-element_type=\"section\" data-settings=\"{&quot;jet_parallax_layout_list&quot;:[]}\">\n\t\t\t\t\t\t<div class=\"elementor-container elementor-column-gap-default\">\n\t\t\t\t\t<div class=\"elementor-column elementor-col-100 elementor-top-column elementor-element elementor-element-5eb3f81a\" data-id=\"5eb3f81a\" data-element_type=\"column\">\n\t\t\t<div class=\"elementor-widget-wrap elementor-element-populated\">\n\t\t\t\t\t\t<div class=\"elementor-element elementor-element-510acffe elementor-widget elementor-widget-text-editor\" data-id=\"510acffe\" data-element_type=\"widget\" data-widget_type=\"text-editor.default\">\n\t\t\t\t<div class=\"elementor-widget-container\">\n\t\t\t\t\t\t\t\t\t<h2><span style=\"color: #c7c7c7;\">\u00abFinlandia de noche\u00bb &#8211; Kim Jenssen<\/span><\/h2>\t\t\t\t\t\t\t\t<\/div>\n\t\t\t\t<\/div>\n\t\t\t\t\t<\/div>\n\t\t<\/div>\n\t\t\t\t\t<\/div>\n\t\t<\/section>\n\t\t\t\t<section class=\"elementor-section elementor-top-section elementor-element elementor-element-9eda20d elementor-section-boxed elementor-section-height-default elementor-section-height-default\" data-id=\"9eda20d\" data-element_type=\"section\" data-settings=\"{&quot;jet_parallax_layout_list&quot;:[]}\">\n\t\t\t\t\t\t<div class=\"elementor-container elementor-column-gap-default\">\n\t\t\t\t\t<div class=\"elementor-column elementor-col-100 elementor-top-column elementor-element elementor-element-4b1f860f\" data-id=\"4b1f860f\" data-element_type=\"column\">\n\t\t\t<div class=\"elementor-widget-wrap elementor-element-populated\">\n\t\t\t\t\t\t<div class=\"elementor-element elementor-element-3712c44a elementor-widget elementor-widget-text-editor\" data-id=\"3712c44a\" data-element_type=\"widget\" data-widget_type=\"text-editor.default\">\n\t\t\t\t<div class=\"elementor-widget-container\">\n\t\t\t\t\t\t\t\t\t<div id=\"attachment_47997\" style=\"width: 504px\" class=\"wp-caption aligncenter\"><img decoding=\"async\" aria-describedby=\"caption-attachment-47997\" class=\"wp-image-47997\" title=\"Mejores fotos aurora boreal Finlandia \" src=\"https:\/\/imgcap.capturetheatlas.com\/wp-content\/uploads\/2020\/11\/Northern-Lights-Ruka-Finland.jpg\" alt=\"Bosque de Ruka y Aurora Boreal, Finlandia\" width=\"494\" height=\"700\" srcset=\"https:\/\/imgcap.capturetheatlas.com\/wp-content\/uploads\/2020\/11\/Northern-Lights-Ruka-Finland.jpg 1023w, https:\/\/imgcap.capturetheatlas.com\/wp-content\/uploads\/2020\/11\/Northern-Lights-Ruka-Finland-212x300.jpg 212w, https:\/\/imgcap.capturetheatlas.com\/wp-content\/uploads\/2020\/11\/Northern-Lights-Ruka-Finland-722x1024.jpg 722w, https:\/\/imgcap.capturetheatlas.com\/wp-content\/uploads\/2020\/11\/Northern-Lights-Ruka-Finland-768x1089.jpg 768w, https:\/\/imgcap.capturetheatlas.com\/wp-content\/uploads\/2020\/11\/Northern-Lights-Ruka-Finland-268x380.jpg 268w\" sizes=\"(max-width: 494px) 100vw, 494px\" \/><p id=\"caption-attachment-47997\" class=\"wp-caption-text\"><span style=\"color: #c7c7c7;\">\u00abFinlandia de noche\u00bb &#8211; Kim Jenssen <\/span><\/p><\/div>\t\t\t\t\t\t\t\t<\/div>\n\t\t\t\t<\/div>\n\t\t\t\t\t<\/div>\n\t\t<\/div>\n\t\t\t\t\t<\/div>\n\t\t<\/section>\n\t\t\t\t<section class=\"elementor-section elementor-top-section elementor-element elementor-element-52b41371 elementor-section-boxed elementor-section-height-default elementor-section-height-default\" data-id=\"52b41371\" data-element_type=\"section\" data-settings=\"{&quot;jet_parallax_layout_list&quot;:[]}\">\n\t\t\t\t\t\t<div class=\"elementor-container elementor-column-gap-default\">\n\t\t\t\t\t<div class=\"elementor-column elementor-col-100 elementor-top-column elementor-element elementor-element-6a0cc79c\" data-id=\"6a0cc79c\" data-element_type=\"column\">\n\t\t\t<div class=\"elementor-widget-wrap elementor-element-populated\">\n\t\t\t\t\t\t<div class=\"elementor-element elementor-element-22463f02 elementor-icon-list--layout-traditional elementor-list-item-link-full_width elementor-widget elementor-widget-icon-list\" data-id=\"22463f02\" data-element_type=\"widget\" data-widget_type=\"icon-list.default\">\n\t\t\t\t<div class=\"elementor-widget-container\">\n\t\t\t\t\t\t\t<ul class=\"elementor-icon-list-items\">\n\t\t\t\t\t\t\t<li class=\"elementor-icon-list-item\">\n\t\t\t\t\t\t\t\t\t\t\t<span class=\"elementor-icon-list-icon\">\n\t\t\t\t\t\t\t<i aria-hidden=\"true\" class=\"fas fa-map-pin\"><\/i>\t\t\t\t\t\t<\/span>\n\t\t\t\t\t\t\t\t\t\t<span class=\"elementor-icon-list-text\">Laponia Finlandesa<\/span>\n\t\t\t\t\t\t\t\t\t<\/li>\n\t\t\t\t\t\t<\/ul>\n\t\t\t\t\t\t<\/div>\n\t\t\t\t<\/div>\n\t\t\t\t\t<\/div>\n\t\t<\/div>\n\t\t\t\t\t<\/div>\n\t\t<\/section>\n\t\t\t\t<section class=\"elementor-section elementor-top-section elementor-element elementor-element-16ea0ead elementor-section-boxed elementor-section-height-default elementor-section-height-default\" data-id=\"16ea0ead\" data-element_type=\"section\" data-settings=\"{&quot;jet_parallax_layout_list&quot;:[]}\">\n\t\t\t\t\t\t<div class=\"elementor-container elementor-column-gap-default\">\n\t\t\t\t\t<div class=\"elementor-column elementor-col-100 elementor-top-column elementor-element elementor-element-3c78d873\" data-id=\"3c78d873\" data-element_type=\"column\">\n\t\t\t<div class=\"elementor-widget-wrap elementor-element-populated\">\n\t\t\t\t\t\t<div class=\"elementor-element elementor-element-f41a6bb elementor-widget elementor-widget-text-editor\" data-id=\"f41a6bb\" data-element_type=\"widget\" data-widget_type=\"text-editor.default\">\n\t\t\t\t<div class=\"elementor-widget-container\">\n\t\t\t\t\t\t\t\t\t<p style=\"text-align: justify;\"><span style=\"color: #c7c7c7;\">Despu\u00e9s de muchas horas de espera en el fr\u00edo bosque de Ruka, Finlandia, a -36 C\u00ba y sin ninguna actividad visible de auroras, decidimos caminar de regreso al coche.<\/span><\/p>\n<p style=\"text-align: justify;\"><span style=\"color: #c7c7c7;\">En el camino de vuelta, vi algo a mi izquierda y le dije a mi amigo que se detuviera y esperara. De repente, la Aurora comenz\u00f3 a \u201cbailar\u201d y, sin pensarlo, decid\u00ed saltar a la nieve, preparar mi c\u00e1mara, \u00a1y disparar! No hubo ni planificaci\u00f3n ni tiempo para centrarse en la composici\u00f3n. Despu\u00e9s de 5 minutos, la aurora boreal desapareci\u00f3, pero fue una noche con final feliz.<\/span><\/p>\t\t\t\t\t\t\t\t<\/div>\n\t\t\t\t<\/div>\n\t\t\t\t\t<\/div>\n\t\t<\/div>\n\t\t\t\t\t<\/div>\n\t\t<\/section>\n\t\t\t\t<section class=\"elementor-section elementor-top-section elementor-element elementor-element-290c4ae1 elementor-section-boxed elementor-section-height-default elementor-section-height-default\" data-id=\"290c4ae1\" data-element_type=\"section\" data-settings=\"{&quot;jet_parallax_layout_list&quot;:[]}\">\n\t\t\t\t\t\t<div class=\"elementor-container elementor-column-gap-default\">\n\t\t\t\t\t<div class=\"elementor-column elementor-col-100 elementor-top-column elementor-element elementor-element-702c95b4\" data-id=\"702c95b4\" data-element_type=\"column\">\n\t\t\t<div class=\"elementor-widget-wrap elementor-element-populated\">\n\t\t\t\t\t\t<div class=\"elementor-element elementor-element-3de6f4ef elementor-shape-circle elementor-grid-0 e-grid-align-center elementor-widget elementor-widget-social-icons\" data-id=\"3de6f4ef\" data-element_type=\"widget\" data-widget_type=\"social-icons.default\">\n\t\t\t\t<div class=\"elementor-widget-container\">\n\t\t\t\t\t\t\t<div class=\"elementor-social-icons-wrapper elementor-grid\" role=\"list\">\n\t\t\t\t\t\t\t<span class=\"elementor-grid-item\" role=\"listitem\">\n\t\t\t\t\t<a class=\"elementor-icon elementor-social-icon elementor-social-icon-rss elementor-repeater-item-7af8f5a\" href=\"https:\/\/kimjenssen.com\" target=\"_blank\" rel=\"nofollow\">\n\t\t\t\t\t\t<span class=\"elementor-screen-only\">Rss<\/span>\n\t\t\t\t\t\t<i class=\"fas fa-rss\"><\/i>\t\t\t\t\t<\/a>\n\t\t\t\t<\/span>\n\t\t\t\t\t\t\t<span class=\"elementor-grid-item\" role=\"listitem\">\n\t\t\t\t\t<a class=\"elementor-icon elementor-social-icon elementor-social-icon-instagram elementor-repeater-item-e5ee254\" href=\"https:\/\/www.instagram.com\/kimjenssenphotography\/\" target=\"_blank\" rel=\"nofollow\">\n\t\t\t\t\t\t<span class=\"elementor-screen-only\">Instagram<\/span>\n\t\t\t\t\t\t<i class=\"fab fa-instagram\"><\/i>\t\t\t\t\t<\/a>\n\t\t\t\t<\/span>\n\t\t\t\t\t\t\t<span class=\"elementor-grid-item\" role=\"listitem\">\n\t\t\t\t\t<a class=\"elementor-icon elementor-social-icon elementor-social-icon-facebook-f elementor-repeater-item-3a8a7fe\" href=\"https:\/\/www.facebook.com\/kimjenssenphoto\" target=\"_blank\" rel=\"nofollow\">\n\t\t\t\t\t\t<span class=\"elementor-screen-only\">Facebook-f<\/span>\n\t\t\t\t\t\t<i class=\"fab fa-facebook-f\"><\/i>\t\t\t\t\t<\/a>\n\t\t\t\t<\/span>\n\t\t\t\t\t<\/div>\n\t\t\t\t\t\t<\/div>\n\t\t\t\t<\/div>\n\t\t\t\t\t<\/div>\n\t\t<\/div>\n\t\t\t\t\t<\/div>\n\t\t<\/section>\n\t\t\t\t<\/div>\n\t\t<\/p><p>\t\t<div data-elementor-type=\"wp-post\" data-elementor-id=\"47746\" class=\"elementor elementor-47746 elementor-47234\" data-elementor-post-type=\"ae_global_templates\">\n\t\t\t\t\t\t<section class=\"elementor-section elementor-top-section elementor-element elementor-element-17f004a2 elementor-section-boxed elementor-section-height-default elementor-section-height-default\" data-id=\"17f004a2\" data-element_type=\"section\" data-settings=\"{&quot;jet_parallax_layout_list&quot;:[]}\">\n\t\t\t\t\t\t<div class=\"elementor-container elementor-column-gap-default\">\n\t\t\t\t\t<div class=\"elementor-column elementor-col-100 elementor-top-column elementor-element elementor-element-6daab1c5\" data-id=\"6daab1c5\" data-element_type=\"column\">\n\t\t\t<div class=\"elementor-widget-wrap elementor-element-populated\">\n\t\t\t\t\t\t<div class=\"elementor-element elementor-element-12bd0a0 elementor-widget elementor-widget-text-editor\" data-id=\"12bd0a0\" data-element_type=\"widget\" data-widget_type=\"text-editor.default\">\n\t\t\t\t<div class=\"elementor-widget-container\">\n\t\t\t\t\t\t\t\t\t<h2><span style=\"color: #c7c7c7;\">\u00abLofoten Ice Lights\u00bb &#8211;\u00a0<\/span><span style=\"color: #c7c7c7;\"><span style=\"caret-color: #c7c7c7;\">Dennis hellwig<\/span><\/span><\/h2>\t\t\t\t\t\t\t\t<\/div>\n\t\t\t\t<\/div>\n\t\t\t\t\t<\/div>\n\t\t<\/div>\n\t\t\t\t\t<\/div>\n\t\t<\/section>\n\t\t\t\t<section class=\"elementor-section elementor-top-section elementor-element elementor-element-4642f651 elementor-section-boxed elementor-section-height-default elementor-section-height-default\" data-id=\"4642f651\" data-element_type=\"section\" data-settings=\"{&quot;jet_parallax_layout_list&quot;:[]}\">\n\t\t\t\t\t\t<div class=\"elementor-container elementor-column-gap-default\">\n\t\t\t\t\t<div class=\"elementor-column elementor-col-100 elementor-top-column elementor-element elementor-element-5f1f330f\" data-id=\"5f1f330f\" data-element_type=\"column\">\n\t\t\t<div class=\"elementor-widget-wrap elementor-element-populated\">\n\t\t\t\t\t\t<div class=\"elementor-element elementor-element-371284a3 elementor-widget elementor-widget-text-editor\" data-id=\"371284a3\" data-element_type=\"widget\" data-widget_type=\"text-editor.default\">\n\t\t\t\t<div class=\"elementor-widget-container\">\n\t\t\t\t\t\t\t\t\t<div id=\"attachment_46457\" style=\"width: 1930px\" class=\"wp-caption aligncenter\"><img decoding=\"async\" aria-describedby=\"caption-attachment-46457\" class=\"wp-image-46457 size-full\" title=\"Mejores fotograf\u00edas Aurora Boreal Islas Lofoten\" src=\"https:\/\/imgcap.capturetheatlas.com\/wp-content\/uploads\/2020\/11\/Northern-Lights-photographer-of-the-year-Dennis-Hellwig.jpg\" alt=\"Fotograf\u00eda Auroras Boreales Islas Lofoten\" width=\"1920\" height=\"1280\" srcset=\"https:\/\/imgcap.capturetheatlas.com\/wp-content\/uploads\/2020\/11\/Northern-Lights-photographer-of-the-year-Dennis-Hellwig.jpg 1920w, https:\/\/imgcap.capturetheatlas.com\/wp-content\/uploads\/2020\/11\/Northern-Lights-photographer-of-the-year-Dennis-Hellwig-300x200.jpg 300w, https:\/\/imgcap.capturetheatlas.com\/wp-content\/uploads\/2020\/11\/Northern-Lights-photographer-of-the-year-Dennis-Hellwig-1024x683.jpg 1024w, https:\/\/imgcap.capturetheatlas.com\/wp-content\/uploads\/2020\/11\/Northern-Lights-photographer-of-the-year-Dennis-Hellwig-768x512.jpg 768w, https:\/\/imgcap.capturetheatlas.com\/wp-content\/uploads\/2020\/11\/Northern-Lights-photographer-of-the-year-Dennis-Hellwig-1536x1024.jpg 1536w, https:\/\/imgcap.capturetheatlas.com\/wp-content\/uploads\/2020\/11\/Northern-Lights-photographer-of-the-year-Dennis-Hellwig-570x380.jpg 570w\" sizes=\"(max-width: 1920px) 100vw, 1920px\" \/><p id=\"caption-attachment-46457\" class=\"wp-caption-text\"><span style=\"color: #c7c7c7;\">\u00abLofoten Ice Lights\u00bb &#8211; Dennis Hellwig <\/span><\/p><\/div>\t\t\t\t\t\t\t\t<\/div>\n\t\t\t\t<\/div>\n\t\t\t\t\t<\/div>\n\t\t<\/div>\n\t\t\t\t\t<\/div>\n\t\t<\/section>\n\t\t\t\t<section class=\"elementor-section elementor-top-section elementor-element elementor-element-1a892670 elementor-section-boxed elementor-section-height-default elementor-section-height-default\" data-id=\"1a892670\" data-element_type=\"section\" data-settings=\"{&quot;jet_parallax_layout_list&quot;:[]}\">\n\t\t\t\t\t\t<div class=\"elementor-container elementor-column-gap-default\">\n\t\t\t\t\t<div class=\"elementor-column elementor-col-100 elementor-top-column elementor-element elementor-element-3b23770\" data-id=\"3b23770\" data-element_type=\"column\">\n\t\t\t<div class=\"elementor-widget-wrap elementor-element-populated\">\n\t\t\t\t\t\t<div class=\"elementor-element elementor-element-12ae85f3 elementor-icon-list--layout-traditional elementor-list-item-link-full_width elementor-widget elementor-widget-icon-list\" data-id=\"12ae85f3\" data-element_type=\"widget\" data-widget_type=\"icon-list.default\">\n\t\t\t\t<div class=\"elementor-widget-container\">\n\t\t\t\t\t\t\t<ul class=\"elementor-icon-list-items\">\n\t\t\t\t\t\t\t<li class=\"elementor-icon-list-item\">\n\t\t\t\t\t\t\t\t\t\t\t<span class=\"elementor-icon-list-icon\">\n\t\t\t\t\t\t\t<i aria-hidden=\"true\" class=\"fas fa-map-pin\"><\/i>\t\t\t\t\t\t<\/span>\n\t\t\t\t\t\t\t\t\t\t<span class=\"elementor-icon-list-text\">Islas Lofoten, Noruega<\/span>\n\t\t\t\t\t\t\t\t\t<\/li>\n\t\t\t\t\t\t<\/ul>\n\t\t\t\t\t\t<\/div>\n\t\t\t\t<\/div>\n\t\t\t\t\t<\/div>\n\t\t<\/div>\n\t\t\t\t\t<\/div>\n\t\t<\/section>\n\t\t\t\t<section class=\"elementor-section elementor-top-section elementor-element elementor-element-4f3e0682 elementor-section-boxed elementor-section-height-default elementor-section-height-default\" data-id=\"4f3e0682\" data-element_type=\"section\" data-settings=\"{&quot;jet_parallax_layout_list&quot;:[]}\">\n\t\t\t\t\t\t<div class=\"elementor-container elementor-column-gap-default\">\n\t\t\t\t\t<div class=\"elementor-column elementor-col-100 elementor-top-column elementor-element elementor-element-228947bf\" data-id=\"228947bf\" data-element_type=\"column\">\n\t\t\t<div class=\"elementor-widget-wrap elementor-element-populated\">\n\t\t\t\t\t\t<div class=\"elementor-element elementor-element-79ffad09 elementor-widget elementor-widget-text-editor\" data-id=\"79ffad09\" data-element_type=\"widget\" data-widget_type=\"text-editor.default\">\n\t\t\t\t<div class=\"elementor-widget-container\">\n\t\t\t\t\t\t\t\t\t<p style=\"text-align: justify;\"><span style=\"color: #c7c7c7;\">Estas bonitas estalactitas de hielo se formaron por\u00a0el hielo descongelado. Descubr\u00ed este lugar durante el d\u00eda,\u00a0y cuando la Aurora Boreal empez\u00f3 a brillar,\u00a0<span style=\"caret-color: #c7c7c7;\">volv\u00ed<\/span>\u00a0r\u00e1pido a esta localizaci\u00f3n. <\/span><\/p><p style=\"text-align: justify;\"><span style=\"color: #c7c7c7;\">Desde este sitio era muy complejo realizar fotograf\u00edas;\u00a0era estrecho y hab\u00eda mucho hielo y nieve.\u00a0Pude pasar por un agujero en el arroyo y usar el tr\u00edpode para acercar mi c\u00e1mara a los trozos de hielo.\u00a0Estaba tan apretado que era casi imposible trabajar con un tr\u00edpode.\u00a0Tambi\u00e9n ten\u00eda que asegurarme de que las patas del tr\u00edpode no rompieran\u00a0el hielo.<\/span><\/p><p style=\"text-align: justify;\"><span style=\"color: #c7c7c7;\">Otro gran reto fue la contaminaci\u00f3n lum\u00ednica de los coches que pasaban (eran solo las 8 pm y todav\u00eda hab\u00eda mucha gente en la\u00a0carretera) as\u00ed como otros fot\u00f3grafos con los frontales encendidos.\u00a0Pero al final,\u00a0todo sali\u00f3 bien y pude conseguir la foto que buscaba.<\/span><\/p>\t\t\t\t\t\t\t\t<\/div>\n\t\t\t\t<\/div>\n\t\t\t\t\t<\/div>\n\t\t<\/div>\n\t\t\t\t\t<\/div>\n\t\t<\/section>\n\t\t\t\t<section class=\"elementor-section elementor-top-section elementor-element elementor-element-2d4a9f89 elementor-section-boxed elementor-section-height-default elementor-section-height-default\" data-id=\"2d4a9f89\" data-element_type=\"section\" data-settings=\"{&quot;jet_parallax_layout_list&quot;:[]}\">\n\t\t\t\t\t\t<div class=\"elementor-container elementor-column-gap-default\">\n\t\t\t\t\t<div class=\"elementor-column elementor-col-100 elementor-top-column elementor-element elementor-element-41b8253a\" data-id=\"41b8253a\" data-element_type=\"column\">\n\t\t\t<div class=\"elementor-widget-wrap elementor-element-populated\">\n\t\t\t\t\t\t<div class=\"elementor-element elementor-element-645a784 elementor-shape-circle elementor-grid-0 e-grid-align-center elementor-widget elementor-widget-social-icons\" data-id=\"645a784\" data-element_type=\"widget\" data-widget_type=\"social-icons.default\">\n\t\t\t\t<div class=\"elementor-widget-container\">\n\t\t\t\t\t\t\t<div class=\"elementor-social-icons-wrapper elementor-grid\" role=\"list\">\n\t\t\t\t\t\t\t<span class=\"elementor-grid-item\" role=\"listitem\">\n\t\t\t\t\t<a class=\"elementor-icon elementor-social-icon elementor-social-icon-rss elementor-repeater-item-7af8f5a\" href=\"http:\/\/dennishellwig.com\" target=\"_blank\" rel=\"nofollow\">\n\t\t\t\t\t\t<span class=\"elementor-screen-only\">Rss<\/span>\n\t\t\t\t\t\t<i class=\"fas fa-rss\"><\/i>\t\t\t\t\t<\/a>\n\t\t\t\t<\/span>\n\t\t\t\t\t\t\t<span class=\"elementor-grid-item\" role=\"listitem\">\n\t\t\t\t\t<a class=\"elementor-icon elementor-social-icon elementor-social-icon-instagram elementor-repeater-item-e5ee254\" href=\"https:\/\/www.instagram.com\/dennis.hellwig\/\" target=\"_blank\" rel=\"nofollow\">\n\t\t\t\t\t\t<span class=\"elementor-screen-only\">Instagram<\/span>\n\t\t\t\t\t\t<i class=\"fab fa-instagram\"><\/i>\t\t\t\t\t<\/a>\n\t\t\t\t<\/span>\n\t\t\t\t\t\t\t<span class=\"elementor-grid-item\" role=\"listitem\">\n\t\t\t\t\t<a class=\"elementor-icon elementor-social-icon elementor-social-icon-facebook-f elementor-repeater-item-3a8a7fe\" href=\"https:\/\/www.facebook.com\/dennishellwig\" target=\"_blank\" rel=\"nofollow\">\n\t\t\t\t\t\t<span class=\"elementor-screen-only\">Facebook-f<\/span>\n\t\t\t\t\t\t<i class=\"fab fa-facebook-f\"><\/i>\t\t\t\t\t<\/a>\n\t\t\t\t<\/span>\n\t\t\t\t\t<\/div>\n\t\t\t\t\t\t<\/div>\n\t\t\t\t<\/div>\n\t\t\t\t\t<\/div>\n\t\t<\/div>\n\t\t\t\t\t<\/div>\n\t\t<\/section>\n\t\t\t\t<\/div>\n\t\t<\/p><p>\t\t<div data-elementor-type=\"wp-post\" data-elementor-id=\"47800\" class=\"elementor elementor-47800 elementor-47314\" data-elementor-post-type=\"ae_global_templates\">\n\t\t\t\t\t\t<section class=\"elementor-section elementor-top-section elementor-element elementor-element-303a619e elementor-section-boxed elementor-section-height-default elementor-section-height-default\" data-id=\"303a619e\" data-element_type=\"section\" data-settings=\"{&quot;jet_parallax_layout_list&quot;:[]}\">\n\t\t\t\t\t\t<div class=\"elementor-container elementor-column-gap-default\">\n\t\t\t\t\t<div class=\"elementor-column elementor-col-100 elementor-top-column elementor-element elementor-element-5f74f54a\" data-id=\"5f74f54a\" data-element_type=\"column\">\n\t\t\t<div class=\"elementor-widget-wrap elementor-element-populated\">\n\t\t\t\t\t\t<div class=\"elementor-element elementor-element-13fecffb elementor-widget elementor-widget-text-editor\" data-id=\"13fecffb\" data-element_type=\"widget\" data-widget_type=\"text-editor.default\">\n\t\t\t\t<div class=\"elementor-widget-container\">\n\t\t\t\t\t\t\t\t\t<h2><span style=\"color: #c7c7c7;\">\u00abSpring Fireworks\u00bb &#8211; Ole Salomonsen<\/span><\/h2>\t\t\t\t\t\t\t\t<\/div>\n\t\t\t\t<\/div>\n\t\t\t\t\t<\/div>\n\t\t<\/div>\n\t\t\t\t\t<\/div>\n\t\t<\/section>\n\t\t\t\t<section class=\"elementor-section elementor-top-section elementor-element elementor-element-f4b1d22 elementor-section-boxed elementor-section-height-default elementor-section-height-default\" data-id=\"f4b1d22\" data-element_type=\"section\" data-settings=\"{&quot;jet_parallax_layout_list&quot;:[]}\">\n\t\t\t\t\t\t<div class=\"elementor-container elementor-column-gap-default\">\n\t\t\t\t\t<div class=\"elementor-column elementor-col-100 elementor-top-column elementor-element elementor-element-376a7eb1\" data-id=\"376a7eb1\" data-element_type=\"column\">\n\t\t\t<div class=\"elementor-widget-wrap elementor-element-populated\">\n\t\t\t\t\t\t<div class=\"elementor-element elementor-element-18859fa elementor-widget elementor-widget-text-editor\" data-id=\"18859fa\" data-element_type=\"widget\" data-widget_type=\"text-editor.default\">\n\t\t\t\t<div class=\"elementor-widget-container\">\n\t\t\t\t\t\t\t\t\t<div id=\"attachment_46451\" style=\"width: 477px\" class=\"wp-caption aligncenter\"><img decoding=\"async\" aria-describedby=\"caption-attachment-46451\" class=\"wp-image-46451\" title=\"Aurora Boreal y Monta\u00f1as en Tromso, Noruega\" src=\"https:\/\/imgcap.capturetheatlas.com\/wp-content\/uploads\/2020\/11\/Northern-Lights-photographer-of-the-year-Ole-C-Salomonsen.jpg\" alt=\"Mejores fotograf\u00edas Auroras Boreal con nieve\" width=\"467\" height=\"700\" srcset=\"https:\/\/imgcap.capturetheatlas.com\/wp-content\/uploads\/2020\/11\/Northern-Lights-photographer-of-the-year-Ole-C-Salomonsen.jpg 1080w, https:\/\/imgcap.capturetheatlas.com\/wp-content\/uploads\/2020\/11\/Northern-Lights-photographer-of-the-year-Ole-C-Salomonsen-200x300.jpg 200w, https:\/\/imgcap.capturetheatlas.com\/wp-content\/uploads\/2020\/11\/Northern-Lights-photographer-of-the-year-Ole-C-Salomonsen-683x1024.jpg 683w, https:\/\/imgcap.capturetheatlas.com\/wp-content\/uploads\/2020\/11\/Northern-Lights-photographer-of-the-year-Ole-C-Salomonsen-768x1152.jpg 768w, https:\/\/imgcap.capturetheatlas.com\/wp-content\/uploads\/2020\/11\/Northern-Lights-photographer-of-the-year-Ole-C-Salomonsen-1024x1536.jpg 1024w, https:\/\/imgcap.capturetheatlas.com\/wp-content\/uploads\/2020\/11\/Northern-Lights-photographer-of-the-year-Ole-C-Salomonsen-253x380.jpg 253w\" sizes=\"(max-width: 467px) 100vw, 467px\" \/><p id=\"caption-attachment-46451\" class=\"wp-caption-text\"><span style=\"color: #c7c7c7;\">\u00abSpring fireworks\u00bb &#8211; Ole Salomonsen <\/span><\/p><\/div>\t\t\t\t\t\t\t\t<\/div>\n\t\t\t\t<\/div>\n\t\t\t\t\t<\/div>\n\t\t<\/div>\n\t\t\t\t\t<\/div>\n\t\t<\/section>\n\t\t\t\t<section class=\"elementor-section elementor-top-section elementor-element elementor-element-4bbaf7f2 elementor-section-boxed elementor-section-height-default elementor-section-height-default\" data-id=\"4bbaf7f2\" data-element_type=\"section\" data-settings=\"{&quot;jet_parallax_layout_list&quot;:[]}\">\n\t\t\t\t\t\t<div class=\"elementor-container elementor-column-gap-default\">\n\t\t\t\t\t<div class=\"elementor-column elementor-col-100 elementor-top-column elementor-element elementor-element-486bdaaf\" data-id=\"486bdaaf\" data-element_type=\"column\">\n\t\t\t<div class=\"elementor-widget-wrap elementor-element-populated\">\n\t\t\t\t\t\t<div class=\"elementor-element elementor-element-67049628 elementor-icon-list--layout-traditional elementor-list-item-link-full_width elementor-widget elementor-widget-icon-list\" data-id=\"67049628\" data-element_type=\"widget\" data-widget_type=\"icon-list.default\">\n\t\t\t\t<div class=\"elementor-widget-container\">\n\t\t\t\t\t\t\t<ul class=\"elementor-icon-list-items\">\n\t\t\t\t\t\t\t<li class=\"elementor-icon-list-item\">\n\t\t\t\t\t\t\t\t\t\t\t<span class=\"elementor-icon-list-icon\">\n\t\t\t\t\t\t\t<i aria-hidden=\"true\" class=\"fas fa-map-pin\"><\/i>\t\t\t\t\t\t<\/span>\n\t\t\t\t\t\t\t\t\t\t<span class=\"elementor-icon-list-text\">Tromso, Noruega<\/span>\n\t\t\t\t\t\t\t\t\t<\/li>\n\t\t\t\t\t\t<\/ul>\n\t\t\t\t\t\t<\/div>\n\t\t\t\t<\/div>\n\t\t\t\t\t<\/div>\n\t\t<\/div>\n\t\t\t\t\t<\/div>\n\t\t<\/section>\n\t\t\t\t<section class=\"elementor-section elementor-top-section elementor-element elementor-element-126e956a elementor-section-boxed elementor-section-height-default elementor-section-height-default\" data-id=\"126e956a\" data-element_type=\"section\" data-settings=\"{&quot;jet_parallax_layout_list&quot;:[]}\">\n\t\t\t\t\t\t<div class=\"elementor-container elementor-column-gap-default\">\n\t\t\t\t\t<div class=\"elementor-column elementor-col-100 elementor-top-column elementor-element elementor-element-69f48688\" data-id=\"69f48688\" data-element_type=\"column\">\n\t\t\t<div class=\"elementor-widget-wrap elementor-element-populated\">\n\t\t\t\t\t\t<div class=\"elementor-element elementor-element-43864de2 elementor-widget elementor-widget-text-editor\" data-id=\"43864de2\" data-element_type=\"widget\" data-widget_type=\"text-editor.default\">\n\t\t\t\t<div class=\"elementor-widget-container\">\n\t\t\t\t\t\t\t\t\t<p style=\"text-align: justify;\"><span style=\"color: #c7c7c7;\">Pude hacer esta imagen en abril a finales de la temporada de auroras en el&nbsp;\u00e1rtico.&nbsp;La mayor\u00eda de los fot\u00f3grafos ya no piensan en capturar auroras en estas fechas, pero yo no me quer\u00eda rendir todav\u00eda.<\/span><\/p>\n<p style=\"text-align: justify;\"><span style=\"color: #c7c7c7;\">He estado&nbsp;persiguiendo y fotografiando Auroras boreales&nbsp;desde hace m\u00e1s de 10 a\u00f1os, y si algo se por experiencia<span style=\"caret-color: #c7c7c7;\">, es que son<\/span>&nbsp;impredecibles.&nbsp;<\/span><\/p>\n<p style=\"text-align: justify;\"><span style=\"color: #c7c7c7;\">Esa fue tambi\u00e9n una de esas noches donde el&nbsp;pron\u00f3stico&nbsp;era&nbsp;incierto, pero a\u00fan as\u00ed decid\u00ed visitar esta fant\u00e1stica localizaci\u00f3n situada a las afueras de Troms\u00f8, en Noruega. Me alegr\u00e9 enormemente de haber salido, ya que cuando solo llevaba una hora de espera, el espect\u00e1culo de Auroras llen\u00f3 todo el cielo.&nbsp;Dispar\u00e9 muchas im\u00e1genes diferentes, pero esta me gust\u00f3 en particular con la Aurora extendi\u00e9ndose por todo el cielo&nbsp;mientras yo me situaba en el primer plano frente al fiordo.<\/span><\/p>\n<p style=\"text-align: justify;\"><font color=\"#c7c7c7\">La Aurora Boreal es, para&nbsp;<span style=\"caret-color: rgb(199, 199, 199);\">m\u00ed<\/span>&nbsp; la gran maravilla del mundo.&nbsp;Es la observaci\u00f3n celeste y astron\u00f3mica m\u00e1s magn\u00edfica que podemos ver con nuestros propios ojos.&nbsp;Aunque la mayor\u00eda&nbsp;Auroras boreales&nbsp;se mueven de forma lenta o parecen est\u00e1ticas, si tienes suerte de asistir a una tormenta solar, podr\u00e1s disfrutar de una experiencia que no se te olvidar\u00e1 en la vida.<\/font><\/p>\t\t\t\t\t\t\t\t<\/div>\n\t\t\t\t<\/div>\n\t\t\t\t\t<\/div>\n\t\t<\/div>\n\t\t\t\t\t<\/div>\n\t\t<\/section>\n\t\t\t\t<section class=\"elementor-section elementor-top-section elementor-element elementor-element-3e32812d elementor-section-boxed elementor-section-height-default elementor-section-height-default\" data-id=\"3e32812d\" data-element_type=\"section\" data-settings=\"{&quot;jet_parallax_layout_list&quot;:[]}\">\n\t\t\t\t\t\t<div class=\"elementor-container elementor-column-gap-default\">\n\t\t\t\t\t<div class=\"elementor-column elementor-col-100 elementor-top-column elementor-element elementor-element-1955b855\" data-id=\"1955b855\" data-element_type=\"column\">\n\t\t\t<div class=\"elementor-widget-wrap elementor-element-populated\">\n\t\t\t\t\t\t<div class=\"elementor-element elementor-element-b7740ab elementor-shape-circle elementor-grid-0 e-grid-align-center elementor-widget elementor-widget-social-icons\" data-id=\"b7740ab\" data-element_type=\"widget\" data-widget_type=\"social-icons.default\">\n\t\t\t\t<div class=\"elementor-widget-container\">\n\t\t\t\t\t\t\t<div class=\"elementor-social-icons-wrapper elementor-grid\" role=\"list\">\n\t\t\t\t\t\t\t<span class=\"elementor-grid-item\" role=\"listitem\">\n\t\t\t\t\t<a class=\"elementor-icon elementor-social-icon elementor-social-icon-rss elementor-repeater-item-7af8f5a\" href=\"https:\/\/www.arcticlightphoto.no\/\" target=\"_blank\" rel=\"nofollow\">\n\t\t\t\t\t\t<span class=\"elementor-screen-only\">Rss<\/span>\n\t\t\t\t\t\t<i class=\"fas fa-rss\"><\/i>\t\t\t\t\t<\/a>\n\t\t\t\t<\/span>\n\t\t\t\t\t\t\t<span class=\"elementor-grid-item\" role=\"listitem\">\n\t\t\t\t\t<a class=\"elementor-icon elementor-social-icon elementor-social-icon-instagram elementor-repeater-item-e5ee254\" href=\"https:\/\/www.instagram.com\/arcticlightphoto\/\" target=\"_blank\" rel=\"nofollow\">\n\t\t\t\t\t\t<span class=\"elementor-screen-only\">Instagram<\/span>\n\t\t\t\t\t\t<i class=\"fab fa-instagram\"><\/i>\t\t\t\t\t<\/a>\n\t\t\t\t<\/span>\n\t\t\t\t\t\t\t<span class=\"elementor-grid-item\" role=\"listitem\">\n\t\t\t\t\t<a class=\"elementor-icon elementor-social-icon elementor-social-icon-facebook-f elementor-repeater-item-3a8a7fe\" href=\"https:\/\/www.facebook.com\/arcticlightphoto\" target=\"_blank\" rel=\"nofollow\">\n\t\t\t\t\t\t<span class=\"elementor-screen-only\">Facebook-f<\/span>\n\t\t\t\t\t\t<i class=\"fab fa-facebook-f\"><\/i>\t\t\t\t\t<\/a>\n\t\t\t\t<\/span>\n\t\t\t\t\t<\/div>\n\t\t\t\t\t\t<\/div>\n\t\t\t\t<\/div>\n\t\t\t\t\t<\/div>\n\t\t<\/div>\n\t\t\t\t\t<\/div>\n\t\t<\/section>\n\t\t\t\t<\/div>\n\t\t<\/p><p>\t\t<div data-elementor-type=\"wp-post\" data-elementor-id=\"47785\" class=\"elementor elementor-47785 elementor-47293\" data-elementor-post-type=\"ae_global_templates\">\n\t\t\t\t\t\t<section class=\"elementor-section elementor-top-section elementor-element elementor-element-27ab7da1 elementor-section-boxed elementor-section-height-default elementor-section-height-default\" data-id=\"27ab7da1\" data-element_type=\"section\" data-settings=\"{&quot;jet_parallax_layout_list&quot;:[]}\">\n\t\t\t\t\t\t<div class=\"elementor-container elementor-column-gap-default\">\n\t\t\t\t\t<div class=\"elementor-column elementor-col-100 elementor-top-column elementor-element elementor-element-21524c09\" data-id=\"21524c09\" data-element_type=\"column\">\n\t\t\t<div class=\"elementor-widget-wrap elementor-element-populated\">\n\t\t\t\t\t\t<div class=\"elementor-element elementor-element-590afa79 elementor-widget elementor-widget-text-editor\" data-id=\"590afa79\" data-element_type=\"widget\" data-widget_type=\"text-editor.default\">\n\t\t\t\t<div class=\"elementor-widget-container\">\n\t\t\t\t\t\t\t\t\t<h2><span style=\"color: #c7c7c7;\">\u00abSymphony of the lights\u00bb &#8211; Iurie Belegurschi<\/span><\/h2>\t\t\t\t\t\t\t\t<\/div>\n\t\t\t\t<\/div>\n\t\t\t\t\t<\/div>\n\t\t<\/div>\n\t\t\t\t\t<\/div>\n\t\t<\/section>\n\t\t\t\t<section class=\"elementor-section elementor-top-section elementor-element elementor-element-4fd77314 elementor-section-boxed elementor-section-height-default elementor-section-height-default\" data-id=\"4fd77314\" data-element_type=\"section\" data-settings=\"{&quot;jet_parallax_layout_list&quot;:[]}\">\n\t\t\t\t\t\t<div class=\"elementor-container elementor-column-gap-default\">\n\t\t\t\t\t<div class=\"elementor-column elementor-col-100 elementor-top-column elementor-element elementor-element-37d3a8a6\" data-id=\"37d3a8a6\" data-element_type=\"column\">\n\t\t\t<div class=\"elementor-widget-wrap elementor-element-populated\">\n\t\t\t\t\t\t<div class=\"elementor-element elementor-element-72766e43 elementor-widget elementor-widget-text-editor\" data-id=\"72766e43\" data-element_type=\"widget\" data-widget_type=\"text-editor.default\">\n\t\t\t\t<div class=\"elementor-widget-container\">\n\t\t\t\t\t\t\t\t\t<div id=\"attachment_46449\" style=\"width: 710px\" class=\"wp-caption aligncenter\"><img decoding=\"async\" aria-describedby=\"caption-attachment-46449\" class=\"wp-image-46449\" title=\"Imagen inspiraci\u00f3n de Auroras Boreales\" src=\"https:\/\/imgcap.capturetheatlas.com\/wp-content\/uploads\/2020\/11\/Iurie-Belegurschi-Northern-Lights-photographer-of-the-year.jpg\" alt=\"Mejores im\u00e1genes de inspiraci\u00f3n de Auroras Boreales\" width=\"700\" height=\"700\" srcset=\"https:\/\/imgcap.capturetheatlas.com\/wp-content\/uploads\/2020\/11\/Iurie-Belegurschi-Northern-Lights-photographer-of-the-year.jpg 1920w, https:\/\/imgcap.capturetheatlas.com\/wp-content\/uploads\/2020\/11\/Iurie-Belegurschi-Northern-Lights-photographer-of-the-year-300x300.jpg 300w, https:\/\/imgcap.capturetheatlas.com\/wp-content\/uploads\/2020\/11\/Iurie-Belegurschi-Northern-Lights-photographer-of-the-year-1024x1024.jpg 1024w, https:\/\/imgcap.capturetheatlas.com\/wp-content\/uploads\/2020\/11\/Iurie-Belegurschi-Northern-Lights-photographer-of-the-year-150x150.jpg 150w, https:\/\/imgcap.capturetheatlas.com\/wp-content\/uploads\/2020\/11\/Iurie-Belegurschi-Northern-Lights-photographer-of-the-year-768x768.jpg 768w, https:\/\/imgcap.capturetheatlas.com\/wp-content\/uploads\/2020\/11\/Iurie-Belegurschi-Northern-Lights-photographer-of-the-year-1536x1536.jpg 1536w, https:\/\/imgcap.capturetheatlas.com\/wp-content\/uploads\/2020\/11\/Iurie-Belegurschi-Northern-Lights-photographer-of-the-year-90x90.jpg 90w, https:\/\/imgcap.capturetheatlas.com\/wp-content\/uploads\/2020\/11\/Iurie-Belegurschi-Northern-Lights-photographer-of-the-year-380x380.jpg 380w\" sizes=\"(max-width: 700px) 100vw, 700px\" \/><p id=\"caption-attachment-46449\" class=\"wp-caption-text\"><span style=\"color: #c7c7c7;\">\u00abSymphony of the lights\u00bb &#8211; Iurie Belegurschi <\/span><\/p><\/div>\t\t\t\t\t\t\t\t<\/div>\n\t\t\t\t<\/div>\n\t\t\t\t\t<\/div>\n\t\t<\/div>\n\t\t\t\t\t<\/div>\n\t\t<\/section>\n\t\t\t\t<section class=\"elementor-section elementor-top-section elementor-element elementor-element-32dd432c elementor-section-boxed elementor-section-height-default elementor-section-height-default\" data-id=\"32dd432c\" data-element_type=\"section\" data-settings=\"{&quot;jet_parallax_layout_list&quot;:[]}\">\n\t\t\t\t\t\t<div class=\"elementor-container elementor-column-gap-default\">\n\t\t\t\t\t<div class=\"elementor-column elementor-col-100 elementor-top-column elementor-element elementor-element-4647d84d\" data-id=\"4647d84d\" data-element_type=\"column\">\n\t\t\t<div class=\"elementor-widget-wrap elementor-element-populated\">\n\t\t\t\t\t\t<div class=\"elementor-element elementor-element-271b7b7d elementor-icon-list--layout-traditional elementor-list-item-link-full_width elementor-widget elementor-widget-icon-list\" data-id=\"271b7b7d\" data-element_type=\"widget\" data-widget_type=\"icon-list.default\">\n\t\t\t\t<div class=\"elementor-widget-container\">\n\t\t\t\t\t\t\t<ul class=\"elementor-icon-list-items\">\n\t\t\t\t\t\t\t<li class=\"elementor-icon-list-item\">\n\t\t\t\t\t\t\t\t\t\t\t<span class=\"elementor-icon-list-icon\">\n\t\t\t\t\t\t\t<i aria-hidden=\"true\" class=\"fas fa-map-pin\"><\/i>\t\t\t\t\t\t<\/span>\n\t\t\t\t\t\t\t\t\t\t<span class=\"elementor-icon-list-text\">Thingvellir, Islandia<\/span>\n\t\t\t\t\t\t\t\t\t<\/li>\n\t\t\t\t\t\t<\/ul>\n\t\t\t\t\t\t<\/div>\n\t\t\t\t<\/div>\n\t\t\t\t\t<\/div>\n\t\t<\/div>\n\t\t\t\t\t<\/div>\n\t\t<\/section>\n\t\t\t\t<section class=\"elementor-section elementor-top-section elementor-element elementor-element-1a95b460 elementor-section-boxed elementor-section-height-default elementor-section-height-default\" data-id=\"1a95b460\" data-element_type=\"section\" data-settings=\"{&quot;jet_parallax_layout_list&quot;:[]}\">\n\t\t\t\t\t\t<div class=\"elementor-container elementor-column-gap-default\">\n\t\t\t\t\t<div class=\"elementor-column elementor-col-100 elementor-top-column elementor-element elementor-element-5798742c\" data-id=\"5798742c\" data-element_type=\"column\">\n\t\t\t<div class=\"elementor-widget-wrap elementor-element-populated\">\n\t\t\t\t\t\t<div class=\"elementor-element elementor-element-4b4f219c elementor-widget elementor-widget-text-editor\" data-id=\"4b4f219c\" data-element_type=\"widget\" data-widget_type=\"text-editor.default\">\n\t\t\t\t<div class=\"elementor-widget-container\">\n\t\t\t\t\t\t\t\t\t<p style=\"text-align: justify;\"><span style=\"color: #c7c7c7;\">Mi plan para esa noche era fotografiar la aurora boreal en el Parque Nacional de Thingvellir, en Islandia.<\/span><\/p><p style=\"text-align: justify;\"><span style=\"color: #c7c7c7;\">El d\u00eda antes de la \u201cb\u00fasqueda\u201d de la aurora, hubo una gran ventisca y las carreteras estaban llenas de nieve. Despu\u00e9s de esperar 4 horas a que apareciera la aurora sin suerte, decid\u00ed conducir a casa, pero mi coche se atasc\u00f3 en la nieve y, cuando estaba esperando ayuda, finalmente apareci\u00f3 la aurora boreal y \u00abbail\u00f3\u00bb durante unos diez minutos. Tuve la suerte de haberme quedado atascado junto a este r\u00edo ya que pude conseguir esta foto con las auroras boreales reflejadas en el agua.<\/span><\/p><p style=\"text-align: justify;\"><span style=\"color: #c7c7c7;\">Esta es, probablemente, la \u00fanica vez que he estado contento de haberme quedado atrapado en la nieve.<\/span><\/p>\t\t\t\t\t\t\t\t<\/div>\n\t\t\t\t<\/div>\n\t\t\t\t\t<\/div>\n\t\t<\/div>\n\t\t\t\t\t<\/div>\n\t\t<\/section>\n\t\t\t\t<section class=\"elementor-section elementor-top-section elementor-element elementor-element-26e33f5d elementor-section-boxed elementor-section-height-default elementor-section-height-default\" data-id=\"26e33f5d\" data-element_type=\"section\" data-settings=\"{&quot;jet_parallax_layout_list&quot;:[]}\">\n\t\t\t\t\t\t<div class=\"elementor-container elementor-column-gap-default\">\n\t\t\t\t\t<div class=\"elementor-column elementor-col-100 elementor-top-column elementor-element elementor-element-351d23fc\" data-id=\"351d23fc\" data-element_type=\"column\">\n\t\t\t<div class=\"elementor-widget-wrap elementor-element-populated\">\n\t\t\t\t\t\t<div class=\"elementor-element elementor-element-51346e1 elementor-shape-circle elementor-grid-0 e-grid-align-center elementor-widget elementor-widget-social-icons\" data-id=\"51346e1\" data-element_type=\"widget\" data-widget_type=\"social-icons.default\">\n\t\t\t\t<div class=\"elementor-widget-container\">\n\t\t\t\t\t\t\t<div class=\"elementor-social-icons-wrapper elementor-grid\" role=\"list\">\n\t\t\t\t\t\t\t<span class=\"elementor-grid-item\" role=\"listitem\">\n\t\t\t\t\t<a class=\"elementor-icon elementor-social-icon elementor-social-icon-rss elementor-repeater-item-7af8f5a\" href=\"https:\/\/www.iuriebelegurschi.com\" target=\"_blank\" rel=\"nofollow\">\n\t\t\t\t\t\t<span class=\"elementor-screen-only\">Rss<\/span>\n\t\t\t\t\t\t<i class=\"fas fa-rss\"><\/i>\t\t\t\t\t<\/a>\n\t\t\t\t<\/span>\n\t\t\t\t\t\t\t<span class=\"elementor-grid-item\" role=\"listitem\">\n\t\t\t\t\t<a class=\"elementor-icon elementor-social-icon elementor-social-icon-instagram elementor-repeater-item-e5ee254\" href=\"https:\/\/www.instagram.com\/iuriebelegurschi\/?hl=en\" target=\"_blank\" rel=\"nofollow\">\n\t\t\t\t\t\t<span class=\"elementor-screen-only\">Instagram<\/span>\n\t\t\t\t\t\t<i class=\"fab fa-instagram\"><\/i>\t\t\t\t\t<\/a>\n\t\t\t\t<\/span>\n\t\t\t\t\t\t\t<span class=\"elementor-grid-item\" role=\"listitem\">\n\t\t\t\t\t<a class=\"elementor-icon elementor-social-icon elementor-social-icon-facebook-f elementor-repeater-item-3a8a7fe\" href=\"https:\/\/www.facebook.com\/IurieBelegurschiPhotography\" target=\"_blank\" rel=\"nofollow\">\n\t\t\t\t\t\t<span class=\"elementor-screen-only\">Facebook-f<\/span>\n\t\t\t\t\t\t<i class=\"fab fa-facebook-f\"><\/i>\t\t\t\t\t<\/a>\n\t\t\t\t<\/span>\n\t\t\t\t\t<\/div>\n\t\t\t\t\t\t<\/div>\n\t\t\t\t<\/div>\n\t\t\t\t\t<\/div>\n\t\t<\/div>\n\t\t\t\t\t<\/div>\n\t\t<\/section>\n\t\t\t\t<\/div>\n\t\t<\/p><p>\t\t<div data-elementor-type=\"wp-post\" data-elementor-id=\"47788\" class=\"elementor elementor-47788 elementor-47298\" data-elementor-post-type=\"ae_global_templates\">\n\t\t\t\t\t\t<section class=\"elementor-section elementor-top-section elementor-element elementor-element-b025e6b elementor-section-boxed elementor-section-height-default elementor-section-height-default\" data-id=\"b025e6b\" data-element_type=\"section\" data-settings=\"{&quot;jet_parallax_layout_list&quot;:[]}\">\n\t\t\t\t\t\t<div class=\"elementor-container elementor-column-gap-default\">\n\t\t\t\t\t<div class=\"elementor-column elementor-col-100 elementor-top-column elementor-element elementor-element-3f7a695d\" data-id=\"3f7a695d\" data-element_type=\"column\">\n\t\t\t<div class=\"elementor-widget-wrap elementor-element-populated\">\n\t\t\t\t\t\t<div class=\"elementor-element elementor-element-4f47adaa elementor-widget elementor-widget-text-editor\" data-id=\"4f47adaa\" data-element_type=\"widget\" data-widget_type=\"text-editor.default\">\n\t\t\t\t<div class=\"elementor-widget-container\">\n\t\t\t\t\t\t\t\t\t<h2><span style=\"color: #c7c7c7;\">\u00abCuando el sue\u00f1o se hizo realidad\u00bb &#8211; Mohad Almehanna<\/span><\/h2>\t\t\t\t\t\t\t\t<\/div>\n\t\t\t\t<\/div>\n\t\t\t\t\t<\/div>\n\t\t<\/div>\n\t\t\t\t\t<\/div>\n\t\t<\/section>\n\t\t\t\t<section class=\"elementor-section elementor-top-section elementor-element elementor-element-5f351e77 elementor-section-boxed elementor-section-height-default elementor-section-height-default\" data-id=\"5f351e77\" data-element_type=\"section\" data-settings=\"{&quot;jet_parallax_layout_list&quot;:[]}\">\n\t\t\t\t\t\t<div class=\"elementor-container elementor-column-gap-default\">\n\t\t\t\t\t<div class=\"elementor-column elementor-col-100 elementor-top-column elementor-element elementor-element-68cf3605\" data-id=\"68cf3605\" data-element_type=\"column\">\n\t\t\t<div class=\"elementor-widget-wrap elementor-element-populated\">\n\t\t\t\t\t\t<div class=\"elementor-element elementor-element-55d1f26f elementor-widget elementor-widget-text-editor\" data-id=\"55d1f26f\" data-element_type=\"widget\" data-widget_type=\"text-editor.default\">\n\t\t\t\t<div class=\"elementor-widget-container\">\n\t\t\t\t\t\t\t\t\t<div id=\"attachment_47503\" style=\"width: 435px\" class=\"wp-caption aligncenter\"><img decoding=\"async\" aria-describedby=\"caption-attachment-47503\" class=\"wp-image-47503\" title=\"Mejores fotograf\u00edas de la Aurora Boreal sobre el Yuk\u00f3n\" src=\"https:\/\/imgcap.capturetheatlas.com\/wp-content\/uploads\/2020\/11\/Northern-Lights-image-Yukon.jpg\" alt=\"Imagen Aurora Boreal en Yuk\u00f3n, Canada\" width=\"425\" height=\"700\" srcset=\"https:\/\/imgcap.capturetheatlas.com\/wp-content\/uploads\/2020\/11\/Northern-Lights-image-Yukon.jpg 656w, https:\/\/imgcap.capturetheatlas.com\/wp-content\/uploads\/2020\/11\/Northern-Lights-image-Yukon-182x300.jpg 182w, https:\/\/imgcap.capturetheatlas.com\/wp-content\/uploads\/2020\/11\/Northern-Lights-image-Yukon-622x1024.jpg 622w, https:\/\/imgcap.capturetheatlas.com\/wp-content\/uploads\/2020\/11\/Northern-Lights-image-Yukon-231x380.jpg 231w\" sizes=\"(max-width: 425px) 100vw, 425px\" \/><p id=\"caption-attachment-47503\" class=\"wp-caption-text\"><span style=\"color: #c7c7c7;\">\u00abCuando el sue\u00f1o se hizo realidad\u00bb &#8211; Mohad Almehanna <\/span><\/p><\/div>\t\t\t\t\t\t\t\t<\/div>\n\t\t\t\t<\/div>\n\t\t\t\t\t<\/div>\n\t\t<\/div>\n\t\t\t\t\t<\/div>\n\t\t<\/section>\n\t\t\t\t<section class=\"elementor-section elementor-top-section elementor-element elementor-element-386ef6e2 elementor-section-boxed elementor-section-height-default elementor-section-height-default\" data-id=\"386ef6e2\" data-element_type=\"section\" data-settings=\"{&quot;jet_parallax_layout_list&quot;:[]}\">\n\t\t\t\t\t\t<div class=\"elementor-container elementor-column-gap-default\">\n\t\t\t\t\t<div class=\"elementor-column elementor-col-100 elementor-top-column elementor-element elementor-element-69ead415\" data-id=\"69ead415\" data-element_type=\"column\">\n\t\t\t<div class=\"elementor-widget-wrap elementor-element-populated\">\n\t\t\t\t\t\t<div class=\"elementor-element elementor-element-1e2aa4a4 elementor-icon-list--layout-traditional elementor-list-item-link-full_width elementor-widget elementor-widget-icon-list\" data-id=\"1e2aa4a4\" data-element_type=\"widget\" data-widget_type=\"icon-list.default\">\n\t\t\t\t<div class=\"elementor-widget-container\">\n\t\t\t\t\t\t\t<ul class=\"elementor-icon-list-items\">\n\t\t\t\t\t\t\t<li class=\"elementor-icon-list-item\">\n\t\t\t\t\t\t\t\t\t\t\t<span class=\"elementor-icon-list-icon\">\n\t\t\t\t\t\t\t<i aria-hidden=\"true\" class=\"fas fa-map-pin\"><\/i>\t\t\t\t\t\t<\/span>\n\t\t\t\t\t\t\t\t\t\t<span class=\"elementor-icon-list-text\">Yuk\u00f3n, Canad\u00e1<\/span>\n\t\t\t\t\t\t\t\t\t<\/li>\n\t\t\t\t\t\t<\/ul>\n\t\t\t\t\t\t<\/div>\n\t\t\t\t<\/div>\n\t\t\t\t\t<\/div>\n\t\t<\/div>\n\t\t\t\t\t<\/div>\n\t\t<\/section>\n\t\t\t\t<section class=\"elementor-section elementor-top-section elementor-element elementor-element-4e8f1acf elementor-section-boxed elementor-section-height-default elementor-section-height-default\" data-id=\"4e8f1acf\" data-element_type=\"section\" data-settings=\"{&quot;jet_parallax_layout_list&quot;:[]}\">\n\t\t\t\t\t\t<div class=\"elementor-container elementor-column-gap-default\">\n\t\t\t\t\t<div class=\"elementor-column elementor-col-100 elementor-top-column elementor-element elementor-element-314dcbb8\" data-id=\"314dcbb8\" data-element_type=\"column\">\n\t\t\t<div class=\"elementor-widget-wrap elementor-element-populated\">\n\t\t\t\t\t\t<div class=\"elementor-element elementor-element-7cb85546 elementor-widget elementor-widget-text-editor\" data-id=\"7cb85546\" data-element_type=\"widget\" data-widget_type=\"text-editor.default\">\n\t\t\t\t<div class=\"elementor-widget-container\">\n\t\t\t\t\t\t\t\t\t<p style=\"text-align: justify;\"><span style=\"color: #c7c7c7;\">Observando mapas, estaciones,&nbsp;y las posibles composiciones&nbsp;durante unos tres a\u00f1os,&nbsp;hab\u00eda investigado todo lo que necesitaba para conseguir la imagen que ten\u00eda en mente.&nbsp;Me enamor\u00e9 de esta composici\u00f3n en los paisajes del Yuk\u00f3n canadiense, uno de los sitios m\u00e1s salvajes de Norteam\u00e9rica.<\/span><\/p>\n<p style=\"text-align: justify;\"><span style=\"color: #c7c7c7;\">El d\u00eda en que captur\u00e9 esta foto,&nbsp;el clima era extremadamente complicado;&nbsp;la temperatura era de 20 grados bajo cero y el viento muy fuerte.&nbsp;Ten\u00eda cierta visi\u00f3n de la foto que quer\u00eda&nbsp;y, debido al clima extremo,&nbsp;tuve que insistir hasta conseguir la imagen so\u00f1ada.&nbsp;La sensaci\u00f3n de ver este espectacular fen\u00f3meno por primera vez y luchar contra el viento y el fr\u00edo para conseguir la foto fue una emoci\u00f3n enorme que quiero volver a experimentar.<\/span><\/p>\t\t\t\t\t\t\t\t<\/div>\n\t\t\t\t<\/div>\n\t\t\t\t\t<\/div>\n\t\t<\/div>\n\t\t\t\t\t<\/div>\n\t\t<\/section>\n\t\t\t\t<section class=\"elementor-section elementor-top-section elementor-element elementor-element-65755ac1 elementor-section-boxed elementor-section-height-default elementor-section-height-default\" data-id=\"65755ac1\" data-element_type=\"section\" data-settings=\"{&quot;jet_parallax_layout_list&quot;:[]}\">\n\t\t\t\t\t\t<div class=\"elementor-container elementor-column-gap-default\">\n\t\t\t\t\t<div class=\"elementor-column elementor-col-100 elementor-top-column elementor-element elementor-element-7ef4f752\" data-id=\"7ef4f752\" data-element_type=\"column\">\n\t\t\t<div class=\"elementor-widget-wrap elementor-element-populated\">\n\t\t\t\t\t\t<div class=\"elementor-element elementor-element-33501e4a elementor-shape-circle elementor-grid-0 e-grid-align-center elementor-widget elementor-widget-social-icons\" data-id=\"33501e4a\" data-element_type=\"widget\" data-widget_type=\"social-icons.default\">\n\t\t\t\t<div class=\"elementor-widget-container\">\n\t\t\t\t\t\t\t<div class=\"elementor-social-icons-wrapper elementor-grid\">\n\t\t\t\t\t\t\t<span class=\"elementor-grid-item\">\n\t\t\t\t\t<a class=\"elementor-icon elementor-social-icon elementor-social-icon-instagram elementor-repeater-item-e5ee254\" href=\"https:\/\/www.instagram.com\/mohad_almehanna\/\" target=\"_blank\" rel=\"nofollow\">\n\t\t\t\t\t\t<span class=\"elementor-screen-only\">Instagram<\/span>\n\t\t\t\t\t\t<i class=\"fab fa-instagram\"><\/i>\t\t\t\t\t<\/a>\n\t\t\t\t<\/span>\n\t\t\t\t\t<\/div>\n\t\t\t\t\t\t<\/div>\n\t\t\t\t<\/div>\n\t\t\t\t\t<\/div>\n\t\t<\/div>\n\t\t\t\t\t<\/div>\n\t\t<\/section>\n\t\t\t\t<\/div>\n\t\t<\/p><p>\t\t<div data-elementor-type=\"wp-post\" data-elementor-id=\"47797\" class=\"elementor elementor-47797 elementor-47309\" data-elementor-post-type=\"ae_global_templates\">\n\t\t\t\t\t\t<section class=\"elementor-section elementor-top-section elementor-element elementor-element-5fd96052 elementor-section-boxed elementor-section-height-default elementor-section-height-default\" data-id=\"5fd96052\" data-element_type=\"section\" data-settings=\"{&quot;jet_parallax_layout_list&quot;:[]}\">\n\t\t\t\t\t\t<div class=\"elementor-container elementor-column-gap-default\">\n\t\t\t\t\t<div class=\"elementor-column elementor-col-100 elementor-top-column elementor-element elementor-element-69050fe2\" data-id=\"69050fe2\" data-element_type=\"column\">\n\t\t\t<div class=\"elementor-widget-wrap elementor-element-populated\">\n\t\t\t\t\t\t<div class=\"elementor-element elementor-element-f44a771 elementor-widget elementor-widget-text-editor\" data-id=\"f44a771\" data-element_type=\"widget\" data-widget_type=\"text-editor.default\">\n\t\t\t\t<div class=\"elementor-widget-container\">\n\t\t\t\t\t\t\t\t\t<h2><span style=\"color: #c7c7c7;\">\u00abLlamaradas en el cielo\u00bb &#8211; Risto Leskinen<\/span><\/h2>\t\t\t\t\t\t\t\t<\/div>\n\t\t\t\t<\/div>\n\t\t\t\t\t<\/div>\n\t\t<\/div>\n\t\t\t\t\t<\/div>\n\t\t<\/section>\n\t\t\t\t<section class=\"elementor-section elementor-top-section elementor-element elementor-element-3c0a9d79 elementor-section-boxed elementor-section-height-default elementor-section-height-default\" data-id=\"3c0a9d79\" data-element_type=\"section\" data-settings=\"{&quot;jet_parallax_layout_list&quot;:[]}\">\n\t\t\t\t\t\t<div class=\"elementor-container elementor-column-gap-default\">\n\t\t\t\t\t<div class=\"elementor-column elementor-col-100 elementor-top-column elementor-element elementor-element-67266a0b\" data-id=\"67266a0b\" data-element_type=\"column\">\n\t\t\t<div class=\"elementor-widget-wrap elementor-element-populated\">\n\t\t\t\t\t\t<div class=\"elementor-element elementor-element-bc85723 elementor-widget elementor-widget-text-editor\" data-id=\"bc85723\" data-element_type=\"widget\" data-widget_type=\"text-editor.default\">\n\t\t\t\t<div class=\"elementor-widget-container\">\n\t\t\t\t\t\t\t\t\t<div id=\"attachment_48037\" style=\"width: 497px\" class=\"wp-caption aligncenter\"><img decoding=\"async\" aria-describedby=\"caption-attachment-48037\" class=\"wp-image-48037\" title=\"Mejor Fot\u00f3grafo de Auroras Boreales del a\u00f1o\" src=\"https:\/\/imgcap.capturetheatlas.com\/wp-content\/uploads\/2020\/11\/Pallas-Finland-Northern-Lights-.jpg\" alt=\"Pallas Finlandia Aurora Boreal\" width=\"487\" height=\"700\" srcset=\"https:\/\/imgcap.capturetheatlas.com\/wp-content\/uploads\/2020\/11\/Pallas-Finland-Northern-Lights-.jpg 751w, https:\/\/imgcap.capturetheatlas.com\/wp-content\/uploads\/2020\/11\/Pallas-Finland-Northern-Lights--209x300.jpg 209w, https:\/\/imgcap.capturetheatlas.com\/wp-content\/uploads\/2020\/11\/Pallas-Finland-Northern-Lights--712x1024.jpg 712w, https:\/\/imgcap.capturetheatlas.com\/wp-content\/uploads\/2020\/11\/Pallas-Finland-Northern-Lights--264x380.jpg 264w\" sizes=\"(max-width: 487px) 100vw, 487px\" \/><p id=\"caption-attachment-48037\" class=\"wp-caption-text\"><span style=\"color: #c7c7c7;\">\u00abLlamaradas en el cielo\u00bb &#8211; Risto Leskinen <\/span><\/p><\/div>\t\t\t\t\t\t\t\t<\/div>\n\t\t\t\t<\/div>\n\t\t\t\t\t<\/div>\n\t\t<\/div>\n\t\t\t\t\t<\/div>\n\t\t<\/section>\n\t\t\t\t<section class=\"elementor-section elementor-top-section elementor-element elementor-element-790f1fe9 elementor-section-boxed elementor-section-height-default elementor-section-height-default\" data-id=\"790f1fe9\" data-element_type=\"section\" data-settings=\"{&quot;jet_parallax_layout_list&quot;:[]}\">\n\t\t\t\t\t\t<div class=\"elementor-container elementor-column-gap-default\">\n\t\t\t\t\t<div class=\"elementor-column elementor-col-100 elementor-top-column elementor-element elementor-element-32085bdb\" data-id=\"32085bdb\" data-element_type=\"column\">\n\t\t\t<div class=\"elementor-widget-wrap elementor-element-populated\">\n\t\t\t\t\t\t<div class=\"elementor-element elementor-element-62a2d313 elementor-icon-list--layout-traditional elementor-list-item-link-full_width elementor-widget elementor-widget-icon-list\" data-id=\"62a2d313\" data-element_type=\"widget\" data-widget_type=\"icon-list.default\">\n\t\t\t\t<div class=\"elementor-widget-container\">\n\t\t\t\t\t\t\t<ul class=\"elementor-icon-list-items\">\n\t\t\t\t\t\t\t<li class=\"elementor-icon-list-item\">\n\t\t\t\t\t\t\t\t\t\t\t<span class=\"elementor-icon-list-icon\">\n\t\t\t\t\t\t\t<i aria-hidden=\"true\" class=\"fas fa-map-pin\"><\/i>\t\t\t\t\t\t<\/span>\n\t\t\t\t\t\t\t\t\t\t<span class=\"elementor-icon-list-text\">Laponia Finlandesa<\/span>\n\t\t\t\t\t\t\t\t\t<\/li>\n\t\t\t\t\t\t<\/ul>\n\t\t\t\t\t\t<\/div>\n\t\t\t\t<\/div>\n\t\t\t\t\t<\/div>\n\t\t<\/div>\n\t\t\t\t\t<\/div>\n\t\t<\/section>\n\t\t\t\t<section class=\"elementor-section elementor-top-section elementor-element elementor-element-7cd55d8b elementor-section-boxed elementor-section-height-default elementor-section-height-default\" data-id=\"7cd55d8b\" data-element_type=\"section\" data-settings=\"{&quot;jet_parallax_layout_list&quot;:[]}\">\n\t\t\t\t\t\t<div class=\"elementor-container elementor-column-gap-default\">\n\t\t\t\t\t<div class=\"elementor-column elementor-col-100 elementor-top-column elementor-element elementor-element-53b5e7ce\" data-id=\"53b5e7ce\" data-element_type=\"column\">\n\t\t\t<div class=\"elementor-widget-wrap elementor-element-populated\">\n\t\t\t\t\t\t<div class=\"elementor-element elementor-element-72974412 elementor-widget elementor-widget-text-editor\" data-id=\"72974412\" data-element_type=\"widget\" data-widget_type=\"text-editor.default\">\n\t\t\t\t<div class=\"elementor-widget-container\">\n\t\t\t\t\t\t\t\t\t<p style=\"text-align: justify;\"><span style=\"color: #c7c7c7;\">Esta imagen fue tomada en febrero en el Parque Nacional de Pallas-Yll\u00e4s&nbsp;en la Laponia Finlandesa.&nbsp;Los datos de los sat\u00e9lites apuntaban a un fuerte viento solar&nbsp;para esa noche,&nbsp;as\u00ed que decidimos conducir a este lugar&nbsp;donde el paisaje era id\u00edlico con una gran cantidad de nieve fresca en los \u00e1rboles.&nbsp;<\/span><\/p>\n<p style=\"text-align: justify;\"><span style=\"color: #c7c7c7;\">Normalmente intento conseguir una composici\u00f3n y que esta sea la mejor posible,&nbsp;pero esa noche la tormenta de auroras fue excepcionalmente larga,&nbsp;cubriendo todo el cielo,&nbsp;y pude conseguir varias im\u00e1genes con diferentes primeros planos.&nbsp;Hac\u00eda mucho fr\u00edo, pero espect\u00e1culos como estos te hacen olvidarte de la temperatura.&nbsp;&nbsp;<\/span><\/p>\t\t\t\t\t\t\t\t<\/div>\n\t\t\t\t<\/div>\n\t\t\t\t\t<\/div>\n\t\t<\/div>\n\t\t\t\t\t<\/div>\n\t\t<\/section>\n\t\t\t\t<section class=\"elementor-section elementor-top-section elementor-element elementor-element-6d2d3b88 elementor-section-boxed elementor-section-height-default elementor-section-height-default\" data-id=\"6d2d3b88\" data-element_type=\"section\" data-settings=\"{&quot;jet_parallax_layout_list&quot;:[]}\">\n\t\t\t\t\t\t<div class=\"elementor-container elementor-column-gap-default\">\n\t\t\t\t\t<div class=\"elementor-column elementor-col-100 elementor-top-column elementor-element elementor-element-4950e5e3\" data-id=\"4950e5e3\" data-element_type=\"column\">\n\t\t\t<div class=\"elementor-widget-wrap elementor-element-populated\">\n\t\t\t\t\t\t<div class=\"elementor-element elementor-element-20cafd15 elementor-shape-circle elementor-grid-0 e-grid-align-center elementor-widget elementor-widget-social-icons\" data-id=\"20cafd15\" data-element_type=\"widget\" data-widget_type=\"social-icons.default\">\n\t\t\t\t<div class=\"elementor-widget-container\">\n\t\t\t\t\t\t\t<div class=\"elementor-social-icons-wrapper elementor-grid\" role=\"list\">\n\t\t\t\t\t\t\t<span class=\"elementor-grid-item\" role=\"listitem\">\n\t\t\t\t\t<a class=\"elementor-icon elementor-social-icon elementor-social-icon-rss elementor-repeater-item-e5ee254\" href=\"https:\/\/ristoleskinen.kuvat.fi\" target=\"_blank\" rel=\"nofollow\">\n\t\t\t\t\t\t<span class=\"elementor-screen-only\">Rss<\/span>\n\t\t\t\t\t\t<i class=\"fas fa-rss\"><\/i>\t\t\t\t\t<\/a>\n\t\t\t\t<\/span>\n\t\t\t\t\t\t\t<span class=\"elementor-grid-item\" role=\"listitem\">\n\t\t\t\t\t<a class=\"elementor-icon elementor-social-icon elementor-social-icon-instagram elementor-repeater-item-f8cd58e\" href=\"https:\/\/www.instagram.com\/ristoleskinen\/\" target=\"_blank\" rel=\"nofollow\">\n\t\t\t\t\t\t<span class=\"elementor-screen-only\">Instagram<\/span>\n\t\t\t\t\t\t<i class=\"fab fa-instagram\"><\/i>\t\t\t\t\t<\/a>\n\t\t\t\t<\/span>\n\t\t\t\t\t\t\t<span class=\"elementor-grid-item\" role=\"listitem\">\n\t\t\t\t\t<a class=\"elementor-icon elementor-social-icon elementor-social-icon-facebook-f elementor-repeater-item-3a8a7fe\" href=\"https:\/\/www.facebook.com\/risto.leskinen.73\" target=\"_blank\" rel=\"nofollow\">\n\t\t\t\t\t\t<span class=\"elementor-screen-only\">Facebook-f<\/span>\n\t\t\t\t\t\t<i class=\"fab fa-facebook-f\"><\/i>\t\t\t\t\t<\/a>\n\t\t\t\t<\/span>\n\t\t\t\t\t\t\t<span class=\"elementor-grid-item\" role=\"listitem\">\n\t\t\t\t\t<a class=\"elementor-icon elementor-social-icon elementor-social-icon-500px elementor-repeater-item-e2217ef\" href=\"https:\/\/500px.com\/p\/ristoleskinen?view=photos\" target=\"_blank\" rel=\"nofollow\">\n\t\t\t\t\t\t<span class=\"elementor-screen-only\">500px<\/span>\n\t\t\t\t\t\t<i class=\"fab fa-500px\"><\/i>\t\t\t\t\t<\/a>\n\t\t\t\t<\/span>\n\t\t\t\t\t<\/div>\n\t\t\t\t\t\t<\/div>\n\t\t\t\t<\/div>\n\t\t\t\t\t<\/div>\n\t\t<\/div>\n\t\t\t\t\t<\/div>\n\t\t<\/section>\n\t\t\t\t<\/div>\n\t\t<\/p><p>\t\t<div data-elementor-type=\"wp-post\" data-elementor-id=\"47776\" class=\"elementor elementor-47776 elementor-47281\" data-elementor-post-type=\"ae_global_templates\">\n\t\t\t\t\t\t<section class=\"elementor-section elementor-top-section elementor-element elementor-element-244fac43 elementor-section-boxed elementor-section-height-default elementor-section-height-default\" data-id=\"244fac43\" data-element_type=\"section\" data-settings=\"{&quot;jet_parallax_layout_list&quot;:[]}\">\n\t\t\t\t\t\t<div class=\"elementor-container elementor-column-gap-default\">\n\t\t\t\t\t<div class=\"elementor-column elementor-col-100 elementor-top-column elementor-element elementor-element-73341888\" data-id=\"73341888\" data-element_type=\"column\">\n\t\t\t<div class=\"elementor-widget-wrap elementor-element-populated\">\n\t\t\t\t\t\t<div class=\"elementor-element elementor-element-30198d24 elementor-widget elementor-widget-text-editor\" data-id=\"30198d24\" data-element_type=\"widget\" data-widget_type=\"text-editor.default\">\n\t\t\t\t<div class=\"elementor-widget-container\">\n\t\t\t\t\t\t\t\t\t<h2><span style=\"color: #c7c7c7;\">\u00abTurbulencia\u00bb &#8211; John Weatherby<\/span><\/h2>\t\t\t\t\t\t\t\t<\/div>\n\t\t\t\t<\/div>\n\t\t\t\t\t<\/div>\n\t\t<\/div>\n\t\t\t\t\t<\/div>\n\t\t<\/section>\n\t\t\t\t<section class=\"elementor-section elementor-top-section elementor-element elementor-element-47a1e9ea elementor-section-boxed elementor-section-height-default elementor-section-height-default\" data-id=\"47a1e9ea\" data-element_type=\"section\" data-settings=\"{&quot;jet_parallax_layout_list&quot;:[]}\">\n\t\t\t\t\t\t<div class=\"elementor-container elementor-column-gap-default\">\n\t\t\t\t\t<div class=\"elementor-column elementor-col-100 elementor-top-column elementor-element elementor-element-55af692e\" data-id=\"55af692e\" data-element_type=\"column\">\n\t\t\t<div class=\"elementor-widget-wrap elementor-element-populated\">\n\t\t\t\t\t\t<div class=\"elementor-element elementor-element-4324fc0c elementor-widget elementor-widget-text-editor\" data-id=\"4324fc0c\" data-element_type=\"widget\" data-widget_type=\"text-editor.default\">\n\t\t\t\t<div class=\"elementor-widget-container\">\n\t\t\t\t\t\t\t\t\t<div id=\"attachment_46463\" style=\"width: 492px\" class=\"wp-caption aligncenter\"><img decoding=\"async\" aria-describedby=\"caption-attachment-46463\" class=\"wp-image-46463\" title=\"Auroras Boreales y avi\u00f3n estrellado en Islandia\" src=\"https:\/\/imgcap.capturetheatlas.com\/wp-content\/uploads\/2020\/11\/Northern-Lights-photographer-of-the-year-John-Weatherby.jpg\" alt=\"Aurora Boreal y avi\u00f3n en Islandia\" width=\"482\" height=\"700\" srcset=\"https:\/\/imgcap.capturetheatlas.com\/wp-content\/uploads\/2020\/11\/Northern-Lights-photographer-of-the-year-John-Weatherby.jpg 743w, https:\/\/imgcap.capturetheatlas.com\/wp-content\/uploads\/2020\/11\/Northern-Lights-photographer-of-the-year-John-Weatherby-206x300.jpg 206w, https:\/\/imgcap.capturetheatlas.com\/wp-content\/uploads\/2020\/11\/Northern-Lights-photographer-of-the-year-John-Weatherby-704x1024.jpg 704w, https:\/\/imgcap.capturetheatlas.com\/wp-content\/uploads\/2020\/11\/Northern-Lights-photographer-of-the-year-John-Weatherby-261x380.jpg 261w\" sizes=\"(max-width: 482px) 100vw, 482px\" \/><p id=\"caption-attachment-46463\" class=\"wp-caption-text\"><span style=\"color: #c7c7c7;\">\u00abTurbuluncia\u00bb &#8211; John Weatherby <\/span><\/p><\/div>\t\t\t\t\t\t\t\t<\/div>\n\t\t\t\t<\/div>\n\t\t\t\t\t<\/div>\n\t\t<\/div>\n\t\t\t\t\t<\/div>\n\t\t<\/section>\n\t\t\t\t<section class=\"elementor-section elementor-top-section elementor-element elementor-element-617c7617 elementor-section-boxed elementor-section-height-default elementor-section-height-default\" data-id=\"617c7617\" data-element_type=\"section\" data-settings=\"{&quot;jet_parallax_layout_list&quot;:[]}\">\n\t\t\t\t\t\t<div class=\"elementor-container elementor-column-gap-default\">\n\t\t\t\t\t<div class=\"elementor-column elementor-col-100 elementor-top-column elementor-element elementor-element-755b23bc\" data-id=\"755b23bc\" data-element_type=\"column\">\n\t\t\t<div class=\"elementor-widget-wrap elementor-element-populated\">\n\t\t\t\t\t\t<div class=\"elementor-element elementor-element-4cd6cb5e elementor-icon-list--layout-traditional elementor-list-item-link-full_width elementor-widget elementor-widget-icon-list\" data-id=\"4cd6cb5e\" data-element_type=\"widget\" data-widget_type=\"icon-list.default\">\n\t\t\t\t<div class=\"elementor-widget-container\">\n\t\t\t\t\t\t\t<ul class=\"elementor-icon-list-items\">\n\t\t\t\t\t\t\t<li class=\"elementor-icon-list-item\">\n\t\t\t\t\t\t\t\t\t\t\t<span class=\"elementor-icon-list-icon\">\n\t\t\t\t\t\t\t<i aria-hidden=\"true\" class=\"fas fa-map-pin\"><\/i>\t\t\t\t\t\t<\/span>\n\t\t\t\t\t\t\t\t\t\t<span class=\"elementor-icon-list-text\">Islandia<\/span>\n\t\t\t\t\t\t\t\t\t<\/li>\n\t\t\t\t\t\t<\/ul>\n\t\t\t\t\t\t<\/div>\n\t\t\t\t<\/div>\n\t\t\t\t\t<\/div>\n\t\t<\/div>\n\t\t\t\t\t<\/div>\n\t\t<\/section>\n\t\t\t\t<section class=\"elementor-section elementor-top-section elementor-element elementor-element-7737822 elementor-section-boxed elementor-section-height-default elementor-section-height-default\" data-id=\"7737822\" data-element_type=\"section\" data-settings=\"{&quot;jet_parallax_layout_list&quot;:[]}\">\n\t\t\t\t\t\t<div class=\"elementor-container elementor-column-gap-default\">\n\t\t\t\t\t<div class=\"elementor-column elementor-col-100 elementor-top-column elementor-element elementor-element-3a875bd4\" data-id=\"3a875bd4\" data-element_type=\"column\">\n\t\t\t<div class=\"elementor-widget-wrap elementor-element-populated\">\n\t\t\t\t\t\t<div class=\"elementor-element elementor-element-ad3c652 elementor-widget elementor-widget-text-editor\" data-id=\"ad3c652\" data-element_type=\"widget\" data-widget_type=\"text-editor.default\">\n\t\t\t\t<div class=\"elementor-widget-container\">\n\t\t\t\t\t\t\t\t\t<p style=\"text-align: justify;\"><span style=\"color: #c7c7c7;\">Esta noche fue sin duda especial.&nbsp;Fue la segunda noche de nuestro viaje fotogr\u00e1fico a Islandia, donde guiamos a 10 personas por este incre\u00edble pa\u00eds durante su primera visita.<\/span><\/p>\n<p style=\"text-align: justify;\"><span style=\"color: #c7c7c7;\">El pron\u00f3stico para esa noche era de tormenta solar,&nbsp;y no decepcion\u00f3.&nbsp;Tras la primera se\u00f1al de verde en el cielo, el grupo decidi\u00f3 visitar los restos del famoso avi\u00f3n de S\u00f3lheimasandur.&nbsp;Fue un gran esfuerzo para el grupo,&nbsp;pero logramos iluminar el avi\u00f3n desde dentro con dos&nbsp;luces&nbsp;LED de&nbsp;colores&nbsp;que trajo uno de los integrantes.&nbsp;El o\u00edr los gritos del grupo en la oscuridad al ver Auroras por primera vez es algo que recordar\u00e9&nbsp;para el resto de mi vida.&nbsp;&nbsp;<\/span><\/p>\n<p style=\"text-align: justify;\"><span style=\"color: #c7c7c7;\">Me encanta \u201ccazar\u201d la&nbsp;Aurora Boreal&nbsp;porque siempre es una experiencia nueva.&nbsp;No hay dos Auroras iguales, y la emoci\u00f3n cuando las persigues es incre\u00edble.&nbsp;Verlas no es f\u00e1cil, ya que requiere planificaci\u00f3n y parte de&nbsp;suerte, pero cuando por fin lo consigues, hace que todo merezca la pena.<\/span><\/p>\t\t\t\t\t\t\t\t<\/div>\n\t\t\t\t<\/div>\n\t\t\t\t\t<\/div>\n\t\t<\/div>\n\t\t\t\t\t<\/div>\n\t\t<\/section>\n\t\t\t\t<section class=\"elementor-section elementor-top-section elementor-element elementor-element-1aec07dd elementor-section-boxed elementor-section-height-default elementor-section-height-default\" data-id=\"1aec07dd\" data-element_type=\"section\" data-settings=\"{&quot;jet_parallax_layout_list&quot;:[]}\">\n\t\t\t\t\t\t<div class=\"elementor-container elementor-column-gap-default\">\n\t\t\t\t\t<div class=\"elementor-column elementor-col-100 elementor-top-column elementor-element elementor-element-7889b63\" data-id=\"7889b63\" data-element_type=\"column\">\n\t\t\t<div class=\"elementor-widget-wrap elementor-element-populated\">\n\t\t\t\t\t\t<div class=\"elementor-element elementor-element-4ceff452 elementor-shape-circle elementor-grid-0 e-grid-align-center elementor-widget elementor-widget-social-icons\" data-id=\"4ceff452\" data-element_type=\"widget\" data-widget_type=\"social-icons.default\">\n\t\t\t\t<div class=\"elementor-widget-container\">\n\t\t\t\t\t\t\t<div class=\"elementor-social-icons-wrapper elementor-grid\" role=\"list\">\n\t\t\t\t\t\t\t<span class=\"elementor-grid-item\" role=\"listitem\">\n\t\t\t\t\t<a class=\"elementor-icon elementor-social-icon elementor-social-icon-rss elementor-repeater-item-7af8f5a\" href=\"https:\/\/johnweatherby.com\" target=\"_blank\" rel=\"nofollow\">\n\t\t\t\t\t\t<span class=\"elementor-screen-only\">Rss<\/span>\n\t\t\t\t\t\t<i class=\"fas fa-rss\"><\/i>\t\t\t\t\t<\/a>\n\t\t\t\t<\/span>\n\t\t\t\t\t\t\t<span class=\"elementor-grid-item\" role=\"listitem\">\n\t\t\t\t\t<a class=\"elementor-icon elementor-social-icon elementor-social-icon-rss elementor-repeater-item-9bd1fee\" href=\"https:\/\/thepropanel.com\" target=\"_blank\" rel=\"nofollow\">\n\t\t\t\t\t\t<span class=\"elementor-screen-only\">Rss<\/span>\n\t\t\t\t\t\t<i class=\"fas fa-rss\"><\/i>\t\t\t\t\t<\/a>\n\t\t\t\t<\/span>\n\t\t\t\t\t\t\t<span class=\"elementor-grid-item\" role=\"listitem\">\n\t\t\t\t\t<a class=\"elementor-icon elementor-social-icon elementor-social-icon-instagram elementor-repeater-item-e5ee254\" href=\"https:\/\/www.instagram.com\/whereisweatherby\/?hl=es\" target=\"_blank\" rel=\"nofollow\">\n\t\t\t\t\t\t<span class=\"elementor-screen-only\">Instagram<\/span>\n\t\t\t\t\t\t<i class=\"fab fa-instagram\"><\/i>\t\t\t\t\t<\/a>\n\t\t\t\t<\/span>\n\t\t\t\t\t\t\t<span class=\"elementor-grid-item\" role=\"listitem\">\n\t\t\t\t\t<a class=\"elementor-icon elementor-social-icon elementor-social-icon-facebook-f elementor-repeater-item-3a8a7fe\" href=\"https:\/\/www.facebook.com\/weatherby.photography\/\" target=\"_blank\" rel=\"nofollow\">\n\t\t\t\t\t\t<span class=\"elementor-screen-only\">Facebook-f<\/span>\n\t\t\t\t\t\t<i class=\"fab fa-facebook-f\"><\/i>\t\t\t\t\t<\/a>\n\t\t\t\t<\/span>\n\t\t\t\t\t<\/div>\n\t\t\t\t\t\t<\/div>\n\t\t\t\t<\/div>\n\t\t\t\t\t<\/div>\n\t\t<\/div>\n\t\t\t\t\t<\/div>\n\t\t<\/section>\n\t\t\t\t<\/div>\n\t\t<\/p><p>\t\t<div data-elementor-type=\"wp-post\" data-elementor-id=\"47760\" class=\"elementor elementor-47760 elementor-47266\" data-elementor-post-type=\"ae_global_templates\">\n\t\t\t\t\t\t<section class=\"elementor-section elementor-top-section elementor-element elementor-element-68642aa elementor-section-boxed elementor-section-height-default elementor-section-height-default\" data-id=\"68642aa\" data-element_type=\"section\" data-settings=\"{&quot;jet_parallax_layout_list&quot;:[]}\">\n\t\t\t\t\t\t<div class=\"elementor-container elementor-column-gap-default\">\n\t\t\t\t\t<div class=\"elementor-column elementor-col-100 elementor-top-column elementor-element elementor-element-2d5ef202\" data-id=\"2d5ef202\" data-element_type=\"column\">\n\t\t\t<div class=\"elementor-widget-wrap elementor-element-populated\">\n\t\t\t\t\t\t<div class=\"elementor-element elementor-element-351adaca elementor-widget elementor-widget-text-editor\" data-id=\"351adaca\" data-element_type=\"widget\" data-widget_type=\"text-editor.default\">\n\t\t\t\t<div class=\"elementor-widget-container\">\n\t\t\t\t\t\t\t\t\t<h2><span style=\"color: #c7c7c7;\">\u00abGhosts of the fell\u00bb &#8211; Petri Puurunen<\/span><\/h2>\t\t\t\t\t\t\t\t<\/div>\n\t\t\t\t<\/div>\n\t\t\t\t\t<\/div>\n\t\t<\/div>\n\t\t\t\t\t<\/div>\n\t\t<\/section>\n\t\t\t\t<section class=\"elementor-section elementor-top-section elementor-element elementor-element-1a0880c1 elementor-section-boxed elementor-section-height-default elementor-section-height-default\" data-id=\"1a0880c1\" data-element_type=\"section\" data-settings=\"{&quot;jet_parallax_layout_list&quot;:[]}\">\n\t\t\t\t\t\t<div class=\"elementor-container elementor-column-gap-default\">\n\t\t\t\t\t<div class=\"elementor-column elementor-col-100 elementor-top-column elementor-element elementor-element-5205e7c3\" data-id=\"5205e7c3\" data-element_type=\"column\">\n\t\t\t<div class=\"elementor-widget-wrap elementor-element-populated\">\n\t\t\t\t\t\t<div class=\"elementor-element elementor-element-395a9102 elementor-widget elementor-widget-text-editor\" data-id=\"395a9102\" data-element_type=\"widget\" data-widget_type=\"text-editor.default\">\n\t\t\t\t<div class=\"elementor-widget-container\">\n\t\t\t\t\t\t\t\t\t<div id=\"attachment_46453\" style=\"width: 1930px\" class=\"wp-caption aligncenter\"><img decoding=\"async\" aria-describedby=\"caption-attachment-46453\" class=\"wp-image-46453 size-full\" title=\"Aurora Boreal en the Fell, Finlandia \" src=\"https:\/\/imgcap.capturetheatlas.com\/wp-content\/uploads\/2020\/11\/Northern-Lights-photographer-of-the-year-Petri-Puurunen.jpg\" alt=\"Mejores fotos Aurora Boreal Finlandia\" width=\"1920\" height=\"1280\" srcset=\"https:\/\/imgcap.capturetheatlas.com\/wp-content\/uploads\/2020\/11\/Northern-Lights-photographer-of-the-year-Petri-Puurunen.jpg 1920w, https:\/\/imgcap.capturetheatlas.com\/wp-content\/uploads\/2020\/11\/Northern-Lights-photographer-of-the-year-Petri-Puurunen-300x200.jpg 300w, https:\/\/imgcap.capturetheatlas.com\/wp-content\/uploads\/2020\/11\/Northern-Lights-photographer-of-the-year-Petri-Puurunen-1024x683.jpg 1024w, https:\/\/imgcap.capturetheatlas.com\/wp-content\/uploads\/2020\/11\/Northern-Lights-photographer-of-the-year-Petri-Puurunen-768x512.jpg 768w, https:\/\/imgcap.capturetheatlas.com\/wp-content\/uploads\/2020\/11\/Northern-Lights-photographer-of-the-year-Petri-Puurunen-1536x1024.jpg 1536w, https:\/\/imgcap.capturetheatlas.com\/wp-content\/uploads\/2020\/11\/Northern-Lights-photographer-of-the-year-Petri-Puurunen-570x380.jpg 570w\" sizes=\"(max-width: 1920px) 100vw, 1920px\" \/><p id=\"caption-attachment-46453\" class=\"wp-caption-text\"><span style=\"color: #c7c7c7;\">\u00abGhosts of the fell\u00bb &#8211; Petri Puurunen <\/span><\/p><\/div>\t\t\t\t\t\t\t\t<\/div>\n\t\t\t\t<\/div>\n\t\t\t\t\t<\/div>\n\t\t<\/div>\n\t\t\t\t\t<\/div>\n\t\t<\/section>\n\t\t\t\t<section class=\"elementor-section elementor-top-section elementor-element elementor-element-16b65ed6 elementor-section-boxed elementor-section-height-default elementor-section-height-default\" data-id=\"16b65ed6\" data-element_type=\"section\" data-settings=\"{&quot;jet_parallax_layout_list&quot;:[]}\">\n\t\t\t\t\t\t<div class=\"elementor-container elementor-column-gap-default\">\n\t\t\t\t\t<div class=\"elementor-column elementor-col-100 elementor-top-column elementor-element elementor-element-29c058a0\" data-id=\"29c058a0\" data-element_type=\"column\">\n\t\t\t<div class=\"elementor-widget-wrap elementor-element-populated\">\n\t\t\t\t\t\t<div class=\"elementor-element elementor-element-73f48a3f elementor-icon-list--layout-traditional elementor-list-item-link-full_width elementor-widget elementor-widget-icon-list\" data-id=\"73f48a3f\" data-element_type=\"widget\" data-widget_type=\"icon-list.default\">\n\t\t\t\t<div class=\"elementor-widget-container\">\n\t\t\t\t\t\t\t<ul class=\"elementor-icon-list-items\">\n\t\t\t\t\t\t\t<li class=\"elementor-icon-list-item\">\n\t\t\t\t\t\t\t\t\t\t\t<span class=\"elementor-icon-list-icon\">\n\t\t\t\t\t\t\t<i aria-hidden=\"true\" class=\"fas fa-map-pin\"><\/i>\t\t\t\t\t\t<\/span>\n\t\t\t\t\t\t\t\t\t\t<span class=\"elementor-icon-list-text\">Laponia Finlandesa<\/span>\n\t\t\t\t\t\t\t\t\t<\/li>\n\t\t\t\t\t\t<\/ul>\n\t\t\t\t\t\t<\/div>\n\t\t\t\t<\/div>\n\t\t\t\t\t<\/div>\n\t\t<\/div>\n\t\t\t\t\t<\/div>\n\t\t<\/section>\n\t\t\t\t<section class=\"elementor-section elementor-top-section elementor-element elementor-element-6573e elementor-section-boxed elementor-section-height-default elementor-section-height-default\" data-id=\"6573e\" data-element_type=\"section\" data-settings=\"{&quot;jet_parallax_layout_list&quot;:[]}\">\n\t\t\t\t\t\t<div class=\"elementor-container elementor-column-gap-default\">\n\t\t\t\t\t<div class=\"elementor-column elementor-col-100 elementor-top-column elementor-element elementor-element-3e04769a\" data-id=\"3e04769a\" data-element_type=\"column\">\n\t\t\t<div class=\"elementor-widget-wrap elementor-element-populated\">\n\t\t\t\t\t\t<div class=\"elementor-element elementor-element-b10fd7c elementor-widget elementor-widget-text-editor\" data-id=\"b10fd7c\" data-element_type=\"widget\" data-widget_type=\"text-editor.default\">\n\t\t\t\t<div class=\"elementor-widget-container\">\n\t\t\t\t\t\t\t\t\t<p style=\"text-align: justify;\"><span style=\"color: #c7c7c7;\">El pron\u00f3stico del tiempo eran cielos despejados y temperaturas de -24\u00a0\u00baC,\u00a0as\u00ed que no pod\u00eda haber mejores condiciones para fotografiar los \u00e1rboles de la Laponia finlandesa enterrados en la nieve junto con la Aurora Boreal.<\/span><br \/><\/p><p style=\"text-align: justify;\"><span style=\"color: #c7c7c7;\">Estos \u00e1rboles nevados\u00a0pueden tener\u00a0hasta\u00a010 metros de altura y\u00a0con la nieve, pesar varias toneladas.\u00a0La\u00a0media luna\u00a0iluminaba el paisaje,\u00a0por lo que las condiciones fotogr\u00e1ficas eran casi\u00a0perfectas.\u00a0Mientras deambulaba por la zona buscando composiciones,\u00a0las\u00a0Auroras comenzaron a subir lentamente por el cielo,\u00a0desapareciendo tan s\u00f3lo diez minutos\u00a0m\u00e1s tarde.\u00a0Me las arregl\u00e9 para sacar\u00a0un\u00a0par de fotos a tiempo.\u00a0El equipo que utilic\u00e9 es una Canon 5dMkIV junto con la lente Sigma Art 14 \/ 1.8.\u00a0Los EXIF son: 8 s, f \/ 2.8, ISO1600.<\/span><\/p>\t\t\t\t\t\t\t\t<\/div>\n\t\t\t\t<\/div>\n\t\t\t\t\t<\/div>\n\t\t<\/div>\n\t\t\t\t\t<\/div>\n\t\t<\/section>\n\t\t\t\t<section class=\"elementor-section elementor-top-section elementor-element elementor-element-16dfc996 elementor-section-boxed elementor-section-height-default elementor-section-height-default\" data-id=\"16dfc996\" data-element_type=\"section\" data-settings=\"{&quot;jet_parallax_layout_list&quot;:[]}\">\n\t\t\t\t\t\t<div class=\"elementor-container elementor-column-gap-default\">\n\t\t\t\t\t<div class=\"elementor-column elementor-col-100 elementor-top-column elementor-element elementor-element-4b4ccfe\" data-id=\"4b4ccfe\" data-element_type=\"column\">\n\t\t\t<div class=\"elementor-widget-wrap elementor-element-populated\">\n\t\t\t\t\t\t<div class=\"elementor-element elementor-element-42e8d026 elementor-shape-circle elementor-grid-0 e-grid-align-center elementor-widget elementor-widget-social-icons\" data-id=\"42e8d026\" data-element_type=\"widget\" data-widget_type=\"social-icons.default\">\n\t\t\t\t<div class=\"elementor-widget-container\">\n\t\t\t\t\t\t\t<div class=\"elementor-social-icons-wrapper elementor-grid\" role=\"list\">\n\t\t\t\t\t\t\t<span class=\"elementor-grid-item\" role=\"listitem\">\n\t\t\t\t\t<a class=\"elementor-icon elementor-social-icon elementor-social-icon-rss elementor-repeater-item-7af8f5a\" href=\"https:\/\/www.petripuurunen.com\" target=\"_blank\" rel=\"nofollow\">\n\t\t\t\t\t\t<span class=\"elementor-screen-only\">Rss<\/span>\n\t\t\t\t\t\t<i class=\"fas fa-rss\"><\/i>\t\t\t\t\t<\/a>\n\t\t\t\t<\/span>\n\t\t\t\t\t\t\t<span class=\"elementor-grid-item\" role=\"listitem\">\n\t\t\t\t\t<a class=\"elementor-icon elementor-social-icon elementor-social-icon-instagram elementor-repeater-item-e5ee254\" href=\"https:\/\/www.instagram.com\/petripuurunen\/?hl=es\" target=\"_blank\" rel=\"nofollow\">\n\t\t\t\t\t\t<span class=\"elementor-screen-only\">Instagram<\/span>\n\t\t\t\t\t\t<i class=\"fab fa-instagram\"><\/i>\t\t\t\t\t<\/a>\n\t\t\t\t<\/span>\n\t\t\t\t\t\t\t<span class=\"elementor-grid-item\" role=\"listitem\">\n\t\t\t\t\t<a class=\"elementor-icon elementor-social-icon elementor-social-icon-facebook-f elementor-repeater-item-3a8a7fe\" href=\"https:\/\/www.facebook.com\/petripuurunenphoto\/\" target=\"_blank\" rel=\"nofollow\">\n\t\t\t\t\t\t<span class=\"elementor-screen-only\">Facebook-f<\/span>\n\t\t\t\t\t\t<i class=\"fab fa-facebook-f\"><\/i>\t\t\t\t\t<\/a>\n\t\t\t\t<\/span>\n\t\t\t\t\t<\/div>\n\t\t\t\t\t\t<\/div>\n\t\t\t\t<\/div>\n\t\t\t\t\t<\/div>\n\t\t<\/div>\n\t\t\t\t\t<\/div>\n\t\t<\/section>\n\t\t\t\t<\/div>\n\t\t<\/p><p>\t\t<div data-elementor-type=\"wp-post\" data-elementor-id=\"47794\" class=\"elementor elementor-47794 elementor-47306\" data-elementor-post-type=\"ae_global_templates\">\n\t\t\t\t\t\t<section class=\"elementor-section elementor-top-section elementor-element elementor-element-1b5d5c52 elementor-section-boxed elementor-section-height-default elementor-section-height-default\" data-id=\"1b5d5c52\" data-element_type=\"section\" data-settings=\"{&quot;jet_parallax_layout_list&quot;:[]}\">\n\t\t\t\t\t\t<div class=\"elementor-container elementor-column-gap-default\">\n\t\t\t\t\t<div class=\"elementor-column elementor-col-100 elementor-top-column elementor-element elementor-element-169ed378\" data-id=\"169ed378\" data-element_type=\"column\">\n\t\t\t<div class=\"elementor-widget-wrap elementor-element-populated\">\n\t\t\t\t\t\t<div class=\"elementor-element elementor-element-45bace81 elementor-widget elementor-widget-text-editor\" data-id=\"45bace81\" data-element_type=\"widget\" data-widget_type=\"text-editor.default\">\n\t\t\t\t<div class=\"elementor-widget-container\">\n\t\t\t\t\t\t\t\t\t<h2><span style=\"color: #c7c7c7;\">\u00abAfirmaci\u00f3n\u00bb &#8211; William Patino<\/span><\/h2>\t\t\t\t\t\t\t\t<\/div>\n\t\t\t\t<\/div>\n\t\t\t\t\t<\/div>\n\t\t<\/div>\n\t\t\t\t\t<\/div>\n\t\t<\/section>\n\t\t\t\t<section class=\"elementor-section elementor-top-section elementor-element elementor-element-2476e8d3 elementor-section-boxed elementor-section-height-default elementor-section-height-default\" data-id=\"2476e8d3\" data-element_type=\"section\" data-settings=\"{&quot;jet_parallax_layout_list&quot;:[]}\">\n\t\t\t\t\t\t<div class=\"elementor-container elementor-column-gap-default\">\n\t\t\t\t\t<div class=\"elementor-column elementor-col-100 elementor-top-column elementor-element elementor-element-4ee47c71\" data-id=\"4ee47c71\" data-element_type=\"column\">\n\t\t\t<div class=\"elementor-widget-wrap elementor-element-populated\">\n\t\t\t\t\t\t<div class=\"elementor-element elementor-element-7b58ffc4 elementor-widget elementor-widget-text-editor\" data-id=\"7b58ffc4\" data-element_type=\"widget\" data-widget_type=\"text-editor.default\">\n\t\t\t\t<div class=\"elementor-widget-container\">\n\t\t\t\t\t\t\t\t\t<div id=\"attachment_47497\" style=\"width: 477px\" class=\"wp-caption aligncenter\"><img decoding=\"async\" aria-describedby=\"caption-attachment-47497\" class=\"wp-image-47497\" title=\"Northern Lights photographer William Patino \" src=\"https:\/\/imgcap.capturetheatlas.com\/wp-content\/uploads\/2020\/11\/Best-Aurora-Borealis-images-Iceland-.jpg\" alt=\"Best Aurora Borealis images of the year\" width=\"467\" height=\"700\" srcset=\"https:\/\/imgcap.capturetheatlas.com\/wp-content\/uploads\/2020\/11\/Best-Aurora-Borealis-images-Iceland-.jpg 721w, https:\/\/imgcap.capturetheatlas.com\/wp-content\/uploads\/2020\/11\/Best-Aurora-Borealis-images-Iceland--200x300.jpg 200w, https:\/\/imgcap.capturetheatlas.com\/wp-content\/uploads\/2020\/11\/Best-Aurora-Borealis-images-Iceland--684x1024.jpg 684w, https:\/\/imgcap.capturetheatlas.com\/wp-content\/uploads\/2020\/11\/Best-Aurora-Borealis-images-Iceland--254x380.jpg 254w\" sizes=\"(max-width: 467px) 100vw, 467px\" \/><p id=\"caption-attachment-47497\" class=\"wp-caption-text\"><span style=\"color: #c7c7c7;\">\u00abAfirmaci\u00f3n\u00bb &#8211; William Patino <\/span><\/p><\/div>\t\t\t\t\t\t\t\t<\/div>\n\t\t\t\t<\/div>\n\t\t\t\t\t<\/div>\n\t\t<\/div>\n\t\t\t\t\t<\/div>\n\t\t<\/section>\n\t\t\t\t<section class=\"elementor-section elementor-top-section elementor-element elementor-element-1d3da01a elementor-section-boxed elementor-section-height-default elementor-section-height-default\" data-id=\"1d3da01a\" data-element_type=\"section\" data-settings=\"{&quot;jet_parallax_layout_list&quot;:[]}\">\n\t\t\t\t\t\t<div class=\"elementor-container elementor-column-gap-default\">\n\t\t\t\t\t<div class=\"elementor-column elementor-col-100 elementor-top-column elementor-element elementor-element-1aa46119\" data-id=\"1aa46119\" data-element_type=\"column\">\n\t\t\t<div class=\"elementor-widget-wrap elementor-element-populated\">\n\t\t\t\t\t\t<div class=\"elementor-element elementor-element-7e47866a elementor-icon-list--layout-traditional elementor-list-item-link-full_width elementor-widget elementor-widget-icon-list\" data-id=\"7e47866a\" data-element_type=\"widget\" data-widget_type=\"icon-list.default\">\n\t\t\t\t<div class=\"elementor-widget-container\">\n\t\t\t\t\t\t\t<ul class=\"elementor-icon-list-items\">\n\t\t\t\t\t\t\t<li class=\"elementor-icon-list-item\">\n\t\t\t\t\t\t\t\t\t\t\t<span class=\"elementor-icon-list-icon\">\n\t\t\t\t\t\t\t<i aria-hidden=\"true\" class=\"fas fa-map-pin\"><\/i>\t\t\t\t\t\t<\/span>\n\t\t\t\t\t\t\t\t\t\t<span class=\"elementor-icon-list-text\">Islandia<\/span>\n\t\t\t\t\t\t\t\t\t<\/li>\n\t\t\t\t\t\t<\/ul>\n\t\t\t\t\t\t<\/div>\n\t\t\t\t<\/div>\n\t\t\t\t\t<\/div>\n\t\t<\/div>\n\t\t\t\t\t<\/div>\n\t\t<\/section>\n\t\t\t\t<section class=\"elementor-section elementor-top-section elementor-element elementor-element-20518777 elementor-section-boxed elementor-section-height-default elementor-section-height-default\" data-id=\"20518777\" data-element_type=\"section\" data-settings=\"{&quot;jet_parallax_layout_list&quot;:[]}\">\n\t\t\t\t\t\t<div class=\"elementor-container elementor-column-gap-default\">\n\t\t\t\t\t<div class=\"elementor-column elementor-col-100 elementor-top-column elementor-element elementor-element-5c5039ce\" data-id=\"5c5039ce\" data-element_type=\"column\">\n\t\t\t<div class=\"elementor-widget-wrap elementor-element-populated\">\n\t\t\t\t\t\t<div class=\"elementor-element elementor-element-1bbb2f39 elementor-widget elementor-widget-text-editor\" data-id=\"1bbb2f39\" data-element_type=\"widget\" data-widget_type=\"text-editor.default\">\n\t\t\t\t<div class=\"elementor-widget-container\">\n\t\t\t\t\t\t\t\t\t<p style=\"text-align: justify;\"><span style=\"color: #c7c7c7;\">Tom\u00e9 esta imagen en Stokssnes, Islandia, capturando a las luces del norte sobre las monta\u00f1as de Vestrahorn.&nbsp;Es raro que todo se alinee al capturar la Aurora Boreal, especialmente en Islandia,&nbsp;pero en esta ocasi\u00f3n,&nbsp;todos los astros se juntaron, incluida una lluvia de&nbsp;meteoritos y un primer plano helado, algo que no es tan com\u00fan en esta localizaci\u00f3n.&nbsp;<\/span><\/p>\n<p style=\"text-align: justify;\"><span style=\"color: #c7c7c7;\">Vi el hielo durante la ma\u00f1ana y supe que reflejar\u00eda muy bien el resplandor verde de la Aurora, que es generalmente lo que busco cuando fotograf\u00edo las luces del norte.&nbsp;La Aurora empez\u00f3 a ser visible&nbsp;durante la hora azul y continu\u00f3 bailando durante la noche, aline\u00e1ndose perfectamente alrededor de la monta\u00f1a.&nbsp;\u00a1Sin duda fue una noche para recordar!&nbsp;&nbsp;&nbsp;&nbsp;<\/span><\/p>\t\t\t\t\t\t\t\t<\/div>\n\t\t\t\t<\/div>\n\t\t\t\t\t<\/div>\n\t\t<\/div>\n\t\t\t\t\t<\/div>\n\t\t<\/section>\n\t\t\t\t<section class=\"elementor-section elementor-top-section elementor-element elementor-element-14ffe1d5 elementor-section-boxed elementor-section-height-default elementor-section-height-default\" data-id=\"14ffe1d5\" data-element_type=\"section\" data-settings=\"{&quot;jet_parallax_layout_list&quot;:[]}\">\n\t\t\t\t\t\t<div class=\"elementor-container elementor-column-gap-default\">\n\t\t\t\t\t<div class=\"elementor-column elementor-col-100 elementor-top-column elementor-element elementor-element-7769555e\" data-id=\"7769555e\" data-element_type=\"column\">\n\t\t\t<div class=\"elementor-widget-wrap elementor-element-populated\">\n\t\t\t\t\t\t<div class=\"elementor-element elementor-element-328fe6c6 elementor-shape-circle elementor-grid-0 e-grid-align-center elementor-widget elementor-widget-social-icons\" data-id=\"328fe6c6\" data-element_type=\"widget\" data-widget_type=\"social-icons.default\">\n\t\t\t\t<div class=\"elementor-widget-container\">\n\t\t\t\t\t\t\t<div class=\"elementor-social-icons-wrapper elementor-grid\" role=\"list\">\n\t\t\t\t\t\t\t<span class=\"elementor-grid-item\" role=\"listitem\">\n\t\t\t\t\t<a class=\"elementor-icon elementor-social-icon elementor-social-icon-rss elementor-repeater-item-7af8f5a\" href=\"https:\/\/williampatino.com\" target=\"_blank\" rel=\"nofollow\">\n\t\t\t\t\t\t<span class=\"elementor-screen-only\">Rss<\/span>\n\t\t\t\t\t\t<i class=\"fas fa-rss\"><\/i>\t\t\t\t\t<\/a>\n\t\t\t\t<\/span>\n\t\t\t\t\t\t\t<span class=\"elementor-grid-item\" role=\"listitem\">\n\t\t\t\t\t<a class=\"elementor-icon elementor-social-icon elementor-social-icon-instagram elementor-repeater-item-e5ee254\" href=\"https:\/\/www.instagram.com\/williampatino_photography\/?hl=es\" target=\"_blank\" rel=\"nofollow\">\n\t\t\t\t\t\t<span class=\"elementor-screen-only\">Instagram<\/span>\n\t\t\t\t\t\t<i class=\"fab fa-instagram\"><\/i>\t\t\t\t\t<\/a>\n\t\t\t\t<\/span>\n\t\t\t\t\t\t\t<span class=\"elementor-grid-item\" role=\"listitem\">\n\t\t\t\t\t<a class=\"elementor-icon elementor-social-icon elementor-social-icon-facebook-f elementor-repeater-item-3a8a7fe\" href=\"https:\/\/www.facebook.com\/WilliamPatinoPhotography\/\" target=\"_blank\" rel=\"nofollow\">\n\t\t\t\t\t\t<span class=\"elementor-screen-only\">Facebook-f<\/span>\n\t\t\t\t\t\t<i class=\"fab fa-facebook-f\"><\/i>\t\t\t\t\t<\/a>\n\t\t\t\t<\/span>\n\t\t\t\t\t<\/div>\n\t\t\t\t\t\t<\/div>\n\t\t\t\t<\/div>\n\t\t\t\t\t<\/div>\n\t\t<\/div>\n\t\t\t\t\t<\/div>\n\t\t<\/section>\n\t\t\t\t<\/div>\n\t\t<\/p><p>\t\t<div data-elementor-type=\"wp-post\" data-elementor-id=\"47748\" class=\"elementor elementor-47748 elementor-47237\" data-elementor-post-type=\"ae_global_templates\">\n\t\t\t\t\t\t<section class=\"elementor-section elementor-top-section elementor-element elementor-element-223794cc elementor-section-boxed elementor-section-height-default elementor-section-height-default\" data-id=\"223794cc\" data-element_type=\"section\" data-settings=\"{&quot;jet_parallax_layout_list&quot;:[]}\">\n\t\t\t\t\t\t<div class=\"elementor-container elementor-column-gap-default\">\n\t\t\t\t\t<div class=\"elementor-column elementor-col-100 elementor-top-column elementor-element elementor-element-48798c93\" data-id=\"48798c93\" data-element_type=\"column\">\n\t\t\t<div class=\"elementor-widget-wrap elementor-element-populated\">\n\t\t\t\t\t\t<div class=\"elementor-element elementor-element-6cbf1a5 elementor-widget elementor-widget-text-editor\" data-id=\"6cbf1a5\" data-element_type=\"widget\" data-widget_type=\"text-editor.default\">\n\t\t\t\t<div class=\"elementor-widget-container\">\n\t\t\t\t\t\t\t\t\t<h2><span style=\"color: #c7c7c7;\">\u00abAurora eruption\u00bb &#8211; Tor-Ivar N\u00e6ss<\/span><\/h2>\t\t\t\t\t\t\t\t<\/div>\n\t\t\t\t<\/div>\n\t\t\t\t\t<\/div>\n\t\t<\/div>\n\t\t\t\t\t<\/div>\n\t\t<\/section>\n\t\t\t\t<section class=\"elementor-section elementor-top-section elementor-element elementor-element-13d382ca elementor-section-boxed elementor-section-height-default elementor-section-height-default\" data-id=\"13d382ca\" data-element_type=\"section\" data-settings=\"{&quot;jet_parallax_layout_list&quot;:[]}\">\n\t\t\t\t\t\t<div class=\"elementor-container elementor-column-gap-default\">\n\t\t\t\t\t<div class=\"elementor-column elementor-col-100 elementor-top-column elementor-element elementor-element-5d439805\" data-id=\"5d439805\" data-element_type=\"column\">\n\t\t\t<div class=\"elementor-widget-wrap elementor-element-populated\">\n\t\t\t\t\t\t<div class=\"elementor-element elementor-element-63a956a2 elementor-widget elementor-widget-text-editor\" data-id=\"63a956a2\" data-element_type=\"widget\" data-widget_type=\"text-editor.default\">\n\t\t\t\t<div class=\"elementor-widget-container\">\n\t\t\t\t\t\t\t\t\t<div id=\"attachment_46473\" style=\"width: 477px\" class=\"wp-caption aligncenter\"><img decoding=\"async\" aria-describedby=\"caption-attachment-46473\" class=\"wp-image-46473\" title=\"Mejores fotos de la Aurora Boreal en Noruega\" src=\"https:\/\/imgcap.capturetheatlas.com\/wp-content\/uploads\/2020\/11\/Northern-Lights-photographer-of-the-year-Tor-Ivar-Naess.jpg\" alt=\"Mejores fotograf\u00edas de la Aurora Boreal Tromso\" width=\"467\" height=\"700\" srcset=\"https:\/\/imgcap.capturetheatlas.com\/wp-content\/uploads\/2020\/11\/Northern-Lights-photographer-of-the-year-Tor-Ivar-Naess.jpg 721w, https:\/\/imgcap.capturetheatlas.com\/wp-content\/uploads\/2020\/11\/Northern-Lights-photographer-of-the-year-Tor-Ivar-Naess-200x300.jpg 200w, https:\/\/imgcap.capturetheatlas.com\/wp-content\/uploads\/2020\/11\/Northern-Lights-photographer-of-the-year-Tor-Ivar-Naess-684x1024.jpg 684w, https:\/\/imgcap.capturetheatlas.com\/wp-content\/uploads\/2020\/11\/Northern-Lights-photographer-of-the-year-Tor-Ivar-Naess-254x380.jpg 254w\" sizes=\"(max-width: 467px) 100vw, 467px\" \/><p id=\"caption-attachment-46473\" class=\"wp-caption-text\"><span style=\"color: #c7c7c7;\">\u00abAurora Eruption\u00bb &#8211; Tor-Ivar N\u00e6ss <\/span><\/p><\/div>\t\t\t\t\t\t\t\t<\/div>\n\t\t\t\t<\/div>\n\t\t\t\t\t<\/div>\n\t\t<\/div>\n\t\t\t\t\t<\/div>\n\t\t<\/section>\n\t\t\t\t<section class=\"elementor-section elementor-top-section elementor-element elementor-element-68495634 elementor-section-boxed elementor-section-height-default elementor-section-height-default\" data-id=\"68495634\" data-element_type=\"section\" data-settings=\"{&quot;jet_parallax_layout_list&quot;:[]}\">\n\t\t\t\t\t\t<div class=\"elementor-container elementor-column-gap-default\">\n\t\t\t\t\t<div class=\"elementor-column elementor-col-100 elementor-top-column elementor-element elementor-element-793a3b2b\" data-id=\"793a3b2b\" data-element_type=\"column\">\n\t\t\t<div class=\"elementor-widget-wrap elementor-element-populated\">\n\t\t\t\t\t\t<div class=\"elementor-element elementor-element-11c3bd30 elementor-icon-list--layout-traditional elementor-list-item-link-full_width elementor-widget elementor-widget-icon-list\" data-id=\"11c3bd30\" data-element_type=\"widget\" data-widget_type=\"icon-list.default\">\n\t\t\t\t<div class=\"elementor-widget-container\">\n\t\t\t\t\t\t\t<ul class=\"elementor-icon-list-items\">\n\t\t\t\t\t\t\t<li class=\"elementor-icon-list-item\">\n\t\t\t\t\t\t\t\t\t\t\t<span class=\"elementor-icon-list-icon\">\n\t\t\t\t\t\t\t<i aria-hidden=\"true\" class=\"fas fa-map-pin\"><\/i>\t\t\t\t\t\t<\/span>\n\t\t\t\t\t\t\t\t\t\t<span class=\"elementor-icon-list-text\">Alpes Lyngen, Noruega<\/span>\n\t\t\t\t\t\t\t\t\t<\/li>\n\t\t\t\t\t\t<\/ul>\n\t\t\t\t\t\t<\/div>\n\t\t\t\t<\/div>\n\t\t\t\t\t<\/div>\n\t\t<\/div>\n\t\t\t\t\t<\/div>\n\t\t<\/section>\n\t\t\t\t<section class=\"elementor-section elementor-top-section elementor-element elementor-element-42fb2044 elementor-section-boxed elementor-section-height-default elementor-section-height-default\" data-id=\"42fb2044\" data-element_type=\"section\" data-settings=\"{&quot;jet_parallax_layout_list&quot;:[]}\">\n\t\t\t\t\t\t<div class=\"elementor-container elementor-column-gap-default\">\n\t\t\t\t\t<div class=\"elementor-column elementor-col-100 elementor-top-column elementor-element elementor-element-a07512c\" data-id=\"a07512c\" data-element_type=\"column\">\n\t\t\t<div class=\"elementor-widget-wrap elementor-element-populated\">\n\t\t\t\t\t\t<div class=\"elementor-element elementor-element-3ba3f004 elementor-widget elementor-widget-text-editor\" data-id=\"3ba3f004\" data-element_type=\"widget\" data-widget_type=\"text-editor.default\">\n\t\t\t\t<div class=\"elementor-widget-container\">\n\t\t\t\t\t\t\t\t\t<p style=\"text-align: justify;\"><span style=\"color: #c7c7c7;\">Hace unos a\u00f1os, me\u00a0di cuenta de la enorme suerte que tengo. Una noche de un martes cualquiera, si el clima acompa\u00f1a y las condiciones son buenas, puedo salir a la puerta de mi casa y disfrutar de uno de los fen\u00f3menos m\u00e1s espectaculares en el mundo: la Aurora Boreal.<\/span><\/p><p style=\"text-align: justify;\"><span style=\"color: #c7c7c7;\">Esta imagen la captur\u00e9 en una de esas noches en los\u00a0majestuosos Alpes de Lyngen, que son siempre\u00a0un escenario fant\u00e1stico cuando hay un gran show de Auroras.\u00a0Era una noche despejada de febrero, y\u00a0la Aurora comenz\u00f3 a moverse\u00a0muy lenta, pero sigui\u00f3 creciendo hasta parecer que las monta\u00f1as erupcionaban las luces de color verde.\u00a0\u00a0<\/span><\/p><p style=\"text-align: justify;\"><span style=\"color: #c7c7c7;\">Gracias a la luz de la luna\u00a0que ven\u00eda\u00a0desde la izquierda (sur), el paisaje estaba muy bien\u00a0iluminado\u00a0y consegu\u00ed un buen equilibrio\u00a0de luces.<\/span><\/p><p style=\"text-align: justify;\"><span style=\"color: #c7c7c7;\">Una cosa\u00a0que\u00a0he\u00a0aprendido a lo largo de los a\u00f1os\u00a0persiguiendo Auroras, es que si esperas a que los cielos est\u00e9n 100% despejados antes de salir, es posible que te pierdas un mont\u00f3n de grandes espect\u00e1culos de Auroras.<\/span><\/p>\t\t\t\t\t\t\t\t<\/div>\n\t\t\t\t<\/div>\n\t\t\t\t\t<\/div>\n\t\t<\/div>\n\t\t\t\t\t<\/div>\n\t\t<\/section>\n\t\t\t\t<section class=\"elementor-section elementor-top-section elementor-element elementor-element-3a928d45 elementor-section-boxed elementor-section-height-default elementor-section-height-default\" data-id=\"3a928d45\" data-element_type=\"section\" data-settings=\"{&quot;jet_parallax_layout_list&quot;:[]}\">\n\t\t\t\t\t\t<div class=\"elementor-container elementor-column-gap-default\">\n\t\t\t\t\t<div class=\"elementor-column elementor-col-100 elementor-top-column elementor-element elementor-element-440cfbc2\" data-id=\"440cfbc2\" data-element_type=\"column\">\n\t\t\t<div class=\"elementor-widget-wrap elementor-element-populated\">\n\t\t\t\t\t\t<div class=\"elementor-element elementor-element-412d6069 elementor-shape-circle elementor-grid-0 e-grid-align-center elementor-widget elementor-widget-social-icons\" data-id=\"412d6069\" data-element_type=\"widget\" data-widget_type=\"social-icons.default\">\n\t\t\t\t<div class=\"elementor-widget-container\">\n\t\t\t\t\t\t\t<div class=\"elementor-social-icons-wrapper elementor-grid\" role=\"list\">\n\t\t\t\t\t\t\t<span class=\"elementor-grid-item\" role=\"listitem\">\n\t\t\t\t\t<a class=\"elementor-icon elementor-social-icon elementor-social-icon-rss elementor-repeater-item-7af8f5a\" href=\"https:\/\/www.torivarnaess.com\/?fbclid=IwAR3rBbt2hcSj_YlZeLOwWAeHo1pnUWsHpEHomF-w2ph1LqjrWTNbUdYxPVc\" target=\"_blank\" rel=\"nofollow\">\n\t\t\t\t\t\t<span class=\"elementor-screen-only\">Rss<\/span>\n\t\t\t\t\t\t<i class=\"fas fa-rss\"><\/i>\t\t\t\t\t<\/a>\n\t\t\t\t<\/span>\n\t\t\t\t\t\t\t<span class=\"elementor-grid-item\" role=\"listitem\">\n\t\t\t\t\t<a class=\"elementor-icon elementor-social-icon elementor-social-icon-instagram elementor-repeater-item-e5ee254\" href=\"https:\/\/www.instagram.com\/torivarnaess\/\" target=\"_blank\" rel=\"nofollow\">\n\t\t\t\t\t\t<span class=\"elementor-screen-only\">Instagram<\/span>\n\t\t\t\t\t\t<i class=\"fab fa-instagram\"><\/i>\t\t\t\t\t<\/a>\n\t\t\t\t<\/span>\n\t\t\t\t\t\t\t<span class=\"elementor-grid-item\" role=\"listitem\">\n\t\t\t\t\t<a class=\"elementor-icon elementor-social-icon elementor-social-icon-facebook-f elementor-repeater-item-3a8a7fe\" href=\"https:\/\/www.facebook.com\/fotograftorivarnaess\/\" target=\"_blank\" rel=\"nofollow\">\n\t\t\t\t\t\t<span class=\"elementor-screen-only\">Facebook-f<\/span>\n\t\t\t\t\t\t<i class=\"fab fa-facebook-f\"><\/i>\t\t\t\t\t<\/a>\n\t\t\t\t<\/span>\n\t\t\t\t\t<\/div>\n\t\t\t\t\t\t<\/div>\n\t\t\t\t<\/div>\n\t\t\t\t\t<\/div>\n\t\t<\/div>\n\t\t\t\t\t<\/div>\n\t\t<\/section>\n\t\t\t\t<\/div>\n\t\t<\/p><p>\t\t<div data-elementor-type=\"wp-post\" data-elementor-id=\"47782\" class=\"elementor elementor-47782 elementor-47288\" data-elementor-post-type=\"ae_global_templates\">\n\t\t\t\t\t\t<section class=\"elementor-section elementor-top-section elementor-element elementor-element-4e200510 elementor-section-boxed elementor-section-height-default elementor-section-height-default\" data-id=\"4e200510\" data-element_type=\"section\" data-settings=\"{&quot;jet_parallax_layout_list&quot;:[]}\">\n\t\t\t\t\t\t<div class=\"elementor-container elementor-column-gap-default\">\n\t\t\t\t\t<div class=\"elementor-column elementor-col-100 elementor-top-column elementor-element elementor-element-decc0c8\" data-id=\"decc0c8\" data-element_type=\"column\">\n\t\t\t<div class=\"elementor-widget-wrap elementor-element-populated\">\n\t\t\t\t\t\t<div class=\"elementor-element elementor-element-1aa5084f elementor-widget elementor-widget-text-editor\" data-id=\"1aa5084f\" data-element_type=\"widget\" data-widget_type=\"text-editor.default\">\n\t\t\t\t<div class=\"elementor-widget-container\">\n\t\t\t\t\t\t\t\t\t<h2><span style=\"color: #c7c7c7;\">\u00abVikings in the sky\u00bb &#8211;\u00a0<\/span><span style=\"color: #c7c7c7;\"><span style=\"caret-color: #c7c7c7;\">nico rinaldi<\/span><\/span><\/h2>\t\t\t\t\t\t\t\t<\/div>\n\t\t\t\t<\/div>\n\t\t\t\t\t<\/div>\n\t\t<\/div>\n\t\t\t\t\t<\/div>\n\t\t<\/section>\n\t\t\t\t<section class=\"elementor-section elementor-top-section elementor-element elementor-element-349a111e elementor-section-boxed elementor-section-height-default elementor-section-height-default\" data-id=\"349a111e\" data-element_type=\"section\" data-settings=\"{&quot;jet_parallax_layout_list&quot;:[]}\">\n\t\t\t\t\t\t<div class=\"elementor-container elementor-column-gap-default\">\n\t\t\t\t\t<div class=\"elementor-column elementor-col-100 elementor-top-column elementor-element elementor-element-2d6cafab\" data-id=\"2d6cafab\" data-element_type=\"column\">\n\t\t\t<div class=\"elementor-widget-wrap elementor-element-populated\">\n\t\t\t\t\t\t<div class=\"elementor-element elementor-element-7f1b4252 elementor-widget elementor-widget-text-editor\" data-id=\"7f1b4252\" data-element_type=\"widget\" data-widget_type=\"text-editor.default\">\n\t\t\t\t<div class=\"elementor-widget-container\">\n\t\t\t\t\t\t\t\t\t<div id=\"attachment_47501\" style=\"width: 1930px\" class=\"wp-caption aligncenter\"><img decoding=\"async\" aria-describedby=\"caption-attachment-47501\" class=\"wp-image-47501 size-full\" title=\"Mejores fotograf\u00edas Auroras Boreales del a\u00f1o\" src=\"https:\/\/imgcap.capturetheatlas.com\/wp-content\/uploads\/2020\/11\/Northern-Lights-best-photos.jpg\" alt=\"Auroras Boreal en Stokksnes, Islandia\" width=\"1920\" height=\"1281\" srcset=\"https:\/\/imgcap.capturetheatlas.com\/wp-content\/uploads\/2020\/11\/Northern-Lights-best-photos.jpg 1920w, https:\/\/imgcap.capturetheatlas.com\/wp-content\/uploads\/2020\/11\/Northern-Lights-best-photos-300x200.jpg 300w, https:\/\/imgcap.capturetheatlas.com\/wp-content\/uploads\/2020\/11\/Northern-Lights-best-photos-1024x683.jpg 1024w, https:\/\/imgcap.capturetheatlas.com\/wp-content\/uploads\/2020\/11\/Northern-Lights-best-photos-768x512.jpg 768w, https:\/\/imgcap.capturetheatlas.com\/wp-content\/uploads\/2020\/11\/Northern-Lights-best-photos-1536x1025.jpg 1536w, https:\/\/imgcap.capturetheatlas.com\/wp-content\/uploads\/2020\/11\/Northern-Lights-best-photos-570x380.jpg 570w\" sizes=\"(max-width: 1920px) 100vw, 1920px\" \/><p id=\"caption-attachment-47501\" class=\"wp-caption-text\"><span style=\"color: #c7c7c7;\">\u00abVikings in the sky\u00bb &#8211; Nico Rinaldi <\/span><\/p><\/div>\t\t\t\t\t\t\t\t<\/div>\n\t\t\t\t<\/div>\n\t\t\t\t\t<\/div>\n\t\t<\/div>\n\t\t\t\t\t<\/div>\n\t\t<\/section>\n\t\t\t\t<section class=\"elementor-section elementor-top-section elementor-element elementor-element-6150ed60 elementor-section-boxed elementor-section-height-default elementor-section-height-default\" data-id=\"6150ed60\" data-element_type=\"section\" data-settings=\"{&quot;jet_parallax_layout_list&quot;:[]}\">\n\t\t\t\t\t\t<div class=\"elementor-container elementor-column-gap-default\">\n\t\t\t\t\t<div class=\"elementor-column elementor-col-100 elementor-top-column elementor-element elementor-element-62ade174\" data-id=\"62ade174\" data-element_type=\"column\">\n\t\t\t<div class=\"elementor-widget-wrap elementor-element-populated\">\n\t\t\t\t\t\t<div class=\"elementor-element elementor-element-5d73a949 elementor-icon-list--layout-traditional elementor-list-item-link-full_width elementor-widget elementor-widget-icon-list\" data-id=\"5d73a949\" data-element_type=\"widget\" data-widget_type=\"icon-list.default\">\n\t\t\t\t<div class=\"elementor-widget-container\">\n\t\t\t\t\t\t\t<ul class=\"elementor-icon-list-items\">\n\t\t\t\t\t\t\t<li class=\"elementor-icon-list-item\">\n\t\t\t\t\t\t\t\t\t\t\t<span class=\"elementor-icon-list-icon\">\n\t\t\t\t\t\t\t<i aria-hidden=\"true\" class=\"fas fa-map-pin\"><\/i>\t\t\t\t\t\t<\/span>\n\t\t\t\t\t\t\t\t\t\t<span class=\"elementor-icon-list-text\">Islandia<\/span>\n\t\t\t\t\t\t\t\t\t<\/li>\n\t\t\t\t\t\t<\/ul>\n\t\t\t\t\t\t<\/div>\n\t\t\t\t<\/div>\n\t\t\t\t\t<\/div>\n\t\t<\/div>\n\t\t\t\t\t<\/div>\n\t\t<\/section>\n\t\t\t\t<section class=\"elementor-section elementor-top-section elementor-element elementor-element-148ba5ba elementor-section-boxed elementor-section-height-default elementor-section-height-default\" data-id=\"148ba5ba\" data-element_type=\"section\" data-settings=\"{&quot;jet_parallax_layout_list&quot;:[]}\">\n\t\t\t\t\t\t<div class=\"elementor-container elementor-column-gap-default\">\n\t\t\t\t\t<div class=\"elementor-column elementor-col-100 elementor-top-column elementor-element elementor-element-3b848d14\" data-id=\"3b848d14\" data-element_type=\"column\">\n\t\t\t<div class=\"elementor-widget-wrap elementor-element-populated\">\n\t\t\t\t\t\t<div class=\"elementor-element elementor-element-22ff7b40 elementor-widget elementor-widget-text-editor\" data-id=\"22ff7b40\" data-element_type=\"widget\" data-widget_type=\"text-editor.default\">\n\t\t\t\t<div class=\"elementor-widget-container\">\n\t\t\t\t\t\t\t\t\t<p style=\"text-align: justify;\"><span style=\"color: #c7c7c7;\">Hice esta foto durante mi segundo viaje por Islandia.&nbsp;En mi primer viaje,&nbsp;no pude visitar esta localizaci\u00f3n, por lo que en este segundo viaje sab\u00eda que no me la pod\u00eda volver a perder.<\/span><\/p>\n<p style=\"text-align: justify;\"><span style=\"color: #c7c7c7;\">Cuando por fin estuve delante de ese paisaje, me qued\u00e9 sin habla; ante m\u00ed ten\u00eda una monta\u00f1a imponente sobre una playa de arena negra volc\u00e1nica y rodeada de grandes dunas creadas por el viento, sin duda una serie de elementos que impresionaba.<\/span><\/p>\n<p style=\"text-align: justify;\"><span style=\"color: #c7c7c7;\">Despu\u00e9s de pasar toda la tarde explorando la zona, eleg\u00ed la composici\u00f3n fotogr\u00e1fica que m\u00e1s me gust\u00f3.&nbsp;La puesta de sol fue muy decepcionante. De hecho, las condiciones meteorol\u00f3gicas eran malas y llovi\u00f3 intermitentemente&#8230;me qued\u00e9 esperando, con la esperanza de que, por la noche,&nbsp;las condiciones mejoraran y la Aurora Boreal mostrara toda su belleza.<\/span><\/p>\n<p style=\"text-align: justify;\"><span style=\"color: #c7c7c7;\">\u00a1Y as\u00ed fue!&nbsp;Despu\u00e9s de pasar varias horas&nbsp;observando&nbsp;el cielo, alrededor de la 1 am las nubes se alejaron y el cielo ya estaba envuelto por la Aurora boreal. Lleno de euforia,&nbsp;me dirig\u00ed al lugar que hab\u00eda elegido para tomar una serie de fotograf\u00edas de este espect\u00e1culo \u00fanico de la naturaleza.&nbsp;Realmente&nbsp;fue una experiencia maravillosa en la que pude poner a prueba todas mis habilidades como fot\u00f3grafo nocturno.<\/span><\/p>\t\t\t\t\t\t\t\t<\/div>\n\t\t\t\t<\/div>\n\t\t\t\t\t<\/div>\n\t\t<\/div>\n\t\t\t\t\t<\/div>\n\t\t<\/section>\n\t\t\t\t<section class=\"elementor-section elementor-top-section elementor-element elementor-element-7fe2f783 elementor-section-boxed elementor-section-height-default elementor-section-height-default\" data-id=\"7fe2f783\" data-element_type=\"section\" data-settings=\"{&quot;jet_parallax_layout_list&quot;:[]}\">\n\t\t\t\t\t\t<div class=\"elementor-container elementor-column-gap-default\">\n\t\t\t\t\t<div class=\"elementor-column elementor-col-100 elementor-top-column elementor-element elementor-element-34cd047\" data-id=\"34cd047\" data-element_type=\"column\">\n\t\t\t<div class=\"elementor-widget-wrap elementor-element-populated\">\n\t\t\t\t\t\t<div class=\"elementor-element elementor-element-785716c7 elementor-shape-circle elementor-grid-0 e-grid-align-center elementor-widget elementor-widget-social-icons\" data-id=\"785716c7\" data-element_type=\"widget\" data-widget_type=\"social-icons.default\">\n\t\t\t\t<div class=\"elementor-widget-container\">\n\t\t\t\t\t\t\t<div class=\"elementor-social-icons-wrapper elementor-grid\" role=\"list\">\n\t\t\t\t\t\t\t<span class=\"elementor-grid-item\" role=\"listitem\">\n\t\t\t\t\t<a class=\"elementor-icon elementor-social-icon elementor-social-icon-rss elementor-repeater-item-7af8f5a\" href=\"https:\/\/www.nicorinaldi.net\" target=\"_blank\" rel=\"nofollow\">\n\t\t\t\t\t\t<span class=\"elementor-screen-only\">Rss<\/span>\n\t\t\t\t\t\t<i class=\"fas fa-rss\"><\/i>\t\t\t\t\t<\/a>\n\t\t\t\t<\/span>\n\t\t\t\t\t\t\t<span class=\"elementor-grid-item\" role=\"listitem\">\n\t\t\t\t\t<a class=\"elementor-icon elementor-social-icon elementor-social-icon-instagram elementor-repeater-item-e5ee254\" href=\"https:\/\/www.instagram.com\/nick_rinaldi_\/\" target=\"_blank\" rel=\"nofollow\">\n\t\t\t\t\t\t<span class=\"elementor-screen-only\">Instagram<\/span>\n\t\t\t\t\t\t<i class=\"fab fa-instagram\"><\/i>\t\t\t\t\t<\/a>\n\t\t\t\t<\/span>\n\t\t\t\t\t\t\t<span class=\"elementor-grid-item\" role=\"listitem\">\n\t\t\t\t\t<a class=\"elementor-icon elementor-social-icon elementor-social-icon-facebook-f elementor-repeater-item-3a8a7fe\" href=\"https:\/\/www.facebook.com\/NicoRinaldi.Landscape\/\" target=\"_blank\" rel=\"nofollow\">\n\t\t\t\t\t\t<span class=\"elementor-screen-only\">Facebook-f<\/span>\n\t\t\t\t\t\t<i class=\"fab fa-facebook-f\"><\/i>\t\t\t\t\t<\/a>\n\t\t\t\t<\/span>\n\t\t\t\t\t<\/div>\n\t\t\t\t\t\t<\/div>\n\t\t\t\t<\/div>\n\t\t\t\t\t<\/div>\n\t\t<\/div>\n\t\t\t\t\t<\/div>\n\t\t<\/section>\n\t\t\t\t<\/div>\n\t\t<\/p><p>\t\t<div data-elementor-type=\"wp-post\" data-elementor-id=\"47770\" class=\"elementor elementor-47770 elementor-47272\" data-elementor-post-type=\"ae_global_templates\">\n\t\t\t\t\t\t<section class=\"elementor-section elementor-top-section elementor-element elementor-element-2b038c39 elementor-section-boxed elementor-section-height-default elementor-section-height-default\" data-id=\"2b038c39\" data-element_type=\"section\" data-settings=\"{&quot;jet_parallax_layout_list&quot;:[]}\">\n\t\t\t\t\t\t<div class=\"elementor-container elementor-column-gap-default\">\n\t\t\t\t\t<div class=\"elementor-column elementor-col-100 elementor-top-column elementor-element elementor-element-12500dfa\" data-id=\"12500dfa\" data-element_type=\"column\">\n\t\t\t<div class=\"elementor-widget-wrap elementor-element-populated\">\n\t\t\t\t\t\t<div class=\"elementor-element elementor-element-4d40114f elementor-widget elementor-widget-text-editor\" data-id=\"4d40114f\" data-element_type=\"widget\" data-widget_type=\"text-editor.default\">\n\t\t\t\t<div class=\"elementor-widget-container\">\n\t\t\t\t\t\t\t\t\t<h2><span style=\"color: #c7c7c7;\">\u00abMagia en Pictured rocks\u00bb &#8211; Marybeth Kiczenski<\/span><\/h2>\t\t\t\t\t\t\t\t<\/div>\n\t\t\t\t<\/div>\n\t\t\t\t\t<\/div>\n\t\t<\/div>\n\t\t\t\t\t<\/div>\n\t\t<\/section>\n\t\t\t\t<section class=\"elementor-section elementor-top-section elementor-element elementor-element-566e5e1e elementor-section-boxed elementor-section-height-default elementor-section-height-default\" data-id=\"566e5e1e\" data-element_type=\"section\" data-settings=\"{&quot;jet_parallax_layout_list&quot;:[]}\">\n\t\t\t\t\t\t<div class=\"elementor-container elementor-column-gap-default\">\n\t\t\t\t\t<div class=\"elementor-column elementor-col-100 elementor-top-column elementor-element elementor-element-d99a77e\" data-id=\"d99a77e\" data-element_type=\"column\">\n\t\t\t<div class=\"elementor-widget-wrap elementor-element-populated\">\n\t\t\t\t\t\t<div class=\"elementor-element elementor-element-33894333 elementor-widget elementor-widget-text-editor\" data-id=\"33894333\" data-element_type=\"widget\" data-widget_type=\"text-editor.default\">\n\t\t\t\t<div class=\"elementor-widget-container\">\n\t\t\t\t\t\t\t\t\t<div id=\"attachment_46465\" style=\"width: 483px\" class=\"wp-caption aligncenter\"><img decoding=\"async\" aria-describedby=\"caption-attachment-46465\" class=\"wp-image-46465\" title=\"Mejores fotos de la Aurora Boreal en Estados Unidos\" src=\"https:\/\/imgcap.capturetheatlas.com\/wp-content\/uploads\/2020\/11\/Northern-Lights-photographer-of-the-year-Marybeth-Kiczenski.jpg\" alt=\"Aurora Boreal en Michigan, USA\" width=\"473\" height=\"700\" srcset=\"https:\/\/imgcap.capturetheatlas.com\/wp-content\/uploads\/2020\/11\/Northern-Lights-photographer-of-the-year-Marybeth-Kiczenski.jpg 730w, https:\/\/imgcap.capturetheatlas.com\/wp-content\/uploads\/2020\/11\/Northern-Lights-photographer-of-the-year-Marybeth-Kiczenski-203x300.jpg 203w, https:\/\/imgcap.capturetheatlas.com\/wp-content\/uploads\/2020\/11\/Northern-Lights-photographer-of-the-year-Marybeth-Kiczenski-692x1024.jpg 692w, https:\/\/imgcap.capturetheatlas.com\/wp-content\/uploads\/2020\/11\/Northern-Lights-photographer-of-the-year-Marybeth-Kiczenski-257x380.jpg 257w\" sizes=\"(max-width: 473px) 100vw, 473px\" \/><p id=\"caption-attachment-46465\" class=\"wp-caption-text\"><span style=\"color: #c7c7c7;\">\u00abMagia en Pictured Rocks\u00bb &#8211; MaryBeth Kiczenski <\/span><\/p><\/div>\t\t\t\t\t\t\t\t<\/div>\n\t\t\t\t<\/div>\n\t\t\t\t\t<\/div>\n\t\t<\/div>\n\t\t\t\t\t<\/div>\n\t\t<\/section>\n\t\t\t\t<section class=\"elementor-section elementor-top-section elementor-element elementor-element-29e510e1 elementor-section-boxed elementor-section-height-default elementor-section-height-default\" data-id=\"29e510e1\" data-element_type=\"section\" data-settings=\"{&quot;jet_parallax_layout_list&quot;:[]}\">\n\t\t\t\t\t\t<div class=\"elementor-container elementor-column-gap-default\">\n\t\t\t\t\t<div class=\"elementor-column elementor-col-100 elementor-top-column elementor-element elementor-element-715b46e8\" data-id=\"715b46e8\" data-element_type=\"column\">\n\t\t\t<div class=\"elementor-widget-wrap elementor-element-populated\">\n\t\t\t\t\t\t<div class=\"elementor-element elementor-element-43f5082d elementor-icon-list--layout-traditional elementor-list-item-link-full_width elementor-widget elementor-widget-icon-list\" data-id=\"43f5082d\" data-element_type=\"widget\" data-widget_type=\"icon-list.default\">\n\t\t\t\t<div class=\"elementor-widget-container\">\n\t\t\t\t\t\t\t<ul class=\"elementor-icon-list-items\">\n\t\t\t\t\t\t\t<li class=\"elementor-icon-list-item\">\n\t\t\t\t\t\t\t\t\t\t\t<span class=\"elementor-icon-list-icon\">\n\t\t\t\t\t\t\t<i aria-hidden=\"true\" class=\"fas fa-map-pin\"><\/i>\t\t\t\t\t\t<\/span>\n\t\t\t\t\t\t\t\t\t\t<span class=\"elementor-icon-list-text\">Peninsula Superior de Michigan, EEUU<\/span>\n\t\t\t\t\t\t\t\t\t<\/li>\n\t\t\t\t\t\t<\/ul>\n\t\t\t\t\t\t<\/div>\n\t\t\t\t<\/div>\n\t\t\t\t\t<\/div>\n\t\t<\/div>\n\t\t\t\t\t<\/div>\n\t\t<\/section>\n\t\t\t\t<section class=\"elementor-section elementor-top-section elementor-element elementor-element-6a950b59 elementor-section-boxed elementor-section-height-default elementor-section-height-default\" data-id=\"6a950b59\" data-element_type=\"section\" data-settings=\"{&quot;jet_parallax_layout_list&quot;:[]}\">\n\t\t\t\t\t\t<div class=\"elementor-container elementor-column-gap-default\">\n\t\t\t\t\t<div class=\"elementor-column elementor-col-100 elementor-top-column elementor-element elementor-element-4046fb21\" data-id=\"4046fb21\" data-element_type=\"column\">\n\t\t\t<div class=\"elementor-widget-wrap elementor-element-populated\">\n\t\t\t\t\t\t<div class=\"elementor-element elementor-element-2d088237 elementor-widget elementor-widget-text-editor\" data-id=\"2d088237\" data-element_type=\"widget\" data-widget_type=\"text-editor.default\">\n\t\t\t\t<div class=\"elementor-widget-container\">\n\t\t\t\t\t\t\t\t\t<p style=\"text-align: justify;\"><span style=\"color: #c7c7c7;\">Impredecible.&nbsp;Salvaje.&nbsp;Hipnotizante.&nbsp;Las Auroras hablan directamente al alma.&nbsp;Son capaces de trascender la vida cotidiana y entrar en lo casi sobrenatural.&nbsp;Para m\u00ed, este es el gran atractivo de perseguir la Aurora, y es un sentimiento que cuesta expresar con palabras.&nbsp;&nbsp;&nbsp;&nbsp;&nbsp;&nbsp;&nbsp;<\/span><\/p>\n<p style=\"text-align: justify;\"><span style=\"color: #c7c7c7;\">No muchos saben que la Aurora&nbsp;Boreal se puede ver con bastante frecuencia desde la pen\u00ednsula superior de Michigan, en Estados Unidos. Aunque la mayor\u00eda de veces se ven a lo lejos en el horizonte, cuando la actividad solar es alta, se pueden llegar a ver grandes espect\u00e1culos de Auroras.<\/span><\/p>\n<p style=\"text-align: justify;\"><span style=\"color: #c7c7c7;\">Cuando captur\u00e9 esta imagen, estaba en esa cala fotografiando&nbsp;la&nbsp;V\u00eda L\u00e1ctea.&nbsp;Es uno de mis lugares favoritos y para llegar hay una caminata de casi 3 kil\u00f3metros&nbsp;por&nbsp;el bosque, por lo que nunca pens\u00e9 que podr\u00eda capturar la Aurora aqu\u00ed.&nbsp;<\/span><\/p>\n<p style=\"text-align: justify;\"><span style=\"color: #c7c7c7;\">Al revisar el&nbsp;pron\u00f3stico de&nbsp;la Aurora&nbsp;Boreal&nbsp;el d\u00eda anterior, nada apuntaba a que pudieran llegar a verse.&nbsp;Por ello,&nbsp;cuando aparecieron alrededor de las 11 pm, estaba euf\u00f3rica.&nbsp;Estos son los momentos en la vida de un fot\u00f3grafo nocturno que hacen que todo valga la pena.&nbsp;Las luces del norte bailaron durante unas horas esa noche. Para&nbsp;aprovechar&nbsp;al m\u00e1ximo la oportunidad,&nbsp;hice un apilado de tomas, con&nbsp;una exposici\u00f3n de 2 min para el primer plano y una exposici\u00f3n de 15 segundos para el cielo.&nbsp;Esta es una buena t\u00e9cnica para ver mejores detalles en el primer plano y a la vez conservar los&nbsp;detalles&nbsp;en la Aurora Boreal.&nbsp;&nbsp;&nbsp;&nbsp;&nbsp;&nbsp;&nbsp;&nbsp;&nbsp;&nbsp;&nbsp;&nbsp;&nbsp;&nbsp;<\/span><\/p>\t\t\t\t\t\t\t\t<\/div>\n\t\t\t\t<\/div>\n\t\t\t\t\t<\/div>\n\t\t<\/div>\n\t\t\t\t\t<\/div>\n\t\t<\/section>\n\t\t\t\t<section class=\"elementor-section elementor-top-section elementor-element elementor-element-1221b98a elementor-section-boxed elementor-section-height-default elementor-section-height-default\" data-id=\"1221b98a\" data-element_type=\"section\" data-settings=\"{&quot;jet_parallax_layout_list&quot;:[]}\">\n\t\t\t\t\t\t<div class=\"elementor-container elementor-column-gap-default\">\n\t\t\t\t\t<div class=\"elementor-column elementor-col-100 elementor-top-column elementor-element elementor-element-1725d01\" data-id=\"1725d01\" data-element_type=\"column\">\n\t\t\t<div class=\"elementor-widget-wrap elementor-element-populated\">\n\t\t\t\t\t\t<div class=\"elementor-element elementor-element-754a12f8 elementor-shape-circle elementor-grid-0 e-grid-align-center elementor-widget elementor-widget-social-icons\" data-id=\"754a12f8\" data-element_type=\"widget\" data-widget_type=\"social-icons.default\">\n\t\t\t\t<div class=\"elementor-widget-container\">\n\t\t\t\t\t\t\t<div class=\"elementor-social-icons-wrapper elementor-grid\" role=\"list\">\n\t\t\t\t\t\t\t<span class=\"elementor-grid-item\" role=\"listitem\">\n\t\t\t\t\t<a class=\"elementor-icon elementor-social-icon elementor-social-icon-rss elementor-repeater-item-7af8f5a\" href=\"https:\/\/www.shelbydiamondstar.com\" target=\"_blank\" rel=\"nofollow\">\n\t\t\t\t\t\t<span class=\"elementor-screen-only\">Rss<\/span>\n\t\t\t\t\t\t<i class=\"fas fa-rss\"><\/i>\t\t\t\t\t<\/a>\n\t\t\t\t<\/span>\n\t\t\t\t\t\t\t<span class=\"elementor-grid-item\" role=\"listitem\">\n\t\t\t\t\t<a class=\"elementor-icon elementor-social-icon elementor-social-icon-instagram elementor-repeater-item-61ba23c\" href=\"https:\/\/www.instagram.com\/shelbydiamondstar\/\" target=\"_blank\" rel=\"nofollow\">\n\t\t\t\t\t\t<span class=\"elementor-screen-only\">Instagram<\/span>\n\t\t\t\t\t\t<i class=\"fab fa-instagram\"><\/i>\t\t\t\t\t<\/a>\n\t\t\t\t<\/span>\n\t\t\t\t\t\t\t<span class=\"elementor-grid-item\" role=\"listitem\">\n\t\t\t\t\t<a class=\"elementor-icon elementor-social-icon elementor-social-icon-facebook-f elementor-repeater-item-3a8a7fe\" href=\"https:\/\/www.facebook.com\/shelbydiamondstar\" target=\"_blank\" rel=\"nofollow\">\n\t\t\t\t\t\t<span class=\"elementor-screen-only\">Facebook-f<\/span>\n\t\t\t\t\t\t<i class=\"fab fa-facebook-f\"><\/i>\t\t\t\t\t<\/a>\n\t\t\t\t<\/span>\n\t\t\t\t\t<\/div>\n\t\t\t\t\t\t<\/div>\n\t\t\t\t<\/div>\n\t\t\t\t\t<\/div>\n\t\t<\/div>\n\t\t\t\t\t<\/div>\n\t\t<\/section>\n\t\t\t\t<\/div>\n\t\t<\/p><p>\t\t<div data-elementor-type=\"wp-post\" data-elementor-id=\"47742\" class=\"elementor elementor-47742 elementor-47231\" data-elementor-post-type=\"ae_global_templates\">\n\t\t\t\t\t\t<section class=\"elementor-section elementor-top-section elementor-element elementor-element-42aa7598 elementor-section-boxed elementor-section-height-default elementor-section-height-default\" data-id=\"42aa7598\" data-element_type=\"section\" data-settings=\"{&quot;jet_parallax_layout_list&quot;:[]}\">\n\t\t\t\t\t\t<div class=\"elementor-container elementor-column-gap-default\">\n\t\t\t\t\t<div class=\"elementor-column elementor-col-100 elementor-top-column elementor-element elementor-element-45d0d6d5\" data-id=\"45d0d6d5\" data-element_type=\"column\">\n\t\t\t<div class=\"elementor-widget-wrap elementor-element-populated\">\n\t\t\t\t\t\t<div class=\"elementor-element elementor-element-26739712 elementor-widget elementor-widget-text-editor\" data-id=\"26739712\" data-element_type=\"widget\" data-widget_type=\"text-editor.default\">\n\t\t\t\t<div class=\"elementor-widget-container\">\n\t\t\t\t\t\t\t\t\t<h2><span style=\"color: #c7c7c7;\">\u00abThe tower of sorcery\u00bb &#8211;\u00a0<\/span><span style=\"color: #c7c7c7;\"><span style=\"caret-color: #c7c7c7;\">Joaqu\u00edn Marco<\/span><\/span><\/h2>\t\t\t\t\t\t\t\t<\/div>\n\t\t\t\t<\/div>\n\t\t\t\t\t<\/div>\n\t\t<\/div>\n\t\t\t\t\t<\/div>\n\t\t<\/section>\n\t\t\t\t<section class=\"elementor-section elementor-top-section elementor-element elementor-element-37e068bc elementor-section-boxed elementor-section-height-default elementor-section-height-default\" data-id=\"37e068bc\" data-element_type=\"section\" data-settings=\"{&quot;jet_parallax_layout_list&quot;:[]}\">\n\t\t\t\t\t\t<div class=\"elementor-container elementor-column-gap-default\">\n\t\t\t\t\t<div class=\"elementor-column elementor-col-100 elementor-top-column elementor-element elementor-element-7ae66027\" data-id=\"7ae66027\" data-element_type=\"column\">\n\t\t\t<div class=\"elementor-widget-wrap elementor-element-populated\">\n\t\t\t\t\t\t<div class=\"elementor-element elementor-element-66c66483 elementor-widget elementor-widget-text-editor\" data-id=\"66c66483\" data-element_type=\"widget\" data-widget_type=\"text-editor.default\">\n\t\t\t\t<div class=\"elementor-widget-container\">\n\t\t\t\t\t\t\t\t\t<div id=\"attachment_46441\" style=\"width: 477px\" class=\"wp-caption aligncenter\"><img decoding=\"async\" aria-describedby=\"caption-attachment-46441\" class=\"wp-image-46441\" title=\"Aurora photographer of the year\" src=\"https:\/\/imgcap.capturetheatlas.com\/wp-content\/uploads\/2020\/11\/Aurora-photographer-of-the-year-Joaquin-Marco-.jpg\" alt=\"Mejores im\u00e1genes de Auroras Boreales \" width=\"467\" height=\"700\" srcset=\"https:\/\/imgcap.capturetheatlas.com\/wp-content\/uploads\/2020\/11\/Aurora-photographer-of-the-year-Joaquin-Marco-.jpg 720w, https:\/\/imgcap.capturetheatlas.com\/wp-content\/uploads\/2020\/11\/Aurora-photographer-of-the-year-Joaquin-Marco--200x300.jpg 200w, https:\/\/imgcap.capturetheatlas.com\/wp-content\/uploads\/2020\/11\/Aurora-photographer-of-the-year-Joaquin-Marco--683x1024.jpg 683w, https:\/\/imgcap.capturetheatlas.com\/wp-content\/uploads\/2020\/11\/Aurora-photographer-of-the-year-Joaquin-Marco--253x380.jpg 253w\" sizes=\"(max-width: 467px) 100vw, 467px\" \/><p id=\"caption-attachment-46441\" class=\"wp-caption-text\"><span style=\"color: #c7c7c7;\">\u00abThe tower of sorcery\u00bb &#8211; Joaqu\u00edn Marco <\/span><\/p><\/div>\t\t\t\t\t\t\t\t<\/div>\n\t\t\t\t<\/div>\n\t\t\t\t\t<\/div>\n\t\t<\/div>\n\t\t\t\t\t<\/div>\n\t\t<\/section>\n\t\t\t\t<section class=\"elementor-section elementor-top-section elementor-element elementor-element-379c4dc9 elementor-section-boxed elementor-section-height-default elementor-section-height-default\" data-id=\"379c4dc9\" data-element_type=\"section\" data-settings=\"{&quot;jet_parallax_layout_list&quot;:[]}\">\n\t\t\t\t\t\t<div class=\"elementor-container elementor-column-gap-default\">\n\t\t\t\t\t<div class=\"elementor-column elementor-col-100 elementor-top-column elementor-element elementor-element-6a68da3\" data-id=\"6a68da3\" data-element_type=\"column\">\n\t\t\t<div class=\"elementor-widget-wrap elementor-element-populated\">\n\t\t\t\t\t\t<div class=\"elementor-element elementor-element-2a319981 elementor-icon-list--layout-traditional elementor-list-item-link-full_width elementor-widget elementor-widget-icon-list\" data-id=\"2a319981\" data-element_type=\"widget\" data-widget_type=\"icon-list.default\">\n\t\t\t\t<div class=\"elementor-widget-container\">\n\t\t\t\t\t\t\t<ul class=\"elementor-icon-list-items\">\n\t\t\t\t\t\t\t<li class=\"elementor-icon-list-item\">\n\t\t\t\t\t\t\t\t\t\t\t<span class=\"elementor-icon-list-icon\">\n\t\t\t\t\t\t\t<i aria-hidden=\"true\" class=\"fas fa-map-pin\"><\/i>\t\t\t\t\t\t<\/span>\n\t\t\t\t\t\t\t\t\t\t<span class=\"elementor-icon-list-text\">Islandia<\/span>\n\t\t\t\t\t\t\t\t\t<\/li>\n\t\t\t\t\t\t<\/ul>\n\t\t\t\t\t\t<\/div>\n\t\t\t\t<\/div>\n\t\t\t\t\t<\/div>\n\t\t<\/div>\n\t\t\t\t\t<\/div>\n\t\t<\/section>\n\t\t\t\t<section class=\"elementor-section elementor-top-section elementor-element elementor-element-22fe04cf elementor-section-boxed elementor-section-height-default elementor-section-height-default\" data-id=\"22fe04cf\" data-element_type=\"section\" data-settings=\"{&quot;jet_parallax_layout_list&quot;:[]}\">\n\t\t\t\t\t\t<div class=\"elementor-container elementor-column-gap-default\">\n\t\t\t\t\t<div class=\"elementor-column elementor-col-100 elementor-top-column elementor-element elementor-element-67889a52\" data-id=\"67889a52\" data-element_type=\"column\">\n\t\t\t<div class=\"elementor-widget-wrap elementor-element-populated\">\n\t\t\t\t\t\t<div class=\"elementor-element elementor-element-635f9517 elementor-widget elementor-widget-text-editor\" data-id=\"635f9517\" data-element_type=\"widget\" data-widget_type=\"text-editor.default\">\n\t\t\t\t<div class=\"elementor-widget-container\">\n\t\t\t\t\t\t\t\t\t<p style=\"text-align: justify;\"><span style=\"color: #c7c7c7;\">Saqu\u00e9 esta foto en mi primer viaje a Islandia en septiembre. Fuimos 5 amigos y ten\u00edamos&nbsp;todo organizado desde varios meses antes.&nbsp;<\/span><\/p>\n<p style=\"text-align: justify;\"><span style=\"color: #c7c7c7;\">Tuvimos&nbsp;la suerte de poder disfrutar de una tormenta solar G1 con \u00edndices&nbsp;de KP4 y con picos de KP6, y la primera experiencia viendo auroras fue incre\u00edble. Al igual que en el resto de mis fotograf\u00edas&nbsp;nocturnas, siempre saco el primer plano durante la hora azul, para poder tener la mejor calidad posible. Esta vez las auroras ten\u00edan&nbsp;tanta intensidad que tuve que usar velocidades&nbsp;de 1 segundo, a veces incluso velocidades&nbsp;m\u00e1s r\u00e1pidas de exposici\u00f3n&nbsp;para captar&nbsp;bien todas las texturas&nbsp;de la aurora y que no quedase borrosa, lo que me llev\u00f3 a usar rangos de ISO muy altos, entre 8000 y 12800.&nbsp;<\/span><\/p>\n<p style=\"text-align: justify;\"><span style=\"color: #c7c7c7;\">Esta foto la saqu\u00e9 en la parte de arriba de la cascada Skogafoss, un encuadre que no&nbsp;hab\u00eda&nbsp;visto y en cuanto vi el r\u00edo&nbsp;y la monta\u00f1a no pude resistirme a buscar nuevos encuadres.<\/span><\/p>\t\t\t\t\t\t\t\t<\/div>\n\t\t\t\t<\/div>\n\t\t\t\t\t<\/div>\n\t\t<\/div>\n\t\t\t\t\t<\/div>\n\t\t<\/section>\n\t\t\t\t<section class=\"elementor-section elementor-top-section elementor-element elementor-element-be44ee0 elementor-section-boxed elementor-section-height-default elementor-section-height-default\" data-id=\"be44ee0\" data-element_type=\"section\" data-settings=\"{&quot;jet_parallax_layout_list&quot;:[]}\">\n\t\t\t\t\t\t<div class=\"elementor-container elementor-column-gap-default\">\n\t\t\t\t\t<div class=\"elementor-column elementor-col-100 elementor-top-column elementor-element elementor-element-73b2a08f\" data-id=\"73b2a08f\" data-element_type=\"column\">\n\t\t\t<div class=\"elementor-widget-wrap elementor-element-populated\">\n\t\t\t\t\t\t<div class=\"elementor-element elementor-element-50c78e63 elementor-shape-circle elementor-grid-0 e-grid-align-center elementor-widget elementor-widget-social-icons\" data-id=\"50c78e63\" data-element_type=\"widget\" data-widget_type=\"social-icons.default\">\n\t\t\t\t<div class=\"elementor-widget-container\">\n\t\t\t\t\t\t\t<div class=\"elementor-social-icons-wrapper elementor-grid\" role=\"list\">\n\t\t\t\t\t\t\t<span class=\"elementor-grid-item\" role=\"listitem\">\n\t\t\t\t\t<a class=\"elementor-icon elementor-social-icon elementor-social-icon-rss elementor-repeater-item-7af8f5a\" href=\"https:\/\/joaquinmarco.com\" target=\"_blank\" rel=\"nofollow\">\n\t\t\t\t\t\t<span class=\"elementor-screen-only\">Rss<\/span>\n\t\t\t\t\t\t<i class=\"fas fa-rss\"><\/i>\t\t\t\t\t<\/a>\n\t\t\t\t<\/span>\n\t\t\t\t\t\t\t<span class=\"elementor-grid-item\" role=\"listitem\">\n\t\t\t\t\t<a class=\"elementor-icon elementor-social-icon elementor-social-icon-instagram elementor-repeater-item-e5ee254\" href=\"https:\/\/www.instagram.com\/jokinmarc\/\" target=\"_blank\" rel=\"nofollow\">\n\t\t\t\t\t\t<span class=\"elementor-screen-only\">Instagram<\/span>\n\t\t\t\t\t\t<i class=\"fab fa-instagram\"><\/i>\t\t\t\t\t<\/a>\n\t\t\t\t<\/span>\n\t\t\t\t\t<\/div>\n\t\t\t\t\t\t<\/div>\n\t\t\t\t<\/div>\n\t\t\t\t\t<\/div>\n\t\t<\/div>\n\t\t\t\t\t<\/div>\n\t\t<\/section>\n\t\t\t\t<\/div>\n\t\t<\/p><p>\t\t<div data-elementor-type=\"wp-post\" data-elementor-id=\"47791\" class=\"elementor elementor-47791 elementor-47302\" data-elementor-post-type=\"ae_global_templates\">\n\t\t\t\t\t\t<section class=\"elementor-section elementor-top-section elementor-element elementor-element-745a4bf9 elementor-section-boxed elementor-section-height-default elementor-section-height-default\" data-id=\"745a4bf9\" data-element_type=\"section\" data-settings=\"{&quot;jet_parallax_layout_list&quot;:[]}\">\n\t\t\t\t\t\t<div class=\"elementor-container elementor-column-gap-default\">\n\t\t\t\t\t<div class=\"elementor-column elementor-col-100 elementor-top-column elementor-element elementor-element-7e4f7605\" data-id=\"7e4f7605\" data-element_type=\"column\">\n\t\t\t<div class=\"elementor-widget-wrap elementor-element-populated\">\n\t\t\t\t\t\t<div class=\"elementor-element elementor-element-2cf6df98 elementor-widget elementor-widget-text-editor\" data-id=\"2cf6df98\" data-element_type=\"widget\" data-widget_type=\"text-editor.default\">\n\t\t\t\t<div class=\"elementor-widget-container\">\n\t\t\t\t\t\t\t\t\t<h2><span style=\"color: #c7c7c7;\">\u00abBajo el cielo canadiense\u00bb &#8211; Parker Burkett<\/span><\/h2>\t\t\t\t\t\t\t\t<\/div>\n\t\t\t\t<\/div>\n\t\t\t\t\t<\/div>\n\t\t<\/div>\n\t\t\t\t\t<\/div>\n\t\t<\/section>\n\t\t\t\t<section class=\"elementor-section elementor-top-section elementor-element elementor-element-225a2403 elementor-section-boxed elementor-section-height-default elementor-section-height-default\" data-id=\"225a2403\" data-element_type=\"section\" data-settings=\"{&quot;jet_parallax_layout_list&quot;:[]}\">\n\t\t\t\t\t\t<div class=\"elementor-container elementor-column-gap-default\">\n\t\t\t\t\t<div class=\"elementor-column elementor-col-100 elementor-top-column elementor-element elementor-element-6ee606c3\" data-id=\"6ee606c3\" data-element_type=\"column\">\n\t\t\t<div class=\"elementor-widget-wrap elementor-element-populated\">\n\t\t\t\t\t\t<div class=\"elementor-element elementor-element-7b55d146 elementor-widget elementor-widget-text-editor\" data-id=\"7b55d146\" data-element_type=\"widget\" data-widget_type=\"text-editor.default\">\n\t\t\t\t<div class=\"elementor-widget-container\">\n\t\t\t\t\t\t\t\t\t<div id=\"attachment_47507\" style=\"width: 477px\" class=\"wp-caption aligncenter\"><img decoding=\"async\" aria-describedby=\"caption-attachment-47507\" class=\"wp-image-47507\" title=\"Northern Lights photographer of the year\" src=\"https:\/\/imgcap.capturetheatlas.com\/wp-content\/uploads\/2020\/11\/Northern-Lights-photographer-of-the-year-2020.jpg\" alt=\"Aurora Boreal monta\u00f1as rocosas de Canad\u00e1\" width=\"467\" height=\"700\" srcset=\"https:\/\/imgcap.capturetheatlas.com\/wp-content\/uploads\/2020\/11\/Northern-Lights-photographer-of-the-year-2020.jpg 720w, https:\/\/imgcap.capturetheatlas.com\/wp-content\/uploads\/2020\/11\/Northern-Lights-photographer-of-the-year-2020-200x300.jpg 200w, https:\/\/imgcap.capturetheatlas.com\/wp-content\/uploads\/2020\/11\/Northern-Lights-photographer-of-the-year-2020-683x1024.jpg 683w, https:\/\/imgcap.capturetheatlas.com\/wp-content\/uploads\/2020\/11\/Northern-Lights-photographer-of-the-year-2020-253x380.jpg 253w\" sizes=\"(max-width: 467px) 100vw, 467px\" \/><p id=\"caption-attachment-47507\" class=\"wp-caption-text\"><span style=\"color: #c7c7c7;\">\u00abBajo el cielo canadiense\u00bb &#8211; Parker Burkett <\/span><\/p><\/div>\t\t\t\t\t\t\t\t<\/div>\n\t\t\t\t<\/div>\n\t\t\t\t\t<\/div>\n\t\t<\/div>\n\t\t\t\t\t<\/div>\n\t\t<\/section>\n\t\t\t\t<section class=\"elementor-section elementor-top-section elementor-element elementor-element-11d05f76 elementor-section-boxed elementor-section-height-default elementor-section-height-default\" data-id=\"11d05f76\" data-element_type=\"section\" data-settings=\"{&quot;jet_parallax_layout_list&quot;:[]}\">\n\t\t\t\t\t\t<div class=\"elementor-container elementor-column-gap-default\">\n\t\t\t\t\t<div class=\"elementor-column elementor-col-100 elementor-top-column elementor-element elementor-element-1bf5d31b\" data-id=\"1bf5d31b\" data-element_type=\"column\">\n\t\t\t<div class=\"elementor-widget-wrap elementor-element-populated\">\n\t\t\t\t\t\t<div class=\"elementor-element elementor-element-40ab68d8 elementor-icon-list--layout-traditional elementor-list-item-link-full_width elementor-widget elementor-widget-icon-list\" data-id=\"40ab68d8\" data-element_type=\"widget\" data-widget_type=\"icon-list.default\">\n\t\t\t\t<div class=\"elementor-widget-container\">\n\t\t\t\t\t\t\t<ul class=\"elementor-icon-list-items\">\n\t\t\t\t\t\t\t<li class=\"elementor-icon-list-item\">\n\t\t\t\t\t\t\t\t\t\t\t<span class=\"elementor-icon-list-icon\">\n\t\t\t\t\t\t\t<i aria-hidden=\"true\" class=\"fas fa-map-pin\"><\/i>\t\t\t\t\t\t<\/span>\n\t\t\t\t\t\t\t\t\t\t<span class=\"elementor-icon-list-text\">Columbia Brit\u00e1nica, Canad\u00e1<\/span>\n\t\t\t\t\t\t\t\t\t<\/li>\n\t\t\t\t\t\t<\/ul>\n\t\t\t\t\t\t<\/div>\n\t\t\t\t<\/div>\n\t\t\t\t\t<\/div>\n\t\t<\/div>\n\t\t\t\t\t<\/div>\n\t\t<\/section>\n\t\t\t\t<section class=\"elementor-section elementor-top-section elementor-element elementor-element-4a06ab32 elementor-section-boxed elementor-section-height-default elementor-section-height-default\" data-id=\"4a06ab32\" data-element_type=\"section\" data-settings=\"{&quot;jet_parallax_layout_list&quot;:[]}\">\n\t\t\t\t\t\t<div class=\"elementor-container elementor-column-gap-default\">\n\t\t\t\t\t<div class=\"elementor-column elementor-col-100 elementor-top-column elementor-element elementor-element-5b037094\" data-id=\"5b037094\" data-element_type=\"column\">\n\t\t\t<div class=\"elementor-widget-wrap elementor-element-populated\">\n\t\t\t\t\t\t<div class=\"elementor-element elementor-element-5cf5e293 elementor-widget elementor-widget-text-editor\" data-id=\"5cf5e293\" data-element_type=\"widget\" data-widget_type=\"text-editor.default\">\n\t\t\t\t<div class=\"elementor-widget-container\">\n\t\t\t\t\t\t\t\t\t<p style=\"text-align: justify;\"><span style=\"color: #c7c7c7;\">Esta noche corrimos para encontrar una buena localizaci\u00f3n antes de que se acabara el espect\u00e1culo de Auroras Boreales que estaba teniendo lugar en las Rocosas de Canad\u00e1.&nbsp;Por suerte, pudimos llegar a tiempo a este lago cuando la magia ocurri\u00f3. Experiencias como estas me recuerdan que a veces necesito detenerme y disfrutar de lo que tengo enfrente.&nbsp;&nbsp;<\/span><\/p>\t\t\t\t\t\t\t\t<\/div>\n\t\t\t\t<\/div>\n\t\t\t\t\t<\/div>\n\t\t<\/div>\n\t\t\t\t\t<\/div>\n\t\t<\/section>\n\t\t\t\t<section class=\"elementor-section elementor-top-section elementor-element elementor-element-628fa674 elementor-section-boxed elementor-section-height-default elementor-section-height-default\" data-id=\"628fa674\" data-element_type=\"section\" data-settings=\"{&quot;jet_parallax_layout_list&quot;:[]}\">\n\t\t\t\t\t\t<div class=\"elementor-container elementor-column-gap-default\">\n\t\t\t\t\t<div class=\"elementor-column elementor-col-100 elementor-top-column elementor-element elementor-element-30307061\" data-id=\"30307061\" data-element_type=\"column\">\n\t\t\t<div class=\"elementor-widget-wrap elementor-element-populated\">\n\t\t\t\t\t\t<div class=\"elementor-element elementor-element-1154430f elementor-shape-circle elementor-grid-0 e-grid-align-center elementor-widget elementor-widget-social-icons\" data-id=\"1154430f\" data-element_type=\"widget\" data-widget_type=\"social-icons.default\">\n\t\t\t\t<div class=\"elementor-widget-container\">\n\t\t\t\t\t\t\t<div class=\"elementor-social-icons-wrapper elementor-grid\" role=\"list\">\n\t\t\t\t\t\t\t<span class=\"elementor-grid-item\" role=\"listitem\">\n\t\t\t\t\t<a class=\"elementor-icon elementor-social-icon elementor-social-icon-rss elementor-repeater-item-7af8f5a\" href=\"https:\/\/www.parker-burkett.com\" target=\"_blank\" rel=\"nofollow\">\n\t\t\t\t\t\t<span class=\"elementor-screen-only\">Rss<\/span>\n\t\t\t\t\t\t<i class=\"fas fa-rss\"><\/i>\t\t\t\t\t<\/a>\n\t\t\t\t<\/span>\n\t\t\t\t\t\t\t<span class=\"elementor-grid-item\" role=\"listitem\">\n\t\t\t\t\t<a class=\"elementor-icon elementor-social-icon elementor-social-icon-instagram elementor-repeater-item-e5ee254\" href=\"https:\/\/www.instagram.com\/parker_burkett\/\" target=\"_blank\" rel=\"nofollow\">\n\t\t\t\t\t\t<span class=\"elementor-screen-only\">Instagram<\/span>\n\t\t\t\t\t\t<i class=\"fab fa-instagram\"><\/i>\t\t\t\t\t<\/a>\n\t\t\t\t<\/span>\n\t\t\t\t\t\t\t<span class=\"elementor-grid-item\" role=\"listitem\">\n\t\t\t\t\t<a class=\"elementor-icon elementor-social-icon elementor-social-icon-facebook-f elementor-repeater-item-3a8a7fe\" href=\"https:\/\/www.facebook.com\/parkerburkettphoto\/\" target=\"_blank\" rel=\"nofollow\">\n\t\t\t\t\t\t<span class=\"elementor-screen-only\">Facebook-f<\/span>\n\t\t\t\t\t\t<i class=\"fab fa-facebook-f\"><\/i>\t\t\t\t\t<\/a>\n\t\t\t\t<\/span>\n\t\t\t\t\t<\/div>\n\t\t\t\t\t\t<\/div>\n\t\t\t\t<\/div>\n\t\t\t\t\t<\/div>\n\t\t<\/div>\n\t\t\t\t\t<\/div>\n\t\t<\/section>\n\t\t\t\t<\/div>\n\t\t<\/p><p>\t\t<div data-elementor-type=\"wp-post\" data-elementor-id=\"47803\" class=\"elementor elementor-47803 elementor-47318\" data-elementor-post-type=\"ae_global_templates\">\n\t\t\t\t\t\t<section class=\"elementor-section elementor-top-section elementor-element elementor-element-9d3288 elementor-section-boxed elementor-section-height-default elementor-section-height-default\" data-id=\"9d3288\" data-element_type=\"section\" data-settings=\"{&quot;jet_parallax_layout_list&quot;:[]}\">\n\t\t\t\t\t\t<div class=\"elementor-container elementor-column-gap-default\">\n\t\t\t\t\t<div class=\"elementor-column elementor-col-100 elementor-top-column elementor-element elementor-element-29859036\" data-id=\"29859036\" data-element_type=\"column\">\n\t\t\t<div class=\"elementor-widget-wrap elementor-element-populated\">\n\t\t\t\t\t\t<div class=\"elementor-element elementor-element-19bc4601 elementor-widget elementor-widget-text-editor\" data-id=\"19bc4601\" data-element_type=\"widget\" data-widget_type=\"text-editor.default\">\n\t\t\t\t<div class=\"elementor-widget-container\">\n\t\t\t\t\t\t\t\t\t<h2><span style=\"color: #c7c7c7;\">\u00abRight before the freezing\u00bb &#8211; Aki Mikkola<\/span><\/h2>\t\t\t\t\t\t\t\t<\/div>\n\t\t\t\t<\/div>\n\t\t\t\t\t<\/div>\n\t\t<\/div>\n\t\t\t\t\t<\/div>\n\t\t<\/section>\n\t\t\t\t<section class=\"elementor-section elementor-top-section elementor-element elementor-element-5d46c3d5 elementor-section-boxed elementor-section-height-default elementor-section-height-default\" data-id=\"5d46c3d5\" data-element_type=\"section\" data-settings=\"{&quot;jet_parallax_layout_list&quot;:[]}\">\n\t\t\t\t\t\t<div class=\"elementor-container elementor-column-gap-default\">\n\t\t\t\t\t<div class=\"elementor-column elementor-col-100 elementor-top-column elementor-element elementor-element-63da7f87\" data-id=\"63da7f87\" data-element_type=\"column\">\n\t\t\t<div class=\"elementor-widget-wrap elementor-element-populated\">\n\t\t\t\t\t\t<div class=\"elementor-element elementor-element-245a2898 elementor-widget elementor-widget-text-editor\" data-id=\"245a2898\" data-element_type=\"widget\" data-widget_type=\"text-editor.default\">\n\t\t\t\t<div class=\"elementor-widget-container\">\n\t\t\t\t\t\t\t\t\t<div id=\"attachment_47499\" style=\"width: 477px\" class=\"wp-caption aligncenter\"><img decoding=\"async\" aria-describedby=\"caption-attachment-47499\" class=\"wp-image-47499\" title=\"Northern Lights photographer of the year\" src=\"https:\/\/imgcap.capturetheatlas.com\/wp-content\/uploads\/2020\/11\/Best-Northern-Lights-images-Finland.jpg\" alt=\"Best Northern Lights images in Finland \" width=\"467\" height=\"700\" data-wp-editing=\"1\" srcset=\"https:\/\/imgcap.capturetheatlas.com\/wp-content\/uploads\/2020\/11\/Best-Northern-Lights-images-Finland.jpg 720w, https:\/\/imgcap.capturetheatlas.com\/wp-content\/uploads\/2020\/11\/Best-Northern-Lights-images-Finland-200x300.jpg 200w, https:\/\/imgcap.capturetheatlas.com\/wp-content\/uploads\/2020\/11\/Best-Northern-Lights-images-Finland-683x1024.jpg 683w, https:\/\/imgcap.capturetheatlas.com\/wp-content\/uploads\/2020\/11\/Best-Northern-Lights-images-Finland-253x380.jpg 253w\" sizes=\"(max-width: 467px) 100vw, 467px\" \/><p id=\"caption-attachment-47499\" class=\"wp-caption-text\"><span style=\"color: #c7c7c7;\">\u00abRight before the freezing\u00bb &#8211; Aki Mikkola <\/span><\/p><\/div>\t\t\t\t\t\t\t\t<\/div>\n\t\t\t\t<\/div>\n\t\t\t\t\t<\/div>\n\t\t<\/div>\n\t\t\t\t\t<\/div>\n\t\t<\/section>\n\t\t\t\t<section class=\"elementor-section elementor-top-section elementor-element elementor-element-683e3709 elementor-section-boxed elementor-section-height-default elementor-section-height-default\" data-id=\"683e3709\" data-element_type=\"section\" data-settings=\"{&quot;jet_parallax_layout_list&quot;:[]}\">\n\t\t\t\t\t\t<div class=\"elementor-container elementor-column-gap-default\">\n\t\t\t\t\t<div class=\"elementor-column elementor-col-100 elementor-top-column elementor-element elementor-element-624967fb\" data-id=\"624967fb\" data-element_type=\"column\">\n\t\t\t<div class=\"elementor-widget-wrap elementor-element-populated\">\n\t\t\t\t\t\t<div class=\"elementor-element elementor-element-2a182043 elementor-icon-list--layout-traditional elementor-list-item-link-full_width elementor-widget elementor-widget-icon-list\" data-id=\"2a182043\" data-element_type=\"widget\" data-widget_type=\"icon-list.default\">\n\t\t\t\t<div class=\"elementor-widget-container\">\n\t\t\t\t\t\t\t<ul class=\"elementor-icon-list-items\">\n\t\t\t\t\t\t\t<li class=\"elementor-icon-list-item\">\n\t\t\t\t\t\t\t\t\t\t\t<span class=\"elementor-icon-list-icon\">\n\t\t\t\t\t\t\t<i aria-hidden=\"true\" class=\"fas fa-map-pin\"><\/i>\t\t\t\t\t\t<\/span>\n\t\t\t\t\t\t\t\t\t\t<span class=\"elementor-icon-list-text\">Laponia Finlandesa<\/span>\n\t\t\t\t\t\t\t\t\t<\/li>\n\t\t\t\t\t\t<\/ul>\n\t\t\t\t\t\t<\/div>\n\t\t\t\t<\/div>\n\t\t\t\t\t<\/div>\n\t\t<\/div>\n\t\t\t\t\t<\/div>\n\t\t<\/section>\n\t\t\t\t<section class=\"elementor-section elementor-top-section elementor-element elementor-element-cb77b3 elementor-section-boxed elementor-section-height-default elementor-section-height-default\" data-id=\"cb77b3\" data-element_type=\"section\" data-settings=\"{&quot;jet_parallax_layout_list&quot;:[]}\">\n\t\t\t\t\t\t<div class=\"elementor-container elementor-column-gap-default\">\n\t\t\t\t\t<div class=\"elementor-column elementor-col-100 elementor-top-column elementor-element elementor-element-469d0095\" data-id=\"469d0095\" data-element_type=\"column\">\n\t\t\t<div class=\"elementor-widget-wrap elementor-element-populated\">\n\t\t\t\t\t\t<div class=\"elementor-element elementor-element-43837459 elementor-widget elementor-widget-text-editor\" data-id=\"43837459\" data-element_type=\"widget\" data-widget_type=\"text-editor.default\">\n\t\t\t\t<div class=\"elementor-widget-container\">\n\t\t\t\t\t\t\t\t\t<p style=\"text-align: justify;\"><span style=\"color: #c7c7c7;\">Era el comienzo del fr\u00edo invierno Finland\u00e9s,&nbsp;el agua estaba&nbsp;todav\u00eda sin congelar, y hab\u00eda un&nbsp;gran reflejo y Auroras de varios colores; \u00a1sin duda una combinaci\u00f3n nada f\u00e1cil de ver!<\/span><\/p>\n<p style=\"text-align: justify;\"><span style=\"color: #c7c7c7;\">A menudo, cuando aqu\u00ed llega el invierno, el agua&nbsp;se congela&nbsp;antes de&nbsp;las primeras nevadas.&nbsp;Para capturar el reflejo del cielo, necesitas tener los r\u00edos sin congelar y sin nieve, por lo que son condiciones muy especiales.<\/span><\/p>\n<p style=\"text-align: justify;\"><span style=\"color: #c7c7c7;\">Este d\u00eda de finales de octubre fue&nbsp;una&nbsp;d\u00eda muy nublado, sin duda el enemigo m\u00e1s grande&nbsp;para ver Auroras Boreales.&nbsp;Por la&nbsp;tarde, comprob\u00e9 cu\u00e1l era el pron\u00f3stico de Auroras y viento solar, y pude ver como el pron\u00f3stico era muy prometedor. Despu\u00e9s de seguir investigando lugares con claros y llamar a otros amigos que viv\u00edan en otras zonas, decid\u00ed ir al sur de Rovaniemi en b\u00fasqueda de cielos despejados.&nbsp;Tuve la suerte de poder encontrarlos y muy pronto la magia comenz\u00f3 a aparecer en el cielo tal como hab\u00eda podido predecir.<\/span><\/p>\n<p style=\"text-align: justify;\"><span style=\"color: #c7c7c7;\">Me sorprendi\u00f3 la gran cantidad de&nbsp;color rojo&nbsp;que captur\u00e9 con&nbsp;mi c\u00e1mara y&nbsp;la amplia gama de colores que eran visibles incluso a simple vista.&nbsp;Coloqu\u00e9 mi c\u00e1mara en un&nbsp;peque\u00f1o puente&nbsp;mirando al norte&nbsp;sobre el r\u00edo justo en el mejor lugar para ver la Aurora bailando sobre el cielo.<\/span><\/p>\n<p style=\"text-align: justify;\"><span style=\"color: #c7c7c7;\">Una cosa a tener en cuenta cuando est\u00e1s persiguiendo la Aurora es que cada vez es diferente.&nbsp;Y no siempre es tan f\u00e1cil como parece &#8230; \u00a1estar en el momento y el lugar adecuados es fundamental!<\/span><\/p>\t\t\t\t\t\t\t\t<\/div>\n\t\t\t\t<\/div>\n\t\t\t\t\t<\/div>\n\t\t<\/div>\n\t\t\t\t\t<\/div>\n\t\t<\/section>\n\t\t\t\t<section class=\"elementor-section elementor-top-section elementor-element elementor-element-39a14a elementor-section-boxed elementor-section-height-default elementor-section-height-default\" data-id=\"39a14a\" data-element_type=\"section\" data-settings=\"{&quot;jet_parallax_layout_list&quot;:[]}\">\n\t\t\t\t\t\t<div class=\"elementor-container elementor-column-gap-default\">\n\t\t\t\t\t<div class=\"elementor-column elementor-col-100 elementor-top-column elementor-element elementor-element-4add1e2b\" data-id=\"4add1e2b\" data-element_type=\"column\">\n\t\t\t<div class=\"elementor-widget-wrap elementor-element-populated\">\n\t\t\t\t\t\t<div class=\"elementor-element elementor-element-4ca96ee9 elementor-shape-circle elementor-grid-0 e-grid-align-center elementor-widget elementor-widget-social-icons\" data-id=\"4ca96ee9\" data-element_type=\"widget\" data-widget_type=\"social-icons.default\">\n\t\t\t\t<div class=\"elementor-widget-container\">\n\t\t\t\t\t\t\t<div class=\"elementor-social-icons-wrapper elementor-grid\" role=\"list\">\n\t\t\t\t\t\t\t<span class=\"elementor-grid-item\" role=\"listitem\">\n\t\t\t\t\t<a class=\"elementor-icon elementor-social-icon elementor-social-icon-rss elementor-repeater-item-7af8f5a\" href=\"https:\/\/www.prince-of-lapland.com\/\" target=\"_blank\" rel=\"nofollow\">\n\t\t\t\t\t\t<span class=\"elementor-screen-only\">Rss<\/span>\n\t\t\t\t\t\t<i class=\"fas fa-rss\"><\/i>\t\t\t\t\t<\/a>\n\t\t\t\t<\/span>\n\t\t\t\t\t\t\t<span class=\"elementor-grid-item\" role=\"listitem\">\n\t\t\t\t\t<a class=\"elementor-icon elementor-social-icon elementor-social-icon-instagram elementor-repeater-item-e5ee254\" href=\"https:\/\/www.instagram.com\/prince_of_lapland\/\" target=\"_blank\" rel=\"nofollow\">\n\t\t\t\t\t\t<span class=\"elementor-screen-only\">Instagram<\/span>\n\t\t\t\t\t\t<i class=\"fab fa-instagram\"><\/i>\t\t\t\t\t<\/a>\n\t\t\t\t<\/span>\n\t\t\t\t\t<\/div>\n\t\t\t\t\t\t<\/div>\n\t\t\t\t<\/div>\n\t\t\t\t\t<\/div>\n\t\t<\/div>\n\t\t\t\t\t<\/div>\n\t\t<\/section>\n\t\t\t\t<\/div>\n\t\t<\/p><p>\t\t<div data-elementor-type=\"wp-post\" data-elementor-id=\"47754\" class=\"elementor elementor-47754 elementor-47258\" data-elementor-post-type=\"ae_global_templates\">\n\t\t\t\t\t\t<section class=\"elementor-section elementor-top-section elementor-element elementor-element-3bd6db06 elementor-section-boxed elementor-section-height-default elementor-section-height-default\" data-id=\"3bd6db06\" data-element_type=\"section\" data-settings=\"{&quot;jet_parallax_layout_list&quot;:[]}\">\n\t\t\t\t\t\t<div class=\"elementor-container elementor-column-gap-default\">\n\t\t\t\t\t<div class=\"elementor-column elementor-col-100 elementor-top-column elementor-element elementor-element-434bdb16\" data-id=\"434bdb16\" data-element_type=\"column\">\n\t\t\t<div class=\"elementor-widget-wrap elementor-element-populated\">\n\t\t\t\t\t\t<div class=\"elementor-element elementor-element-2324e8a0 elementor-widget elementor-widget-text-editor\" data-id=\"2324e8a0\" data-element_type=\"widget\" data-widget_type=\"text-editor.default\">\n\t\t\t\t<div class=\"elementor-widget-container\">\n\t\t\t\t\t\t\t\t\t<h2><span style=\"color: #c7c7c7;\">\u00abLIGHTS IN THE LAND OF LIVING SKIES\u00bb &#8211; JEANINE HOLOWATUIK<\/span><\/h2>\t\t\t\t\t\t\t\t<\/div>\n\t\t\t\t<\/div>\n\t\t\t\t\t<\/div>\n\t\t<\/div>\n\t\t\t\t\t<\/div>\n\t\t<\/section>\n\t\t\t\t<section class=\"elementor-section elementor-top-section elementor-element elementor-element-122bb81c elementor-section-boxed elementor-section-height-default elementor-section-height-default\" data-id=\"122bb81c\" data-element_type=\"section\" data-settings=\"{&quot;jet_parallax_layout_list&quot;:[]}\">\n\t\t\t\t\t\t<div class=\"elementor-container elementor-column-gap-default\">\n\t\t\t\t\t<div class=\"elementor-column elementor-col-100 elementor-top-column elementor-element elementor-element-465d9dc6\" data-id=\"465d9dc6\" data-element_type=\"column\">\n\t\t\t<div class=\"elementor-widget-wrap elementor-element-populated\">\n\t\t\t\t\t\t<div class=\"elementor-element elementor-element-78bf23b1 elementor-widget elementor-widget-text-editor\" data-id=\"78bf23b1\" data-element_type=\"widget\" data-widget_type=\"text-editor.default\">\n\t\t\t\t<div class=\"elementor-widget-container\">\n\t\t\t\t\t\t\t\t\t<div id=\"attachment_46461\" style=\"width: 1930px\" class=\"wp-caption aligncenter\"><img decoding=\"async\" aria-describedby=\"caption-attachment-46461\" class=\"wp-image-46461 size-full\" title=\"Mejores fotos de la Aurora Boreal Canada\" src=\"https:\/\/imgcap.capturetheatlas.com\/wp-content\/uploads\/2020\/11\/Northern-Lights-photographer-of-the-year-Jeanine-Holowatuik.jpg\" alt=\"Aurora Boreal en Saskatchewan Canada\" width=\"1920\" height=\"1280\" srcset=\"https:\/\/imgcap.capturetheatlas.com\/wp-content\/uploads\/2020\/11\/Northern-Lights-photographer-of-the-year-Jeanine-Holowatuik.jpg 1920w, https:\/\/imgcap.capturetheatlas.com\/wp-content\/uploads\/2020\/11\/Northern-Lights-photographer-of-the-year-Jeanine-Holowatuik-300x200.jpg 300w, https:\/\/imgcap.capturetheatlas.com\/wp-content\/uploads\/2020\/11\/Northern-Lights-photographer-of-the-year-Jeanine-Holowatuik-1024x683.jpg 1024w, https:\/\/imgcap.capturetheatlas.com\/wp-content\/uploads\/2020\/11\/Northern-Lights-photographer-of-the-year-Jeanine-Holowatuik-768x512.jpg 768w, https:\/\/imgcap.capturetheatlas.com\/wp-content\/uploads\/2020\/11\/Northern-Lights-photographer-of-the-year-Jeanine-Holowatuik-1536x1024.jpg 1536w, https:\/\/imgcap.capturetheatlas.com\/wp-content\/uploads\/2020\/11\/Northern-Lights-photographer-of-the-year-Jeanine-Holowatuik-570x380.jpg 570w\" sizes=\"(max-width: 1920px) 100vw, 1920px\" \/><p id=\"caption-attachment-46461\" class=\"wp-caption-text\"><span style=\"color: #c7c7c7;\">\u00abLights in the land of living skies\u00bb &#8211; Jeanine Holowatuik <\/span><\/p><\/div>\t\t\t\t\t\t\t\t<\/div>\n\t\t\t\t<\/div>\n\t\t\t\t\t<\/div>\n\t\t<\/div>\n\t\t\t\t\t<\/div>\n\t\t<\/section>\n\t\t\t\t<section class=\"elementor-section elementor-top-section elementor-element elementor-element-17e82a54 elementor-section-boxed elementor-section-height-default elementor-section-height-default\" data-id=\"17e82a54\" data-element_type=\"section\" data-settings=\"{&quot;jet_parallax_layout_list&quot;:[]}\">\n\t\t\t\t\t\t<div class=\"elementor-container elementor-column-gap-default\">\n\t\t\t\t\t<div class=\"elementor-column elementor-col-100 elementor-top-column elementor-element elementor-element-62fa059a\" data-id=\"62fa059a\" data-element_type=\"column\">\n\t\t\t<div class=\"elementor-widget-wrap elementor-element-populated\">\n\t\t\t\t\t\t<div class=\"elementor-element elementor-element-6351e665 elementor-icon-list--layout-traditional elementor-list-item-link-full_width elementor-widget elementor-widget-icon-list\" data-id=\"6351e665\" data-element_type=\"widget\" data-widget_type=\"icon-list.default\">\n\t\t\t\t<div class=\"elementor-widget-container\">\n\t\t\t\t\t\t\t<ul class=\"elementor-icon-list-items\">\n\t\t\t\t\t\t\t<li class=\"elementor-icon-list-item\">\n\t\t\t\t\t\t\t\t\t\t\t<span class=\"elementor-icon-list-icon\">\n\t\t\t\t\t\t\t<i aria-hidden=\"true\" class=\"fas fa-map-pin\"><\/i>\t\t\t\t\t\t<\/span>\n\t\t\t\t\t\t\t\t\t\t<span class=\"elementor-icon-list-text\">Saskatchewan, Canada<\/span>\n\t\t\t\t\t\t\t\t\t<\/li>\n\t\t\t\t\t\t<\/ul>\n\t\t\t\t\t\t<\/div>\n\t\t\t\t<\/div>\n\t\t\t\t\t<\/div>\n\t\t<\/div>\n\t\t\t\t\t<\/div>\n\t\t<\/section>\n\t\t\t\t<section class=\"elementor-section elementor-top-section elementor-element elementor-element-1e98acc4 elementor-section-boxed elementor-section-height-default elementor-section-height-default\" data-id=\"1e98acc4\" data-element_type=\"section\" data-settings=\"{&quot;jet_parallax_layout_list&quot;:[]}\">\n\t\t\t\t\t\t<div class=\"elementor-container elementor-column-gap-default\">\n\t\t\t\t\t<div class=\"elementor-column elementor-col-100 elementor-top-column elementor-element elementor-element-6fff4a0c\" data-id=\"6fff4a0c\" data-element_type=\"column\">\n\t\t\t<div class=\"elementor-widget-wrap elementor-element-populated\">\n\t\t\t\t\t\t<div class=\"elementor-element elementor-element-9ab804b elementor-widget elementor-widget-text-editor\" data-id=\"9ab804b\" data-element_type=\"widget\" data-widget_type=\"text-editor.default\">\n\t\t\t\t<div class=\"elementor-widget-container\">\n\t\t\t\t\t\t\t\t\t<p style=\"text-align: justify;\"><span style=\"color: #c7c7c7;\">Captur\u00e9&nbsp;esta imagen&nbsp;durante una tormenta de Auroras Boreales sorpresa que apareci\u00f3 de la nada a finales de mayo en el bosque boreal de Saskatchewan, Canad\u00e1.&nbsp;La luna iluminaba el paisaje y las luces del norte no paraban de \u201cbailar\u201d por el cielo.&nbsp;\u00a1Fue un momento m\u00e1gico!<\/span><\/p>\n<p style=\"text-align: justify;\"><span style=\"color: #c7c7c7;\">El espect\u00e1culo fue enorme y las luces eran visibles en todas las direcciones en su punto m\u00e1ximo, algo que no sucede a menudo en mi latitud.&nbsp;Pude quedarme cerca de casa,&nbsp;mirando con asombro c\u00f3mo las luces llegaban m\u00e1s al sur, en una c\u00e1lida noche de primavera donde la aurora brillo hasta el amanecer. \u00a1Sin duda una noche que nunca olvidar\u00e9!<\/span><\/p>\t\t\t\t\t\t\t\t<\/div>\n\t\t\t\t<\/div>\n\t\t\t\t\t<\/div>\n\t\t<\/div>\n\t\t\t\t\t<\/div>\n\t\t<\/section>\n\t\t\t\t<section class=\"elementor-section elementor-top-section elementor-element elementor-element-17b09937 elementor-section-boxed elementor-section-height-default elementor-section-height-default\" data-id=\"17b09937\" data-element_type=\"section\" data-settings=\"{&quot;jet_parallax_layout_list&quot;:[]}\">\n\t\t\t\t\t\t<div class=\"elementor-container elementor-column-gap-default\">\n\t\t\t\t\t<div class=\"elementor-column elementor-col-100 elementor-top-column elementor-element elementor-element-28e921d7\" data-id=\"28e921d7\" data-element_type=\"column\">\n\t\t\t<div class=\"elementor-widget-wrap elementor-element-populated\">\n\t\t\t\t\t\t<div class=\"elementor-element elementor-element-4ab2382c elementor-shape-circle elementor-grid-0 e-grid-align-center elementor-widget elementor-widget-social-icons\" data-id=\"4ab2382c\" data-element_type=\"widget\" data-widget_type=\"social-icons.default\">\n\t\t\t\t<div class=\"elementor-widget-container\">\n\t\t\t\t\t\t\t<div class=\"elementor-social-icons-wrapper elementor-grid\" role=\"list\">\n\t\t\t\t\t\t\t<span class=\"elementor-grid-item\" role=\"listitem\">\n\t\t\t\t\t<a class=\"elementor-icon elementor-social-icon elementor-social-icon-rss elementor-repeater-item-7af8f5a\" href=\"https:\/\/northernescapephotography.com\" target=\"_blank\" rel=\"nofollow\">\n\t\t\t\t\t\t<span class=\"elementor-screen-only\">Rss<\/span>\n\t\t\t\t\t\t<i class=\"fas fa-rss\"><\/i>\t\t\t\t\t<\/a>\n\t\t\t\t<\/span>\n\t\t\t\t\t\t\t<span class=\"elementor-grid-item\" role=\"listitem\">\n\t\t\t\t\t<a class=\"elementor-icon elementor-social-icon elementor-social-icon-instagram elementor-repeater-item-e5ee254\" href=\"https:\/\/www.instagram.com\/jeanine.holowatuik\/\" target=\"_blank\" rel=\"nofollow\">\n\t\t\t\t\t\t<span class=\"elementor-screen-only\">Instagram<\/span>\n\t\t\t\t\t\t<i class=\"fab fa-instagram\"><\/i>\t\t\t\t\t<\/a>\n\t\t\t\t<\/span>\n\t\t\t\t\t\t\t<span class=\"elementor-grid-item\" role=\"listitem\">\n\t\t\t\t\t<a class=\"elementor-icon elementor-social-icon elementor-social-icon-facebook-f elementor-repeater-item-3a8a7fe\" href=\"https:\/\/www.facebook.com\/northernescapephotography\/\" target=\"_blank\" rel=\"nofollow\">\n\t\t\t\t\t\t<span class=\"elementor-screen-only\">Facebook-f<\/span>\n\t\t\t\t\t\t<i class=\"fab fa-facebook-f\"><\/i>\t\t\t\t\t<\/a>\n\t\t\t\t<\/span>\n\t\t\t\t\t<\/div>\n\t\t\t\t\t\t<\/div>\n\t\t\t\t<\/div>\n\t\t\t\t\t<\/div>\n\t\t<\/div>\n\t\t\t\t\t<\/div>\n\t\t<\/section>\n\t\t\t\t<\/div>\n\t\t<\/p><p>\t\t<div data-elementor-type=\"wp-post\" data-elementor-id=\"47731\" class=\"elementor elementor-47731 elementor-47222\" data-elementor-post-type=\"ae_global_templates\">\n\t\t\t\t\t\t<section class=\"elementor-section elementor-top-section elementor-element elementor-element-15389146 elementor-section-boxed elementor-section-height-default elementor-section-height-default\" data-id=\"15389146\" data-element_type=\"section\" data-settings=\"{&quot;jet_parallax_layout_list&quot;:[]}\">\n\t\t\t\t\t\t<div class=\"elementor-container elementor-column-gap-default\">\n\t\t\t\t\t<div class=\"elementor-column elementor-col-100 elementor-top-column elementor-element elementor-element-72a2e741\" data-id=\"72a2e741\" data-element_type=\"column\">\n\t\t\t<div class=\"elementor-widget-wrap elementor-element-populated\">\n\t\t\t\t\t\t<div class=\"elementor-element elementor-element-4cd7dfe6 elementor-widget elementor-widget-text-editor\" data-id=\"4cd7dfe6\" data-element_type=\"widget\" data-widget_type=\"text-editor.default\">\n\t\t\t\t<div class=\"elementor-widget-container\">\n\t\t\t\t\t\t\t\t\t<h2><span style=\"color: #c7c7c7;\">\u00abNatural Mystic\u00bb &#8211;\u00a0<\/span><span style=\"color: #c7c7c7;\"><span style=\"caret-color: #c7c7c7;\">Virginia Yllera<\/span><\/span><\/h2>\t\t\t\t\t\t\t\t<\/div>\n\t\t\t\t<\/div>\n\t\t\t\t\t<\/div>\n\t\t<\/div>\n\t\t\t\t\t<\/div>\n\t\t<\/section>\n\t\t\t\t<section class=\"elementor-section elementor-top-section elementor-element elementor-element-3f480ca6 elementor-section-boxed elementor-section-height-default elementor-section-height-default\" data-id=\"3f480ca6\" data-element_type=\"section\" data-settings=\"{&quot;jet_parallax_layout_list&quot;:[]}\">\n\t\t\t\t\t\t<div class=\"elementor-container elementor-column-gap-default\">\n\t\t\t\t\t<div class=\"elementor-column elementor-col-100 elementor-top-column elementor-element elementor-element-44b3b683\" data-id=\"44b3b683\" data-element_type=\"column\">\n\t\t\t<div class=\"elementor-widget-wrap elementor-element-populated\">\n\t\t\t\t\t\t<div class=\"elementor-element elementor-element-1aebaae3 elementor-widget elementor-widget-text-editor\" data-id=\"1aebaae3\" data-element_type=\"widget\" data-widget_type=\"text-editor.default\">\n\t\t\t\t<div class=\"elementor-widget-container\">\n\t\t\t\t\t\t\t\t\t<div id=\"attachment_46447\" style=\"width: 1930px\" class=\"wp-caption aligncenter\"><img decoding=\"async\" aria-describedby=\"caption-attachment-46447\" class=\"wp-image-46447 size-full\" title=\"Mejores fotos del a\u00f1o de Auroras boreales\" src=\"https:\/\/imgcap.capturetheatlas.com\/wp-content\/uploads\/2020\/11\/Best-Northern-Lights-images-of-the-year-Virginia-Yllera.jpg\" alt=\"Mejores fotograf\u00edas de Auroras Boreales 2020\" width=\"1920\" height=\"1280\" srcset=\"https:\/\/imgcap.capturetheatlas.com\/wp-content\/uploads\/2020\/11\/Best-Northern-Lights-images-of-the-year-Virginia-Yllera.jpg 1920w, https:\/\/imgcap.capturetheatlas.com\/wp-content\/uploads\/2020\/11\/Best-Northern-Lights-images-of-the-year-Virginia-Yllera-300x200.jpg 300w, https:\/\/imgcap.capturetheatlas.com\/wp-content\/uploads\/2020\/11\/Best-Northern-Lights-images-of-the-year-Virginia-Yllera-1024x683.jpg 1024w, https:\/\/imgcap.capturetheatlas.com\/wp-content\/uploads\/2020\/11\/Best-Northern-Lights-images-of-the-year-Virginia-Yllera-768x512.jpg 768w, https:\/\/imgcap.capturetheatlas.com\/wp-content\/uploads\/2020\/11\/Best-Northern-Lights-images-of-the-year-Virginia-Yllera-1536x1024.jpg 1536w, https:\/\/imgcap.capturetheatlas.com\/wp-content\/uploads\/2020\/11\/Best-Northern-Lights-images-of-the-year-Virginia-Yllera-570x380.jpg 570w\" sizes=\"(max-width: 1920px) 100vw, 1920px\" \/><p id=\"caption-attachment-46447\" class=\"wp-caption-text\"><span style=\"color: #c7c7c7;\">\u00abNatural Mystic\u00bb &#8211; Virginia Yllera <\/span><\/p><\/div>\t\t\t\t\t\t\t\t<\/div>\n\t\t\t\t<\/div>\n\t\t\t\t\t<\/div>\n\t\t<\/div>\n\t\t\t\t\t<\/div>\n\t\t<\/section>\n\t\t\t\t<section class=\"elementor-section elementor-top-section elementor-element elementor-element-a96f571 elementor-section-boxed elementor-section-height-default elementor-section-height-default\" data-id=\"a96f571\" data-element_type=\"section\" data-settings=\"{&quot;jet_parallax_layout_list&quot;:[]}\">\n\t\t\t\t\t\t<div class=\"elementor-container elementor-column-gap-default\">\n\t\t\t\t\t<div class=\"elementor-column elementor-col-100 elementor-top-column elementor-element elementor-element-3510e6d\" data-id=\"3510e6d\" data-element_type=\"column\">\n\t\t\t<div class=\"elementor-widget-wrap elementor-element-populated\">\n\t\t\t\t\t\t<div class=\"elementor-element elementor-element-53444869 elementor-icon-list--layout-traditional elementor-list-item-link-full_width elementor-widget elementor-widget-icon-list\" data-id=\"53444869\" data-element_type=\"widget\" data-widget_type=\"icon-list.default\">\n\t\t\t\t<div class=\"elementor-widget-container\">\n\t\t\t\t\t\t\t<ul class=\"elementor-icon-list-items\">\n\t\t\t\t\t\t\t<li class=\"elementor-icon-list-item\">\n\t\t\t\t\t\t\t\t\t\t\t<span class=\"elementor-icon-list-icon\">\n\t\t\t\t\t\t\t<i aria-hidden=\"true\" class=\"fas fa-map-pin\"><\/i>\t\t\t\t\t\t<\/span>\n\t\t\t\t\t\t\t\t\t\t<span class=\"elementor-icon-list-text\">Islandia<\/span>\n\t\t\t\t\t\t\t\t\t<\/li>\n\t\t\t\t\t\t<\/ul>\n\t\t\t\t\t\t<\/div>\n\t\t\t\t<\/div>\n\t\t\t\t\t<\/div>\n\t\t<\/div>\n\t\t\t\t\t<\/div>\n\t\t<\/section>\n\t\t\t\t<section class=\"elementor-section elementor-top-section elementor-element elementor-element-3142946b elementor-section-boxed elementor-section-height-default elementor-section-height-default\" data-id=\"3142946b\" data-element_type=\"section\" data-settings=\"{&quot;jet_parallax_layout_list&quot;:[]}\">\n\t\t\t\t\t\t<div class=\"elementor-container elementor-column-gap-default\">\n\t\t\t\t\t<div class=\"elementor-column elementor-col-100 elementor-top-column elementor-element elementor-element-71e202ed\" data-id=\"71e202ed\" data-element_type=\"column\">\n\t\t\t<div class=\"elementor-widget-wrap elementor-element-populated\">\n\t\t\t\t\t\t<div class=\"elementor-element elementor-element-22d9db3e elementor-widget elementor-widget-text-editor\" data-id=\"22d9db3e\" data-element_type=\"widget\" data-widget_type=\"text-editor.default\">\n\t\t\t\t<div class=\"elementor-widget-container\">\n\t\t\t\t\t\t\t\t\t<p style=\"text-align: justify;\"><span style=\"color: #c7c7c7;\">\u00bfQu\u00e9 ser\u00eda de nosotros, los&nbsp;fot\u00f3grafos,&nbsp;sin estas experiencias que amenizan y a la vez incordian&nbsp;esas fr\u00edas y deseadas esperas?&nbsp;<\/span><\/p>\n<p style=\"text-align: justify;\"><span style=\"color: #c7c7c7;\">\u00a1Pues estos apote\u00f3sicos momentos!&nbsp;&nbsp;<\/span><\/p>\n<p style=\"text-align: justify;\"><span style=\"color: #c7c7c7;\">Noviembre, fr\u00edo y mucho viento. Fue uno de los momentos m\u00e1s espectaculares que he vivido en la b\u00fasqueda de las luces del&nbsp;norte.&nbsp;La sensaci\u00f3n t\u00e9rmica, sumada al viento y el spray que nos acechaba desde la cascada, era parte de la aventura, que animaba al movimiento, indeseado, del tr\u00edpode.&nbsp;<\/span><\/p>\n<p style=\"text-align: justify;\"><span style=\"color: #c7c7c7;\">Sin embargo, las luces se apoderaron del momento. La maniobra ineludible era limpiar constantemente la lente y asegurarme de que la composici\u00f3n y la luz, tras los desvar\u00edos de la misma, segu\u00edan siendo correctos.<\/span><\/p>\n<p style=\"text-align: justify;\"><span style=\"color: #c7c7c7;\">No siempre la&nbsp;espera tiene recompensa, pero es parte de ella.<\/span><\/p>\t\t\t\t\t\t\t\t<\/div>\n\t\t\t\t<\/div>\n\t\t\t\t\t<\/div>\n\t\t<\/div>\n\t\t\t\t\t<\/div>\n\t\t<\/section>\n\t\t\t\t<section class=\"elementor-section elementor-top-section elementor-element elementor-element-471ab666 elementor-section-boxed elementor-section-height-default elementor-section-height-default\" data-id=\"471ab666\" data-element_type=\"section\" data-settings=\"{&quot;jet_parallax_layout_list&quot;:[]}\">\n\t\t\t\t\t\t<div class=\"elementor-container elementor-column-gap-default\">\n\t\t\t\t\t<div class=\"elementor-column elementor-col-100 elementor-top-column elementor-element elementor-element-633a5b01\" data-id=\"633a5b01\" data-element_type=\"column\">\n\t\t\t<div class=\"elementor-widget-wrap elementor-element-populated\">\n\t\t\t\t\t\t<div class=\"elementor-element elementor-element-556be5ca elementor-shape-circle elementor-grid-0 e-grid-align-center elementor-widget elementor-widget-social-icons\" data-id=\"556be5ca\" data-element_type=\"widget\" data-widget_type=\"social-icons.default\">\n\t\t\t\t<div class=\"elementor-widget-container\">\n\t\t\t\t\t\t\t<div class=\"elementor-social-icons-wrapper elementor-grid\" role=\"list\">\n\t\t\t\t\t\t\t<span class=\"elementor-grid-item\" role=\"listitem\">\n\t\t\t\t\t<a class=\"elementor-icon elementor-social-icon elementor-social-icon-instagram elementor-repeater-item-e5ee254\" href=\"https:\/\/www.instagram.com\/virgin_yllera_photography\/?hl=es\" target=\"_blank\" rel=\"nofollow\">\n\t\t\t\t\t\t<span class=\"elementor-screen-only\">Instagram<\/span>\n\t\t\t\t\t\t<i class=\"fab fa-instagram\"><\/i>\t\t\t\t\t<\/a>\n\t\t\t\t<\/span>\n\t\t\t\t\t\t\t<span class=\"elementor-grid-item\" role=\"listitem\">\n\t\t\t\t\t<a class=\"elementor-icon elementor-social-icon elementor-social-icon-facebook-f elementor-repeater-item-3a8a7fe\" href=\"https:\/\/www.facebook.com\/virginia.yllera\/\" target=\"_blank\" rel=\"nofollow\">\n\t\t\t\t\t\t<span class=\"elementor-screen-only\">Facebook-f<\/span>\n\t\t\t\t\t\t<i class=\"fab fa-facebook-f\"><\/i>\t\t\t\t\t<\/a>\n\t\t\t\t<\/span>\n\t\t\t\t\t<\/div>\n\t\t\t\t\t\t<\/div>\n\t\t\t\t<\/div>\n\t\t\t\t\t<\/div>\n\t\t<\/div>\n\t\t\t\t\t<\/div>\n\t\t<\/section>\n\t\t\t\t<\/div>\n\t\t<\/p><p>\t\t<div data-elementor-type=\"wp-post\" data-elementor-id=\"47779\" class=\"elementor elementor-47779 elementor-47285\" data-elementor-post-type=\"ae_global_templates\">\n\t\t\t\t\t\t<section class=\"elementor-section elementor-top-section elementor-element elementor-element-491dbb1 elementor-section-boxed elementor-section-height-default elementor-section-height-default\" data-id=\"491dbb1\" data-element_type=\"section\" data-settings=\"{&quot;jet_parallax_layout_list&quot;:[]}\">\n\t\t\t\t\t\t<div class=\"elementor-container elementor-column-gap-default\">\n\t\t\t\t\t<div class=\"elementor-column elementor-col-100 elementor-top-column elementor-element elementor-element-4a98e631\" data-id=\"4a98e631\" data-element_type=\"column\">\n\t\t\t<div class=\"elementor-widget-wrap elementor-element-populated\">\n\t\t\t\t\t\t<div class=\"elementor-element elementor-element-3d4d2a0f elementor-widget elementor-widget-text-editor\" data-id=\"3d4d2a0f\" data-element_type=\"widget\" data-widget_type=\"text-editor.default\">\n\t\t\t\t<div class=\"elementor-widget-container\">\n\t\t\t\t\t\t\t\t\t<h2><span style=\"color: #c7c7c7;\">\u00abSobre las monta\u00f1as de Lofoten\u00bb &#8211;\u00a0<\/span><span style=\"color: #c7c7c7;\"><span style=\"caret-color: #c7c7c7;\">Jose Antonio Mateos Fajardo<\/span><\/span><\/h2>\t\t\t\t\t\t\t\t<\/div>\n\t\t\t\t<\/div>\n\t\t\t\t\t<\/div>\n\t\t<\/div>\n\t\t\t\t\t<\/div>\n\t\t<\/section>\n\t\t\t\t<section class=\"elementor-section elementor-top-section elementor-element elementor-element-3185ab7a elementor-section-boxed elementor-section-height-default elementor-section-height-default\" data-id=\"3185ab7a\" data-element_type=\"section\" data-settings=\"{&quot;jet_parallax_layout_list&quot;:[]}\">\n\t\t\t\t\t\t<div class=\"elementor-container elementor-column-gap-default\">\n\t\t\t\t\t<div class=\"elementor-column elementor-col-100 elementor-top-column elementor-element elementor-element-18226b8d\" data-id=\"18226b8d\" data-element_type=\"column\">\n\t\t\t<div class=\"elementor-widget-wrap elementor-element-populated\">\n\t\t\t\t\t\t<div class=\"elementor-element elementor-element-d5a61e elementor-widget elementor-widget-text-editor\" data-id=\"d5a61e\" data-element_type=\"widget\" data-widget_type=\"text-editor.default\">\n\t\t\t\t<div class=\"elementor-widget-container\">\n\t\t\t\t\t\t\t\t\t<div id=\"attachment_46445\" style=\"width: 1930px\" class=\"wp-caption aligncenter\"><img decoding=\"async\" aria-describedby=\"caption-attachment-46445\" class=\"wp-image-46445 size-full\" title=\"Aurora Boreal y luna llena \u00e1rtico Lofoten\" src=\"https:\/\/imgcap.capturetheatlas.com\/wp-content\/uploads\/2020\/11\/Best-Aurora-images-of-the-year.jpg\" alt=\"Mejoras panor\u00e1micas de Auroras Boreales\" width=\"1920\" height=\"797\" srcset=\"https:\/\/imgcap.capturetheatlas.com\/wp-content\/uploads\/2020\/11\/Best-Aurora-images-of-the-year.jpg 1920w, https:\/\/imgcap.capturetheatlas.com\/wp-content\/uploads\/2020\/11\/Best-Aurora-images-of-the-year-300x125.jpg 300w, https:\/\/imgcap.capturetheatlas.com\/wp-content\/uploads\/2020\/11\/Best-Aurora-images-of-the-year-1024x425.jpg 1024w, https:\/\/imgcap.capturetheatlas.com\/wp-content\/uploads\/2020\/11\/Best-Aurora-images-of-the-year-768x319.jpg 768w, https:\/\/imgcap.capturetheatlas.com\/wp-content\/uploads\/2020\/11\/Best-Aurora-images-of-the-year-1536x638.jpg 1536w, https:\/\/imgcap.capturetheatlas.com\/wp-content\/uploads\/2020\/11\/Best-Aurora-images-of-the-year-915x380.jpg 915w\" sizes=\"(max-width: 1920px) 100vw, 1920px\" \/><p id=\"caption-attachment-46445\" class=\"wp-caption-text\"><span style=\"color: #c7c7c7;\">\u00abSobre las monta\u00f1as de Lofoten\u00bb &#8211; Jos\u00e9 Antonio Mateos Fajardo <\/span><\/p><\/div>\t\t\t\t\t\t\t\t<\/div>\n\t\t\t\t<\/div>\n\t\t\t\t\t<\/div>\n\t\t<\/div>\n\t\t\t\t\t<\/div>\n\t\t<\/section>\n\t\t\t\t<section class=\"elementor-section elementor-top-section elementor-element elementor-element-7ba0ad78 elementor-section-boxed elementor-section-height-default elementor-section-height-default\" data-id=\"7ba0ad78\" data-element_type=\"section\" data-settings=\"{&quot;jet_parallax_layout_list&quot;:[]}\">\n\t\t\t\t\t\t<div class=\"elementor-container elementor-column-gap-default\">\n\t\t\t\t\t<div class=\"elementor-column elementor-col-100 elementor-top-column elementor-element elementor-element-65adb043\" data-id=\"65adb043\" data-element_type=\"column\">\n\t\t\t<div class=\"elementor-widget-wrap elementor-element-populated\">\n\t\t\t\t\t\t<div class=\"elementor-element elementor-element-5c828133 elementor-icon-list--layout-traditional elementor-list-item-link-full_width elementor-widget elementor-widget-icon-list\" data-id=\"5c828133\" data-element_type=\"widget\" data-widget_type=\"icon-list.default\">\n\t\t\t\t<div class=\"elementor-widget-container\">\n\t\t\t\t\t\t\t<ul class=\"elementor-icon-list-items\">\n\t\t\t\t\t\t\t<li class=\"elementor-icon-list-item\">\n\t\t\t\t\t\t\t\t\t\t\t<span class=\"elementor-icon-list-icon\">\n\t\t\t\t\t\t\t<i aria-hidden=\"true\" class=\"fas fa-map-pin\"><\/i>\t\t\t\t\t\t<\/span>\n\t\t\t\t\t\t\t\t\t\t<span class=\"elementor-icon-list-text\">Islas Lofoten, Noruega<\/span>\n\t\t\t\t\t\t\t\t\t<\/li>\n\t\t\t\t\t\t<\/ul>\n\t\t\t\t\t\t<\/div>\n\t\t\t\t<\/div>\n\t\t\t\t\t<\/div>\n\t\t<\/div>\n\t\t\t\t\t<\/div>\n\t\t<\/section>\n\t\t\t\t<section class=\"elementor-section elementor-top-section elementor-element elementor-element-41965390 elementor-section-boxed elementor-section-height-default elementor-section-height-default\" data-id=\"41965390\" data-element_type=\"section\" data-settings=\"{&quot;jet_parallax_layout_list&quot;:[]}\">\n\t\t\t\t\t\t<div class=\"elementor-container elementor-column-gap-default\">\n\t\t\t\t\t<div class=\"elementor-column elementor-col-100 elementor-top-column elementor-element elementor-element-16897f07\" data-id=\"16897f07\" data-element_type=\"column\">\n\t\t\t<div class=\"elementor-widget-wrap elementor-element-populated\">\n\t\t\t\t\t\t<div class=\"elementor-element elementor-element-283bbb4d elementor-widget elementor-widget-text-editor\" data-id=\"283bbb4d\" data-element_type=\"widget\" data-widget_type=\"text-editor.default\">\n\t\t\t\t<div class=\"elementor-widget-container\">\n\t\t\t\t\t\t\t\t\t<p style=\"text-align: justify;\"><span style=\"color: #c7c7c7;\">1 de marzo de 2020, 23.30h en las islas Lofoten, Noruega. No s\u00e9 si hacia -10\u00baC o -12\u00baC, pero lo que si sent\u00eda eran los nervios de pensar que por fin iba a poder ver y poder fotografiar esas luces verdes que aparecen en el cielo en lugares tan lejanos y fr\u00edos&nbsp;del planeta.<\/span><\/p>\n<p style=\"text-align: justify;\"><span style=\"color: #c7c7c7;\">La noche anterior hab\u00eda&nbsp;ca\u00eddo&nbsp;una gran nevada, as\u00ed que salirse del camino significaba andar con la nieve por el pecho, por lo que no quedaba otra que clavar el tr\u00edpode&nbsp;a pie de carretera. Comenz\u00f3 como una&nbsp;nube cambiando&nbsp;sus colores de amarillo a verde lim\u00f3n y para enfocar, comenc\u00e9 ayud\u00e1ndome de la luna. En el visor de la c\u00e1mara la foto se ve\u00eda m\u00e1s&nbsp;verde a\u00fan y la escena no dejaba lugar a duda, la foto ten\u00eda que ir en formato horizontal.<\/span><\/p>\n<p style=\"text-align: justify;\"><span style=\"color: #c7c7c7;\">Utilic\u00e9 unos par\u00e1metros de ISO 2500, F2.8, 3.2seg. y, despu\u00e9s de alguna prueba, la nubecita ya se hab\u00eda&nbsp;hecho una se\u00f1ora Aurora. Para poder capturar el paisaje en todo su esplendor, decid\u00ed realizar una panor\u00e1mica, para momentos despu\u00e9s relajarme y simplemente dedicarme a disfrutar del paisaje.<\/span><\/p>\t\t\t\t\t\t\t\t<\/div>\n\t\t\t\t<\/div>\n\t\t\t\t\t<\/div>\n\t\t<\/div>\n\t\t\t\t\t<\/div>\n\t\t<\/section>\n\t\t\t\t<section class=\"elementor-section elementor-top-section elementor-element elementor-element-d078e59 elementor-section-boxed elementor-section-height-default elementor-section-height-default\" data-id=\"d078e59\" data-element_type=\"section\" data-settings=\"{&quot;jet_parallax_layout_list&quot;:[]}\">\n\t\t\t\t\t\t<div class=\"elementor-container elementor-column-gap-default\">\n\t\t\t\t\t<div class=\"elementor-column elementor-col-100 elementor-top-column elementor-element elementor-element-f499edd\" data-id=\"f499edd\" data-element_type=\"column\">\n\t\t\t<div class=\"elementor-widget-wrap elementor-element-populated\">\n\t\t\t\t\t\t<div class=\"elementor-element elementor-element-4c11259 elementor-shape-circle elementor-grid-0 e-grid-align-center elementor-widget elementor-widget-social-icons\" data-id=\"4c11259\" data-element_type=\"widget\" data-widget_type=\"social-icons.default\">\n\t\t\t\t<div class=\"elementor-widget-container\">\n\t\t\t\t\t\t\t<div class=\"elementor-social-icons-wrapper elementor-grid\" role=\"list\">\n\t\t\t\t\t\t\t<span class=\"elementor-grid-item\" role=\"listitem\">\n\t\t\t\t\t<a class=\"elementor-icon elementor-social-icon elementor-social-icon-instagram elementor-repeater-item-e5ee254\" href=\"https:\/\/www.instagram.com\/jamateos_photography\/\" target=\"_blank\" rel=\"nofollow\">\n\t\t\t\t\t\t<span class=\"elementor-screen-only\">Instagram<\/span>\n\t\t\t\t\t\t<i class=\"fab fa-instagram\"><\/i>\t\t\t\t\t<\/a>\n\t\t\t\t<\/span>\n\t\t\t\t\t\t\t<span class=\"elementor-grid-item\" role=\"listitem\">\n\t\t\t\t\t<a class=\"elementor-icon elementor-social-icon elementor-social-icon-facebook-f elementor-repeater-item-3a8a7fe\" href=\"https:\/\/www.facebook.com\/joseantonio.mateosfajardo\" target=\"_blank\" rel=\"nofollow\">\n\t\t\t\t\t\t<span class=\"elementor-screen-only\">Facebook-f<\/span>\n\t\t\t\t\t\t<i class=\"fab fa-facebook-f\"><\/i>\t\t\t\t\t<\/a>\n\t\t\t\t<\/span>\n\t\t\t\t\t<\/div>\n\t\t\t\t\t\t<\/div>\n\t\t\t\t<\/div>\n\t\t\t\t\t<\/div>\n\t\t<\/div>\n\t\t\t\t\t<\/div>\n\t\t<\/section>\n\t\t\t\t<\/div>\n\t\t<\/p><p>\t\t<div data-elementor-type=\"wp-post\" data-elementor-id=\"47734\" class=\"elementor elementor-47734 elementor-47225\" data-elementor-post-type=\"ae_global_templates\">\n\t\t\t\t\t\t<section class=\"elementor-section elementor-top-section elementor-element elementor-element-8a8941f elementor-section-boxed elementor-section-height-default elementor-section-height-default\" data-id=\"8a8941f\" data-element_type=\"section\" data-settings=\"{&quot;jet_parallax_layout_list&quot;:[]}\">\n\t\t\t\t\t\t<div class=\"elementor-container elementor-column-gap-default\">\n\t\t\t\t\t<div class=\"elementor-column elementor-col-100 elementor-top-column elementor-element elementor-element-30558527\" data-id=\"30558527\" data-element_type=\"column\">\n\t\t\t<div class=\"elementor-widget-wrap elementor-element-populated\">\n\t\t\t\t\t\t<div class=\"elementor-element elementor-element-5fc1bde2 elementor-widget elementor-widget-text-editor\" data-id=\"5fc1bde2\" data-element_type=\"widget\" data-widget_type=\"text-editor.default\">\n\t\t\t\t<div class=\"elementor-widget-container\">\n\t\t\t\t\t\t\t\t\t<h2><span style=\"color: #c7c7c7;\">\u00abHafragilsfoss Aurora\u00bb &#8211; Stefano Pellegrini<\/span><\/h2>\t\t\t\t\t\t\t\t<\/div>\n\t\t\t\t<\/div>\n\t\t\t\t\t<\/div>\n\t\t<\/div>\n\t\t\t\t\t<\/div>\n\t\t<\/section>\n\t\t\t\t<section class=\"elementor-section elementor-top-section elementor-element elementor-element-42128328 elementor-section-boxed elementor-section-height-default elementor-section-height-default\" data-id=\"42128328\" data-element_type=\"section\" data-settings=\"{&quot;jet_parallax_layout_list&quot;:[]}\">\n\t\t\t\t\t\t<div class=\"elementor-container elementor-column-gap-default\">\n\t\t\t\t\t<div class=\"elementor-column elementor-col-100 elementor-top-column elementor-element elementor-element-5f78a29b\" data-id=\"5f78a29b\" data-element_type=\"column\">\n\t\t\t<div class=\"elementor-widget-wrap elementor-element-populated\">\n\t\t\t\t\t\t<div class=\"elementor-element elementor-element-7074db5a elementor-widget elementor-widget-text-editor\" data-id=\"7074db5a\" data-element_type=\"widget\" data-widget_type=\"text-editor.default\">\n\t\t\t\t<div class=\"elementor-widget-container\">\n\t\t\t\t\t\t\t\t\t<div id=\"attachment_46471\" style=\"width: 429px\" class=\"wp-caption aligncenter\"><img decoding=\"async\" aria-describedby=\"caption-attachment-46471\" class=\"wp-image-46471\" title=\"Fot\u00f3grafo de Auroras Boreales del a\u00f1o 2020\" src=\"https:\/\/imgcap.capturetheatlas.com\/wp-content\/uploads\/2020\/11\/Northern-Lights-photographer-of-the-year-stefano-Pellegrini.jpg\" alt=\"Northern lights photographer of the year 2020\" width=\"419\" height=\"700\" srcset=\"https:\/\/imgcap.capturetheatlas.com\/wp-content\/uploads\/2020\/11\/Northern-Lights-photographer-of-the-year-stefano-Pellegrini.jpg 646w, https:\/\/imgcap.capturetheatlas.com\/wp-content\/uploads\/2020\/11\/Northern-Lights-photographer-of-the-year-stefano-Pellegrini-179x300.jpg 179w, https:\/\/imgcap.capturetheatlas.com\/wp-content\/uploads\/2020\/11\/Northern-Lights-photographer-of-the-year-stefano-Pellegrini-613x1024.jpg 613w, https:\/\/imgcap.capturetheatlas.com\/wp-content\/uploads\/2020\/11\/Northern-Lights-photographer-of-the-year-stefano-Pellegrini-227x380.jpg 227w\" sizes=\"(max-width: 419px) 100vw, 419px\" \/><p id=\"caption-attachment-46471\" class=\"wp-caption-text\"><span style=\"color: #c7c7c7;\">\u00abHafragilsfoss Aurora\u00bb &#8211; Stefano Pellegrini <\/span><\/p><\/div>\t\t\t\t\t\t\t\t<\/div>\n\t\t\t\t<\/div>\n\t\t\t\t\t<\/div>\n\t\t<\/div>\n\t\t\t\t\t<\/div>\n\t\t<\/section>\n\t\t\t\t<section class=\"elementor-section elementor-top-section elementor-element elementor-element-14fc0e2a elementor-section-boxed elementor-section-height-default elementor-section-height-default\" data-id=\"14fc0e2a\" data-element_type=\"section\" data-settings=\"{&quot;jet_parallax_layout_list&quot;:[]}\">\n\t\t\t\t\t\t<div class=\"elementor-container elementor-column-gap-default\">\n\t\t\t\t\t<div class=\"elementor-column elementor-col-100 elementor-top-column elementor-element elementor-element-64db1825\" data-id=\"64db1825\" data-element_type=\"column\">\n\t\t\t<div class=\"elementor-widget-wrap elementor-element-populated\">\n\t\t\t\t\t\t<div class=\"elementor-element elementor-element-2ba202e3 elementor-icon-list--layout-traditional elementor-list-item-link-full_width elementor-widget elementor-widget-icon-list\" data-id=\"2ba202e3\" data-element_type=\"widget\" data-widget_type=\"icon-list.default\">\n\t\t\t\t<div class=\"elementor-widget-container\">\n\t\t\t\t\t\t\t<ul class=\"elementor-icon-list-items\">\n\t\t\t\t\t\t\t<li class=\"elementor-icon-list-item\">\n\t\t\t\t\t\t\t\t\t\t\t<span class=\"elementor-icon-list-icon\">\n\t\t\t\t\t\t\t<i aria-hidden=\"true\" class=\"fas fa-map-pin\"><\/i>\t\t\t\t\t\t<\/span>\n\t\t\t\t\t\t\t\t\t\t<span class=\"elementor-icon-list-text\">Islandia<\/span>\n\t\t\t\t\t\t\t\t\t<\/li>\n\t\t\t\t\t\t<\/ul>\n\t\t\t\t\t\t<\/div>\n\t\t\t\t<\/div>\n\t\t\t\t\t<\/div>\n\t\t<\/div>\n\t\t\t\t\t<\/div>\n\t\t<\/section>\n\t\t\t\t<section class=\"elementor-section elementor-top-section elementor-element elementor-element-18cd2a7 elementor-section-boxed elementor-section-height-default elementor-section-height-default\" data-id=\"18cd2a7\" data-element_type=\"section\" data-settings=\"{&quot;jet_parallax_layout_list&quot;:[]}\">\n\t\t\t\t\t\t<div class=\"elementor-container elementor-column-gap-default\">\n\t\t\t\t\t<div class=\"elementor-column elementor-col-100 elementor-top-column elementor-element elementor-element-3f25a3f9\" data-id=\"3f25a3f9\" data-element_type=\"column\">\n\t\t\t<div class=\"elementor-widget-wrap elementor-element-populated\">\n\t\t\t\t\t\t<div class=\"elementor-element elementor-element-225cff67 elementor-widget elementor-widget-text-editor\" data-id=\"225cff67\" data-element_type=\"widget\" data-widget_type=\"text-editor.default\">\n\t\t\t\t<div class=\"elementor-widget-container\">\n\t\t\t\t\t\t\t\t\t<p style=\"text-align: justify;\"><span style=\"color: #c7c7c7;\">Durante mi \u00faltimo viaje a Islandia el agosto pasado,&nbsp;las condiciones meteorol\u00f3gicas eran muy \u00abislandesas\u00bb, es decir,&nbsp;nublado y lluvioso. Una noche, despu\u00e9s&nbsp;de pasar un&nbsp;atardecer en la cascada de Dettifoss,&nbsp;mir\u00e9 haca&nbsp;arriba&nbsp;en&nbsp;el cielo y vi algo verde, por lo que supuse que podr\u00eda ver a la esperada Aurora.<\/span><\/p>\n<p style=\"text-align: justify;\"><span style=\"color: #c7c7c7;\">El sitio donde me encontraba era muy complejo para componer, por lo&nbsp;que cog\u00ed el coche y me dirig\u00ed a otra cascada llamada Hafragilsfoss,&nbsp;donde pude encontrar una&nbsp;composici\u00f3n&nbsp;interesante.<\/span><\/p>\n<p style=\"text-align: justify;\"><span style=\"color: #c7c7c7;\">Una vez en la localizaci\u00f3n, empec\u00e9 con una exposici\u00f3n de 4 minutos para el primer plano, y justo despu\u00e9s hubo una explosi\u00f3n de color en el cielo, por lo que prepar\u00e9 mi c\u00e1mara y me dispuse a capturar la Aurora.&nbsp;\u00a1Fue&nbsp;absolutamente impresionante&nbsp;y uno de&nbsp;los&nbsp;espect\u00e1culos&nbsp;m\u00e1s incre\u00edbles&nbsp;que&nbsp;he&nbsp;visto!<\/span><\/p>\t\t\t\t\t\t\t\t<\/div>\n\t\t\t\t<\/div>\n\t\t\t\t\t<\/div>\n\t\t<\/div>\n\t\t\t\t\t<\/div>\n\t\t<\/section>\n\t\t\t\t<section class=\"elementor-section elementor-top-section elementor-element elementor-element-11da2398 elementor-section-boxed elementor-section-height-default elementor-section-height-default\" data-id=\"11da2398\" data-element_type=\"section\" data-settings=\"{&quot;jet_parallax_layout_list&quot;:[]}\">\n\t\t\t\t\t\t<div class=\"elementor-container elementor-column-gap-default\">\n\t\t\t\t\t<div class=\"elementor-column elementor-col-100 elementor-top-column elementor-element elementor-element-3f80a54f\" data-id=\"3f80a54f\" data-element_type=\"column\">\n\t\t\t<div class=\"elementor-widget-wrap elementor-element-populated\">\n\t\t\t\t\t\t<div class=\"elementor-element elementor-element-61273c31 elementor-shape-circle elementor-grid-0 e-grid-align-center elementor-widget elementor-widget-social-icons\" data-id=\"61273c31\" data-element_type=\"widget\" data-widget_type=\"social-icons.default\">\n\t\t\t\t<div class=\"elementor-widget-container\">\n\t\t\t\t\t\t\t<div class=\"elementor-social-icons-wrapper elementor-grid\" role=\"list\">\n\t\t\t\t\t\t\t<span class=\"elementor-grid-item\" role=\"listitem\">\n\t\t\t\t\t<a class=\"elementor-icon elementor-social-icon elementor-social-icon-rss elementor-repeater-item-7af8f5a\" href=\"http:\/\/www.pels.it\/photo\/\" target=\"_blank\" rel=\"nofollow\">\n\t\t\t\t\t\t<span class=\"elementor-screen-only\">Rss<\/span>\n\t\t\t\t\t\t<i class=\"fas fa-rss\"><\/i>\t\t\t\t\t<\/a>\n\t\t\t\t<\/span>\n\t\t\t\t\t\t\t<span class=\"elementor-grid-item\" role=\"listitem\">\n\t\t\t\t\t<a class=\"elementor-icon elementor-social-icon elementor-social-icon-instagram elementor-repeater-item-e5ee254\" href=\"https:\/\/www.instagram.com\/pels_photo\/\" target=\"_blank\" rel=\"nofollow\">\n\t\t\t\t\t\t<span class=\"elementor-screen-only\">Instagram<\/span>\n\t\t\t\t\t\t<i class=\"fab fa-instagram\"><\/i>\t\t\t\t\t<\/a>\n\t\t\t\t<\/span>\n\t\t\t\t\t\t\t<span class=\"elementor-grid-item\" role=\"listitem\">\n\t\t\t\t\t<a class=\"elementor-icon elementor-social-icon elementor-social-icon-facebook-f elementor-repeater-item-3a8a7fe\" href=\"https:\/\/www.facebook.com\/pels.89\" target=\"_blank\" rel=\"nofollow\">\n\t\t\t\t\t\t<span class=\"elementor-screen-only\">Facebook-f<\/span>\n\t\t\t\t\t\t<i class=\"fab fa-facebook-f\"><\/i>\t\t\t\t\t<\/a>\n\t\t\t\t<\/span>\n\t\t\t\t\t<\/div>\n\t\t\t\t\t\t<\/div>\n\t\t\t\t<\/div>\n\t\t\t\t\t<\/div>\n\t\t<\/div>\n\t\t\t\t\t<\/div>\n\t\t<\/section>\n\t\t\t\t<\/div>\n\t\t<\/p><p>\t\t<div data-elementor-type=\"wp-post\" data-elementor-id=\"47737\" class=\"elementor elementor-47737 elementor-47228\" data-elementor-post-type=\"ae_global_templates\">\n\t\t\t\t\t\t<section class=\"elementor-section elementor-top-section elementor-element elementor-element-5660730f elementor-section-boxed elementor-section-height-default elementor-section-height-default\" data-id=\"5660730f\" data-element_type=\"section\" data-settings=\"{&quot;jet_parallax_layout_list&quot;:[]}\">\n\t\t\t\t\t\t<div class=\"elementor-container elementor-column-gap-default\">\n\t\t\t\t\t<div class=\"elementor-column elementor-col-100 elementor-top-column elementor-element elementor-element-2ef3b5f7\" data-id=\"2ef3b5f7\" data-element_type=\"column\">\n\t\t\t<div class=\"elementor-widget-wrap elementor-element-populated\">\n\t\t\t\t\t\t<div class=\"elementor-element elementor-element-5986d87f elementor-widget elementor-widget-text-editor\" data-id=\"5986d87f\" data-element_type=\"widget\" data-widget_type=\"text-editor.default\">\n\t\t\t\t<div class=\"elementor-widget-container\">\n\t\t\t\t\t\t\t\t\t<h2><span style=\"color: #c7c7c7;\">\u00abPuerta al norte<\/span><span style=\"color: #c7c7c7; font-size: 21px;\">\u00bb &#8211; Filip Hrebenda<\/span><\/h2>\t\t\t\t\t\t\t\t<\/div>\n\t\t\t\t<\/div>\n\t\t\t\t\t<\/div>\n\t\t<\/div>\n\t\t\t\t\t<\/div>\n\t\t<\/section>\n\t\t\t\t<section class=\"elementor-section elementor-top-section elementor-element elementor-element-5b483cf5 elementor-section-boxed elementor-section-height-default elementor-section-height-default\" data-id=\"5b483cf5\" data-element_type=\"section\" data-settings=\"{&quot;jet_parallax_layout_list&quot;:[]}\">\n\t\t\t\t\t\t<div class=\"elementor-container elementor-column-gap-default\">\n\t\t\t\t\t<div class=\"elementor-column elementor-col-100 elementor-top-column elementor-element elementor-element-1936bad4\" data-id=\"1936bad4\" data-element_type=\"column\">\n\t\t\t<div class=\"elementor-widget-wrap elementor-element-populated\">\n\t\t\t\t\t\t<div class=\"elementor-element elementor-element-391da495 elementor-widget elementor-widget-text-editor\" data-id=\"391da495\" data-element_type=\"widget\" data-widget_type=\"text-editor.default\">\n\t\t\t\t<div class=\"elementor-widget-container\">\n\t\t\t\t\t\t\t\t\t<div id=\"attachment_46459\" style=\"width: 560px\" class=\"wp-caption aligncenter\"><img decoding=\"async\" aria-describedby=\"caption-attachment-46459\" class=\"wp-image-46459\" title=\"Mejores fotos de Auroras Boreales\" src=\"https:\/\/imgcap.capturetheatlas.com\/wp-content\/uploads\/2020\/11\/Northern-Lights-photographer-of-the-year-Filip-Hrebenda.jpg\" alt=\"Aurora Borealis photographer of the year\" width=\"550\" height=\"700\" srcset=\"https:\/\/imgcap.capturetheatlas.com\/wp-content\/uploads\/2020\/11\/Northern-Lights-photographer-of-the-year-Filip-Hrebenda.jpg 849w, https:\/\/imgcap.capturetheatlas.com\/wp-content\/uploads\/2020\/11\/Northern-Lights-photographer-of-the-year-Filip-Hrebenda-236x300.jpg 236w, https:\/\/imgcap.capturetheatlas.com\/wp-content\/uploads\/2020\/11\/Northern-Lights-photographer-of-the-year-Filip-Hrebenda-805x1024.jpg 805w, https:\/\/imgcap.capturetheatlas.com\/wp-content\/uploads\/2020\/11\/Northern-Lights-photographer-of-the-year-Filip-Hrebenda-768x977.jpg 768w, https:\/\/imgcap.capturetheatlas.com\/wp-content\/uploads\/2020\/11\/Northern-Lights-photographer-of-the-year-Filip-Hrebenda-299x380.jpg 299w\" sizes=\"(max-width: 550px) 100vw, 550px\" \/><p id=\"caption-attachment-46459\" class=\"wp-caption-text\"><span style=\"color: #c7c7c7;\">\u00abPuerta al Norte\u00bb &#8211; Filip Hrebenda <\/span><\/p><\/div>\t\t\t\t\t\t\t\t<\/div>\n\t\t\t\t<\/div>\n\t\t\t\t\t<\/div>\n\t\t<\/div>\n\t\t\t\t\t<\/div>\n\t\t<\/section>\n\t\t\t\t<section class=\"elementor-section elementor-top-section elementor-element elementor-element-5ad2d740 elementor-section-boxed elementor-section-height-default elementor-section-height-default\" data-id=\"5ad2d740\" data-element_type=\"section\" data-settings=\"{&quot;jet_parallax_layout_list&quot;:[]}\">\n\t\t\t\t\t\t<div class=\"elementor-container elementor-column-gap-default\">\n\t\t\t\t\t<div class=\"elementor-column elementor-col-100 elementor-top-column elementor-element elementor-element-23389788\" data-id=\"23389788\" data-element_type=\"column\">\n\t\t\t<div class=\"elementor-widget-wrap elementor-element-populated\">\n\t\t\t\t\t\t<div class=\"elementor-element elementor-element-40ce20e elementor-icon-list--layout-traditional elementor-list-item-link-full_width elementor-widget elementor-widget-icon-list\" data-id=\"40ce20e\" data-element_type=\"widget\" data-widget_type=\"icon-list.default\">\n\t\t\t\t<div class=\"elementor-widget-container\">\n\t\t\t\t\t\t\t<ul class=\"elementor-icon-list-items\">\n\t\t\t\t\t\t\t<li class=\"elementor-icon-list-item\">\n\t\t\t\t\t\t\t\t\t\t\t<span class=\"elementor-icon-list-icon\">\n\t\t\t\t\t\t\t<i aria-hidden=\"true\" class=\"fas fa-map-pin\"><\/i>\t\t\t\t\t\t<\/span>\n\t\t\t\t\t\t\t\t\t\t<span class=\"elementor-icon-list-text\">Islandia<\/span>\n\t\t\t\t\t\t\t\t\t<\/li>\n\t\t\t\t\t\t<\/ul>\n\t\t\t\t\t\t<\/div>\n\t\t\t\t<\/div>\n\t\t\t\t\t<\/div>\n\t\t<\/div>\n\t\t\t\t\t<\/div>\n\t\t<\/section>\n\t\t\t\t<section class=\"elementor-section elementor-top-section elementor-element elementor-element-7f826b64 elementor-section-boxed elementor-section-height-default elementor-section-height-default\" data-id=\"7f826b64\" data-element_type=\"section\" data-settings=\"{&quot;jet_parallax_layout_list&quot;:[]}\">\n\t\t\t\t\t\t<div class=\"elementor-container elementor-column-gap-default\">\n\t\t\t\t\t<div class=\"elementor-column elementor-col-100 elementor-top-column elementor-element elementor-element-72dcab9a\" data-id=\"72dcab9a\" data-element_type=\"column\">\n\t\t\t<div class=\"elementor-widget-wrap elementor-element-populated\">\n\t\t\t\t\t\t<div class=\"elementor-element elementor-element-3e859dc1 elementor-widget elementor-widget-text-editor\" data-id=\"3e859dc1\" data-element_type=\"widget\" data-widget_type=\"text-editor.default\">\n\t\t\t\t<div class=\"elementor-widget-container\">\n\t\t\t\t\t\t\t\t\t<p style=\"text-align: justify;\"><span style=\"color: #c7c7c7;\">Esa noche estaba realmente cansado despu\u00e9s de un largo d\u00eda&nbsp;viajando por Islandia y&nbsp;fotografiando&nbsp;la&nbsp;puesta&nbsp;de&nbsp;sol&nbsp;en la&nbsp;parte&nbsp;norte&nbsp;del pa\u00eds.&nbsp;Pero despu\u00e9s de ver al sol esconderse, \u00a1el pron\u00f3stico de Auroras Boreales se activ\u00f3 hasta un KP6!&nbsp;Eso significaba&nbsp;que&nbsp;no pod\u00eda dormir; \u00a1la caza de la Aurora acababa de comenzar!<\/span><\/p>\n<p style=\"text-align: justify;\"><span style=\"color: #c7c7c7;\">Despu\u00e9s de unas horas de espera,&nbsp;la dama de verde&nbsp;lleg\u00f3&nbsp;con&nbsp;un poder asombroso.&nbsp;Las condiciones no fueron f\u00e1ciles ya que,&nbsp;por la noche,&nbsp;el viento&nbsp;soplaba a m\u00e1s de 70&nbsp;km\/h,&nbsp;lo cual hac\u00eda dif\u00edcil conseguir largas exposiciones.&nbsp;Para&nbsp;conseguir esta foto,&nbsp;tambi\u00e9n&nbsp;tuve&nbsp;que asegurarme de que mi&nbsp;tr\u00edpode&nbsp;estuviera lo m\u00e1s estable posible.&nbsp;A pesar del reto,&nbsp;logr\u00e9 capturar una imagen de la Aurora muy especial.&nbsp;La moraleja es que no importa&nbsp;lo cansado que est\u00e9s,&nbsp;cuando&nbsp;aparece&nbsp;la aurora, \u00a1la euforia&nbsp;siempre gana a la&nbsp;fatiga!&nbsp;<\/span><\/p>\t\t\t\t\t\t\t\t<\/div>\n\t\t\t\t<\/div>\n\t\t\t\t\t<\/div>\n\t\t<\/div>\n\t\t\t\t\t<\/div>\n\t\t<\/section>\n\t\t\t\t<section class=\"elementor-section elementor-top-section elementor-element elementor-element-36377582 elementor-section-boxed elementor-section-height-default elementor-section-height-default\" data-id=\"36377582\" data-element_type=\"section\" data-settings=\"{&quot;jet_parallax_layout_list&quot;:[]}\">\n\t\t\t\t\t\t<div class=\"elementor-container elementor-column-gap-default\">\n\t\t\t\t\t<div class=\"elementor-column elementor-col-100 elementor-top-column elementor-element elementor-element-6455d297\" data-id=\"6455d297\" data-element_type=\"column\">\n\t\t\t<div class=\"elementor-widget-wrap elementor-element-populated\">\n\t\t\t\t\t\t<div class=\"elementor-element elementor-element-2c9478d3 elementor-shape-circle elementor-grid-0 e-grid-align-center elementor-widget elementor-widget-social-icons\" data-id=\"2c9478d3\" data-element_type=\"widget\" data-widget_type=\"social-icons.default\">\n\t\t\t\t<div class=\"elementor-widget-container\">\n\t\t\t\t\t\t\t<div class=\"elementor-social-icons-wrapper elementor-grid\" role=\"list\">\n\t\t\t\t\t\t\t<span class=\"elementor-grid-item\" role=\"listitem\">\n\t\t\t\t\t<a class=\"elementor-icon elementor-social-icon elementor-social-icon-rss elementor-repeater-item-7af8f5a\" href=\"https:\/\/www.filiphrebenda.com\" target=\"_blank\" rel=\"nofollow\">\n\t\t\t\t\t\t<span class=\"elementor-screen-only\">Rss<\/span>\n\t\t\t\t\t\t<i class=\"fas fa-rss\"><\/i>\t\t\t\t\t<\/a>\n\t\t\t\t<\/span>\n\t\t\t\t\t\t\t<span class=\"elementor-grid-item\" role=\"listitem\">\n\t\t\t\t\t<a class=\"elementor-icon elementor-social-icon elementor-social-icon-instagram elementor-repeater-item-e5ee254\" href=\"https:\/\/www.instagram.com\/filiphrebenda\/?hl=es\" target=\"_blank\" rel=\"nofollow\">\n\t\t\t\t\t\t<span class=\"elementor-screen-only\">Instagram<\/span>\n\t\t\t\t\t\t<i class=\"fab fa-instagram\"><\/i>\t\t\t\t\t<\/a>\n\t\t\t\t<\/span>\n\t\t\t\t\t\t\t<span class=\"elementor-grid-item\" role=\"listitem\">\n\t\t\t\t\t<a class=\"elementor-icon elementor-social-icon elementor-social-icon-facebook-f elementor-repeater-item-3a8a7fe\" href=\"https:\/\/www.facebook.com\/fhrebenda\" target=\"_blank\" rel=\"nofollow\">\n\t\t\t\t\t\t<span class=\"elementor-screen-only\">Facebook-f<\/span>\n\t\t\t\t\t\t<i class=\"fab fa-facebook-f\"><\/i>\t\t\t\t\t<\/a>\n\t\t\t\t<\/span>\n\t\t\t\t\t<\/div>\n\t\t\t\t\t\t<\/div>\n\t\t\t\t<\/div>\n\t\t\t\t\t<\/div>\n\t\t<\/div>\n\t\t\t\t\t<\/div>\n\t\t<\/section>\n\t\t\t\t<\/div>\n\t\t<\/p>\t\t\t\t\t\t\t\t<\/div>\n\t\t\t\t<\/div>\n\t\t\t\t\t<\/div>\n\t\t<\/div>\n\t\t\t\t\t<\/div>\n\t\t<\/section>\n\t\t\t\t<section class=\"elementor-section elementor-top-section elementor-element elementor-element-3fe3342c elementor-section-boxed elementor-section-height-default elementor-section-height-default\" data-id=\"3fe3342c\" data-element_type=\"section\" data-settings=\"{&quot;jet_parallax_layout_list&quot;:[]}\">\n\t\t\t\t\t\t<div class=\"elementor-container elementor-column-gap-default\">\n\t\t\t\t\t<div class=\"elementor-column elementor-col-100 elementor-top-column elementor-element elementor-element-6fe76229\" data-id=\"6fe76229\" data-element_type=\"column\">\n\t\t\t<div class=\"elementor-widget-wrap elementor-element-populated\">\n\t\t\t\t\t\t<div class=\"elementor-element elementor-element-19a41f91 elementor-widget elementor-widget-text-editor\" data-id=\"19a41f91\" data-element_type=\"widget\" data-widget_type=\"text-editor.default\">\n\t\t\t\t<div class=\"elementor-widget-container\">\n\t\t\t\t\t\t\t\t\t<p style=\"text-align: justify;\"><span style=\"color: #c7c7c7;\">Espero que estas im\u00e1genes te hayan resultado inspiradoras y te animen a salir y vivir aventuras incre\u00edbles persiguiendo la Aurora Boreal. <\/span><\/p><p style=\"text-align: justify;\"><span class=\"JLqJ4b\" data-language-for-alternatives=\"es\" data-language-to-translate-into=\"en\" data-phrase-index=\"1\"><span class=\"JLqJ4b ChMk0b\" data-language-for-alternatives=\"es\" data-language-to-translate-into=\"en\" data-phrase-index=\"2\"><span style=\"color: #c7c7c7;\">Si est\u00e1s interesado en fotografiar las luces del norte, no olvides que el<\/span><strong><a href=\"https:\/\/capturetheatlas.com\/es\/mejor-camara-para-fotografiar-auroras-boreales\/\" target=\"_blank\" rel=\"noopener\"> equipo para fotografiar la Aurora<\/a><\/strong> <span style=\"color: #c7c7c7;\">as\u00ed como los<\/span> <strong><a href=\"https:\/\/capturetheatlas.com\/es\/como-fotografiar-auroras-boreales\/\" target=\"_blank\" rel=\"noopener\">mejores par\u00e1metros para fotografiar Auroras Boreales<\/a><\/strong> <span style=\"color: #c7c7c7;\">son tambi\u00e9n importantes. Gracias por compartir este art\u00edculo con otros que puedan encontrarlo inspirador.<\/span><\/span><\/span><\/p>\t\t\t\t\t\t\t\t<\/div>\n\t\t\t\t<\/div>\n\t\t\t\t\t<\/div>\n\t\t<\/div>\n\t\t\t\t\t<\/div>\n\t\t<\/section>\n\t\t\t\t<section class=\"elementor-section elementor-top-section elementor-element elementor-element-352b5c9a elementor-section-boxed elementor-section-height-default elementor-section-height-default\" data-id=\"352b5c9a\" data-element_type=\"section\" data-settings=\"{&quot;jet_parallax_layout_list&quot;:[]}\">\n\t\t\t\t\t\t<div class=\"elementor-container elementor-column-gap-default\">\n\t\t\t\t\t<div class=\"elementor-column elementor-col-100 elementor-top-column elementor-element elementor-element-e098aa1\" data-id=\"e098aa1\" data-element_type=\"column\">\n\t\t\t<div class=\"elementor-widget-wrap elementor-element-populated\">\n\t\t\t\t\t\t<div class=\"elementor-element elementor-element-f07be01 elementor-widget elementor-widget-text-editor\" data-id=\"f07be01\" data-element_type=\"widget\" data-widget_type=\"text-editor.default\">\n\t\t\t\t<div class=\"elementor-widget-container\">\n\t\t\t\t\t\t\t\t\t<p style=\"text-align: justify;\"><span style=\"color: #c7c7c7;\">&#8230;y antes de que te vayas&#8230; puedes recibir m\u00e1s art\u00edculos inspiradores, gu\u00edas fotogr\u00e1ficas, videotutoriales y consejos fotogr\u00e1ficos simplemente suscribi\u00e9ndote a nuestra comunidad. <span class=\"JLqJ4b ChMk0b\" data-language-for-alternatives=\"es\" data-language-to-translate-into=\"en\" data-phrase-index=\"1\">\u00a1Estaremos encantados de contar contigo en este grupo de fot\u00f3grafos apasionados!<\/span><\/span><\/p>\t\t\t\t\t\t\t\t<\/div>\n\t\t\t\t<\/div>\n\t\t\t\t\t<\/div>\n\t\t<\/div>\n\t\t\t\t\t<\/div>\n\t\t<\/section>\n\t\t\t\t<section class=\"elementor-section elementor-top-section elementor-element elementor-element-5cdb37bf elementor-section-boxed elementor-section-height-default elementor-section-height-default\" data-id=\"5cdb37bf\" data-element_type=\"section\" data-settings=\"{&quot;jet_parallax_layout_list&quot;:[]}\">\n\t\t\t\t\t\t<div class=\"elementor-container elementor-column-gap-default\">\n\t\t\t\t\t<div class=\"elementor-column elementor-col-100 elementor-top-column elementor-element elementor-element-6897f005\" data-id=\"6897f005\" data-element_type=\"column\">\n\t\t\t<div class=\"elementor-widget-wrap elementor-element-populated\">\n\t\t\t\t\t\t<div class=\"elementor-element elementor-element-12fd4ef2 elementor-widget elementor-widget-text-editor\" data-id=\"12fd4ef2\" data-element_type=\"widget\" data-widget_type=\"text-editor.default\">\n\t\t\t\t<div class=\"elementor-widget-container\">\n\t\t\t\t\t\t\t\t\t<p style=\"text-align: center;\"><div class=\"tve-leads-shortcode tve-leads-triggered tve-tl-anim tl-anim-instant tve-leads-track-shortcode_28365\"><div class=\"tl-style\" id=\"tve_tcb2_set-002\" data-state=\"72\" data-form-state=\"\"><style type=\"text\/css\" class=\"tve_custom_style\">@import url(\"\/\/fonts.googleapis.com\/css?family=Open+Sans:400,600&subset=latin\");@media (min-width: 300px){[data-css=\"tve-u-45e835f7d32240\"] strong{font-weight: 600;}:not(#tve) [data-css=\"tve-u-85e835f7d32246\"] button{background-color: rgb(26,188,156);color: rgb(255,255,255);font-size: 20px;border-radius: 8px;overflow: hidden;font-family: inherit;font-weight: 700;margin-top: 5px !important;margin-bottom: 5px !important;padding-bottom: 20px !important;padding-top: 20px !important;}[data-css=\"tve-u-75e835f7d32245\"]{max-width: 30.1%;}[data-css=\"tve-u-55e835f7d32241\"]{max-width: 34%;}[data-css=\"tve-u-35e835f7d3223f\"]{max-width: 35.9%;}[data-css=\"tve-u-05e835f7d32237\"]{border: none;background-color: rgba(255,255,255,0) !important;padding-left: 0px !important;padding-right: 0px !important;}:not(#tve) [data-css=\"tve-u-45e835f7d32240\"] input{border: 2px solid rgb(221,221,221);font-size: 20px;color: rgb(102,102,102);line-height: 2px;font-family: \"Open Sans\";font-weight: 400;border-radius: 8px;overflow: hidden;background-image: none !important;background-color: rgb(252,252,252) !important;padding-top: 18px !important;padding-bottom: 18px !important;margin-bottom: 5px !important;margin-top: 5px !important;}:not(#tve) [data-css=\"tve-u-65e835f7d32243\"] input{border: 2px solid rgb(221,221,221);font-size: 20px;color: rgb(102,102,102);line-height: 2px;font-family: \"Open Sans\";font-weight: 400;border-radius: 8px;overflow: hidden;background-image: none !important;background-color: rgb(252,252,252) !important;padding-top: 18px !important;padding-bottom: 18px !important;margin-bottom: 5px !important;margin-top: 5px !important;}[data-css=\"tve-u-25e835f7d3223e\"]{max-width: 800px;border-radius: 0px;overflow: hidden;border: none;float: none;z-index: 3;position: relative;margin: 0px auto !important;}[data-css=\"tve-u-15e835f7d3223c\"]{width: 268px;float: none;margin-left: auto !important;margin-right: auto !important;}}<\/style><style type=\"text\/css\" class=\"tve_user_custom_style\">.tve-leads-conversion-object .thrv_heading h1,.tve-leads-conversion-object .thrv_heading h2,.tve-leads-conversion-object .thrv_heading h3{margin:0;padding:0}.tve-leads-conversion-object .thrv_text_element p,.tve-leads-conversion-object .thrv_text_element h1,.tve-leads-conversion-object .thrv_text_element h2,.tve-leads-conversion-object .thrv_text_element h3{margin:0}<\/style><div class=\"tve-leads-conversion-object\" data-tl-type=\"shortcode_28365\"><div class=\"tve_flt\"><div id=\"tve_editor\" class=\"tve_shortcode_editor\"><div class=\"thrv-leads-form-box tve_no_drag tve_no_icons thrv_wrapper tve_editor_main_content thrv-leads-in-content tve_empty_dropzone\" style=\"\" data-css=\"tve-u-05e835f7d32237\"><div class=\"thrv_wrapper tve_image_caption\" data-css=\"tve-u-15e835f7d3223c\"><span class=\"tve_image_frame\" style=\"width: 100%;\"><img decoding=\"async\" class=\"tve_image wp-image-15816\" alt=\"ebook auroras boreales\" width=\"400\" height=\"301\" title=\"Auroras Boreales ebook WEB\" data-id=\"15816\" src=\"https:\/\/imgcap.capturetheatlas.com\/wp-content\/uploads\/2018\/09\/Auroras-Boreales-ebook-WEB.png\" style=\"\" srcset=\"https:\/\/imgcap.capturetheatlas.com\/wp-content\/uploads\/2018\/09\/Auroras-Boreales-ebook-WEB.png 400w, https:\/\/imgcap.capturetheatlas.com\/wp-content\/uploads\/2018\/09\/Auroras-Boreales-ebook-WEB-300x226.png 300w\" sizes=\"(max-width: 400px) 100vw, 400px\" \/><\/span><\/div><div class=\"thrv_wrapper thrv_lead_generation\" data-connection=\"api\" data-css=\"tve-u-25e835f7d3223e\"><input type=\"hidden\" class=\"tve-lg-err-msg\" value=\"{&quot;email&quot;:&quot;Email address invalid&quot;,&quot;phone&quot;:&quot;Phone number invalid&quot;,&quot;password&quot;:&quot;Password invalid&quot;,&quot;passwordmismatch&quot;:&quot;Password mismatch error&quot;,&quot;required&quot;:&quot;Required field missing&quot;}\"><div class=\"thrv_lead_generation_container tve_clearfix\"><form action=\"#\" method=\"post\" novalidate=\"novalidate\"><div class=\"tve_lead_generated_inputs_container tve_clearfix tve_empty_dropzone\"><div class=\"thrv_wrapper thrv-columns\"><div class=\"tcb-flex-row tcb--cols--3 tcb-resized\"><div class=\"tcb-flex-col\" data-css=\"tve-u-35e835f7d3223f\" style=\"\"><div class=\"tcb-col tve_empty_dropzone\"><div class=\"tve_lg_input_container tve_lg_input\" data-css=\"tve-u-45e835f7d32240\"><input type=\"text\" data-field=\"name\" name=\"name\" placeholder=\"Nombre:\" data-placeholder=\"Nombre:\" style=\"\" data-required=\"1\" data-validation=\"\" class=\"\"><\/div><\/div><\/div><div class=\"tcb-flex-col\" data-css=\"tve-u-55e835f7d32241\" style=\"\"><div class=\"tcb-col tve_empty_dropzone\"><div class=\"tve_lg_input_container tve_lg_input\" data-css=\"tve-u-65e835f7d32243\"><input type=\"email\" data-field=\"email\" data-required=\"1\" data-validation=\"email\" name=\"email\" placeholder=\"Email:\" data-placeholder=\"Email:\" style=\"\" class=\"\"><\/div><\/div><\/div><div class=\"tcb-flex-col\" data-css=\"tve-u-75e835f7d32245\" style=\"\"><div class=\"tcb-col tve_empty_dropzone\"><div class=\"tve_lg_input_container tve_submit_container tve_lg_submit\" data-tcb_hover_state_parent=\"\" data-button-style=\"default\" data-css=\"tve-u-85e835f7d32246\"><button type=\"submit\" style=\"\" class=\"\">Me apunto!<\/button><\/div><\/div><\/div><\/div><\/div><\/div><input id=\"_submit_option\" type=\"hidden\" name=\"_submit_option\" value=\"redirect\"><input id=\"_back_url\" type=\"hidden\" name=\"_back_url\" value=\"https:\/\/capturetheatlas.com\/es\/descarga-tu-guia-para-fotografiar-auroras-boreales\/\"><input id=\"_autofill\" type=\"hidden\" name=\"_autofill\" value=\"\"><input id=\"_api_custom_fields\" type=\"hidden\" name=\"_api_custom_fields\" value=\"YTo1OntpOjA7YToyOntzOjI6ImlkIjtzOjQ6Im5hbWUiO3M6MTE6InBsYWNlaG9sZGVyIjtzOjQ6Ik5hbWUiO31pOjE7YToyOntzOjI6ImlkIjtzOjU6InBob25lIjtzOjExOiJwbGFjZWhvbGRlciI7czo1OiJQaG9uZSI7fWk6MjthOjI6e3M6MjoiaWQiO3M6MTI6Im1hcHBpbmdfdGV4dCI7czoxMToicGxhY2Vob2xkZXIiO3M6NDoiVGV4dCI7fWk6MzthOjI6e3M6MjoiaWQiO3M6MTE6Im1hcHBpbmdfdXJsIjtzOjExOiJwbGFjZWhvbGRlciI7czozOiJVUkwiO31pOjQ7YToyOntzOjI6ImlkIjtzOjE0OiJtYXBwaW5nX2hpZGRlbiI7czoxMToicGxhY2Vob2xkZXIiO3M6NjoiSGlkZGVuIjt9fQ==\"><input type=\"hidden\" name=\"__tcb_lg_fc\" id=\"__tcb_lg_fc\" value=\"YToxOntzOjE0OiJhY3RpdmVjYW1wYWlnbiI7czoxOiI2Ijt9\"><input type=\"hidden\" id=\"activecampaign_form\" class=\"tve-api-extra\" name=\"activecampaign_form\" value=\"\"><input type=\"hidden\" id=\"activecampaign_tags\" class=\"tve-api-extra\" name=\"activecampaign_tags\" value=\"PDAB\"><input type=\"hidden\" id=\"tve_mapping\" name=\"tve_mapping\" value=\"YTowOnt9\"><input type=\"hidden\" id=\"tve_labels\" name=\"tve_labels\" value=\"YToyOntzOjQ6Im5hbWUiO3M6NzoiTm9tYnJlOiI7czo1OiJlbWFpbCI7czo2OiJFbWFpbDoiO30=\"><\/form><\/div><\/div><\/div><\/div><\/div><\/div><\/div><\/div><\/p>\t\t\t\t\t\t\t\t<\/div>\n\t\t\t\t<\/div>\n\t\t\t\t\t<\/div>\n\t\t<\/div>\n\t\t\t\t\t<\/div>\n\t\t<\/section>\n\t\t\t\t<section class=\"elementor-section elementor-top-section elementor-element elementor-element-36e568c elementor-section-boxed elementor-section-height-default elementor-section-height-default\" data-id=\"36e568c\" data-element_type=\"section\" data-settings=\"{&quot;background_background&quot;:&quot;classic&quot;,&quot;jet_parallax_layout_list&quot;:[]}\">\n\t\t\t\t\t\t<div class=\"elementor-container elementor-column-gap-default\">\n\t\t\t\t\t<div class=\"elementor-column elementor-col-100 elementor-top-column elementor-element elementor-element-745efde9\" data-id=\"745efde9\" data-element_type=\"column\">\n\t\t\t<div class=\"elementor-widget-wrap elementor-element-populated\">\n\t\t\t\t\t\t<div class=\"elementor-element elementor-element-52a91e30 elementor-shape-circle elementor-grid-0 e-grid-align-center elementor-widget elementor-widget-social-icons\" data-id=\"52a91e30\" data-element_type=\"widget\" data-widget_type=\"social-icons.default\">\n\t\t\t\t<div class=\"elementor-widget-container\">\n\t\t\t\t\t\t\t<div class=\"elementor-social-icons-wrapper elementor-grid\" role=\"list\">\n\t\t\t\t\t\t\t<span class=\"elementor-grid-item\" role=\"listitem\">\n\t\t\t\t\t<a class=\"elementor-icon elementor-social-icon elementor-social-icon-instagram elementor-repeater-item-4a82f8c\" href=\"https:\/\/www.instagram.com\/capturetheatlas\/\" target=\"_blank\" rel=\"nofollow\">\n\t\t\t\t\t\t<span class=\"elementor-screen-only\">Instagram<\/span>\n\t\t\t\t\t\t\t\t\t\t\t\t\t<i class=\"fa fa-instagram\"><\/i>\n\t\t\t\t\t\t\t\t\t\t\t<\/a>\n\t\t\t\t<\/span>\n\t\t\t\t\t\t\t<span class=\"elementor-grid-item\" role=\"listitem\">\n\t\t\t\t\t<a class=\"elementor-icon elementor-social-icon elementor-social-icon-facebook elementor-repeater-item-180045d\" href=\"https:\/\/www.facebook.com\/capturetheatlas\/\" target=\"_blank\" rel=\"nofollow\">\n\t\t\t\t\t\t<span class=\"elementor-screen-only\">Facebook<\/span>\n\t\t\t\t\t\t\t\t\t\t\t\t\t<i class=\"fa fa-facebook\"><\/i>\n\t\t\t\t\t\t\t\t\t\t\t<\/a>\n\t\t\t\t<\/span>\n\t\t\t\t\t<\/div>\n\t\t\t\t\t\t<\/div>\n\t\t\t\t<\/div>\n\t\t\t\t\t<\/div>\n\t\t<\/div>\n\t\t\t\t\t<\/div>\n\t\t<\/section>\n\t\t\t\t<section class=\"elementor-section elementor-top-section elementor-element elementor-element-1ad8b8e2 elementor-section-boxed elementor-section-height-default elementor-section-height-default\" data-id=\"1ad8b8e2\" data-element_type=\"section\" data-settings=\"{&quot;jet_parallax_layout_list&quot;:[]}\">\n\t\t\t\t\t\t<div class=\"elementor-container elementor-column-gap-default\">\n\t\t\t\t\t<div class=\"elementor-column elementor-col-100 elementor-top-column elementor-element elementor-element-7e1ad924\" data-id=\"7e1ad924\" data-element_type=\"column\">\n\t\t\t<div class=\"elementor-widget-wrap elementor-element-populated\">\n\t\t\t\t\t\t<div class=\"elementor-element elementor-element-66718fa8 elementor-widget elementor-widget-text-editor\" data-id=\"66718fa8\" data-element_type=\"widget\" data-widget_type=\"text-editor.default\">\n\t\t\t\t<div class=\"elementor-widget-container\">\n\t\t\t\t\t\t\t\t\t<p style=\"text-align: justify;\"><span style=\"color: #c7c7c7;\">A continuaci\u00f3n puedes ver la galer\u00eda con todas las im\u00e1genes a tama\u00f1o completo. <span class=\"JLqJ4b ChMk0b\" data-language-for-alternatives=\"es\" data-language-to-translate-into=\"en\" data-phrase-index=\"1\">\u00a1Espero que la disfrutes!<\/span><\/span><\/p>\t\t\t\t\t\t\t\t<\/div>\n\t\t\t\t<\/div>\n\t\t\t\t\t<\/div>\n\t\t<\/div>\n\t\t\t\t\t<\/div>\n\t\t<\/section>\n\t\t\t\t<section class=\"elementor-section elementor-top-section elementor-element elementor-element-77233932 elementor-section-full_width elementor-section-height-default elementor-section-height-default\" data-id=\"77233932\" data-element_type=\"section\" data-settings=\"{&quot;jet_parallax_layout_list&quot;:[]}\">\n\t\t\t\t\t\t<div class=\"elementor-container elementor-column-gap-default\">\n\t\t\t\t\t<div class=\"elementor-column elementor-col-100 elementor-top-column elementor-element elementor-element-50509203\" data-id=\"50509203\" data-element_type=\"column\">\n\t\t\t<div class=\"elementor-widget-wrap elementor-element-populated\">\n\t\t\t\t\t\t<div class=\"elementor-element elementor-element-4f7458b0 elementor-widget elementor-widget-text-editor\" data-id=\"4f7458b0\" data-element_type=\"widget\" data-widget_type=\"text-editor.default\">\n\t\t\t\t<div class=\"elementor-widget-container\">\n\t\t\t\t\t\t\t\t\t<div id=\"jig1\" class=\"justified-image-grid jig-c49be8193f6188bf639b8de994bfe311 jig-preset-global jig-source-wp-gallery\"><div class=\"jig-clearfix\"><\/div><noscript id=\"jig1-html\" class=\"justified-image-grid-html\" data-lazy-src=\"skiplazyload\" data-src=\"skipunveillazyload\"><ul><li><a href=\"https:\/\/imgcap.capturetheatlas.com\/wp-content\/uploads\/2020\/11\/Northern-Lights-photographer-of-the-year-Sergey-Korolev.jpg\"><img decoding=\"async\" src=\"https:\/\/imgcap.capturetheatlas.com\/wp-content\/uploads\/2020\/11\/Northern-Lights-photographer-of-the-year-Sergey-Korolev-1024x795.jpg\" alt=\"\u00abDANZA CELESTIAL\u00bb \u2013 SERGEY KOROLEV\" width=\"708\" height=\"550\" \/><\/a><p class=\"jig-HTMLdescription\">\u00abDANZA CELESTIAL\u00bb \u2013 SERGEY KOROLEV<\/p><\/li><li><a href=\"https:\/\/imgcap.capturetheatlas.com\/wp-content\/uploads\/2020\/11\/Best-Aurora-Australis-images-Ben-Maze.jpg\"><img decoding=\"async\" src=\"https:\/\/imgcap.capturetheatlas.com\/wp-content\/uploads\/2020\/11\/Best-Aurora-Australis-images-Ben-Maze-1024x768.jpg\" alt=\"\u201cTHE HUNT\u2019S REWARD\u201d \u2013 BEN MAZE\" width=\"733\" height=\"550\" \/><\/a><p class=\"jig-HTMLdescription\">\u201cTHE HUNT\u2019S REWARD\u201d \u2013 BEN MAZE<\/p><\/li><li><a href=\"https:\/\/imgcap.capturetheatlas.com\/wp-content\/uploads\/2020\/11\/Northern-Lights-photographer-of-the-year-Roksolyana-Hilevych.jpg\"><img decoding=\"async\" src=\"https:\/\/imgcap.capturetheatlas.com\/wp-content\/uploads\/2020\/11\/Northern-Lights-photographer-of-the-year-Roksolyana-Hilevych-683x1024.jpg\" alt=\"\u00abHUEVOS DE DRAG\u00d3N\u00bb \u2013 ROKSOLYANA HILEVYCH\" width=\"366\" height=\"550\" \/><\/a><p class=\"jig-HTMLdescription\">\u00abHUEVOS DE DRAG\u00d3N\u00bb \u2013 ROKSOLYANA HILEVYCH<\/p><\/li><li><a href=\"https:\/\/imgcap.capturetheatlas.com\/wp-content\/uploads\/2020\/11\/Pallas-Finland-Northern-Lights-.jpg\"><img decoding=\"async\" src=\"https:\/\/imgcap.capturetheatlas.com\/wp-content\/uploads\/2020\/11\/Pallas-Finland-Northern-Lights--712x1024.jpg\" alt=\"\u00abLLAMARADAS EN EL CIELO\u00bb \u2013 RISTO LESKINEN\" width=\"382\" height=\"550\" \/><\/a><p class=\"jig-HTMLdescription\">\u00abLLAMARADAS EN EL CIELO\u00bb \u2013 RISTO LESKINEN<\/p><\/li><li><a href=\"https:\/\/imgcap.capturetheatlas.com\/wp-content\/uploads\/2020\/11\/Northern-Lights-Ruka-Finland.jpg\"><img decoding=\"async\" src=\"https:\/\/imgcap.capturetheatlas.com\/wp-content\/uploads\/2020\/11\/Northern-Lights-Ruka-Finland-722x1024.jpg\" alt=\"\u00abFINLANDIA DE NOCHE\u00bb \u2013 KIM JENSSEN\" width=\"387\" height=\"550\" \/><\/a><p class=\"jig-HTMLdescription\">\u00abFINLANDIA DE NOCHE\u00bb \u2013 KIM JENSSEN<\/p><\/li><li><a href=\"https:\/\/imgcap.capturetheatlas.com\/wp-content\/uploads\/2020\/11\/Northern-Lights-photographer-of-the-year-2020.jpg\"><img decoding=\"async\" src=\"https:\/\/imgcap.capturetheatlas.com\/wp-content\/uploads\/2020\/11\/Northern-Lights-photographer-of-the-year-2020-683x1024.jpg\" alt=\"\u00abBAJO EL CIELO CANADIENSE\u00bb \u2013 PARKER BURKETT\" width=\"366\" height=\"550\" \/><\/a><p class=\"jig-HTMLdescription\">\u00abBAJO EL CIELO CANADIENSE\u00bb \u2013 PARKER BURKETT<\/p><\/li><li><a href=\"https:\/\/imgcap.capturetheatlas.com\/wp-content\/uploads\/2020\/11\/Aurora-photographer-of-the-year-Benjamin-Eberhardt.jpg\"><img decoding=\"async\" src=\"https:\/\/imgcap.capturetheatlas.com\/wp-content\/uploads\/2020\/11\/Aurora-photographer-of-the-year-Benjamin-Eberhardt-1024x576.jpg\" alt=\"\u00abNOCHE ANT\u00c1RTICA\u00bb \u2013 BENJAMIN EBERHARDT\" width=\"977\" height=\"550\" \/><\/a><p class=\"jig-HTMLdescription\">\u00abNOCHE ANT\u00c1RTICA\u00bb \u2013 BENJAMIN EBERHARDT<\/p><\/li><li><a href=\"https:\/\/imgcap.capturetheatlas.com\/wp-content\/uploads\/2020\/11\/Northern-Lights-image-Yukon.jpg\"><img decoding=\"async\" src=\"https:\/\/imgcap.capturetheatlas.com\/wp-content\/uploads\/2020\/11\/Northern-Lights-image-Yukon-622x1024.jpg\" alt=\"\u00abCUANDO EL SUE\u00d1O SE HIZO REALIDAD\u00bb \u2013 MOHAD ALMEHANNA\" width=\"334\" height=\"550\" \/><\/a><p class=\"jig-HTMLdescription\">\u00abCUANDO EL SUE\u00d1O SE HIZO REALIDAD\u00bb \u2013 MOHAD ALMEHANNA<\/p><\/li><li><a href=\"https:\/\/imgcap.capturetheatlas.com\/wp-content\/uploads\/2020\/11\/Northern-Lights-best-photos.jpg\"><img decoding=\"async\" src=\"https:\/\/imgcap.capturetheatlas.com\/wp-content\/uploads\/2020\/11\/Northern-Lights-best-photos-1024x683.jpg\" alt=\"\u201cVIKINGS IN THE SKY\u201d \u2013 NICO RINALDI\" width=\"824\" height=\"550\" \/><\/a><p class=\"jig-HTMLdescription\">\u201cVIKINGS IN THE SKY\u201d \u2013 NICO RINALDI<\/p><\/li><li><a href=\"https:\/\/imgcap.capturetheatlas.com\/wp-content\/uploads\/2020\/11\/Best-Northern-Lights-images-Finland.jpg\"><img decoding=\"async\" src=\"https:\/\/imgcap.capturetheatlas.com\/wp-content\/uploads\/2020\/11\/Best-Northern-Lights-images-Finland-683x1024.jpg\" alt=\"\u201cRIGHT BEFORE THE FREEZING\u201d \u2013 AKI MIKKOLA\" width=\"366\" height=\"550\" \/><\/a><p class=\"jig-HTMLdescription\">\u201cRIGHT BEFORE THE FREEZING\u201d \u2013 AKI MIKKOLA<\/p><\/li><li><a href=\"https:\/\/imgcap.capturetheatlas.com\/wp-content\/uploads\/2020\/11\/Best-Aurora-Borealis-images-Iceland-.jpg\"><img decoding=\"async\" src=\"https:\/\/imgcap.capturetheatlas.com\/wp-content\/uploads\/2020\/11\/Best-Aurora-Borealis-images-Iceland--684x1024.jpg\" alt=\"\u00abAFIRMACI\u00d3N\u00bb \u2013 WILLIAM PATINO\" width=\"367\" height=\"550\" \/><\/a><p class=\"jig-HTMLdescription\">\u00abAFIRMACI\u00d3N\u00bb \u2013 WILLIAM PATINO<\/p><\/li><li><a href=\"https:\/\/imgcap.capturetheatlas.com\/wp-content\/uploads\/2020\/11\/Northern-Lights-photographer-of-the-year-Tor-Ivar-Naess.jpg\"><img decoding=\"async\" src=\"https:\/\/imgcap.capturetheatlas.com\/wp-content\/uploads\/2020\/11\/Northern-Lights-photographer-of-the-year-Tor-Ivar-Naess-684x1024.jpg\" alt=\"\u201cAURORA ERUPTION\u201d \u2013 TOR-IVAR N\u00c6SS\" width=\"367\" height=\"550\" \/><\/a><p class=\"jig-HTMLdescription\">\u201cAURORA ERUPTION\u201d \u2013 TOR-IVAR N\u00c6SS<\/p><\/li><li><a href=\"https:\/\/imgcap.capturetheatlas.com\/wp-content\/uploads\/2020\/11\/Northern-Lights-photographer-of-the-year-Marybeth-Kiczenski.jpg\"><img decoding=\"async\" src=\"https:\/\/imgcap.capturetheatlas.com\/wp-content\/uploads\/2020\/11\/Northern-Lights-photographer-of-the-year-Marybeth-Kiczenski-692x1024.jpg\" alt=\"\u201cPICTURED ROCKS MAGIC\u201d \u2013 MARYBETH KICZENSKI\" width=\"371\" height=\"550\" \/><\/a><p class=\"jig-HTMLdescription\">\u201cPICTURED ROCKS MAGIC\u201d \u2013 MARYBETH KICZENSKI<\/p><\/li><li><a href=\"https:\/\/imgcap.capturetheatlas.com\/wp-content\/uploads\/2020\/11\/Northern-Lights-photographer-of-the-year-John-Weatherby.jpg\"><img decoding=\"async\" src=\"https:\/\/imgcap.capturetheatlas.com\/wp-content\/uploads\/2020\/11\/Northern-Lights-photographer-of-the-year-John-Weatherby-704x1024.jpg\" alt=\"\u00abTURBULENCIAS\u00bb \u2013 JOHN WEATHERBY\" width=\"378\" height=\"550\" \/><\/a><p class=\"jig-HTMLdescription\">\u00abTURBULENCIAS\u00bb \u2013 JOHN WEATHERBY<\/p><\/li><li><a href=\"https:\/\/imgcap.capturetheatlas.com\/wp-content\/uploads\/2020\/11\/Northern-Lights-photographer-of-the-year-Jeanine-Holowatuik.jpg\"><img decoding=\"async\" src=\"https:\/\/imgcap.capturetheatlas.com\/wp-content\/uploads\/2020\/11\/Northern-Lights-photographer-of-the-year-Jeanine-Holowatuik-1024x683.jpg\" alt=\"\u201cLIGHTS IN THE LAND OF LIVING SKIES\u201d \u2013 JEANINE HOLOWATUIK\" width=\"824\" height=\"550\" \/><\/a><p class=\"jig-HTMLdescription\">\u201cLIGHTS IN THE LAND OF LIVING SKIES\u201d \u2013 JEANINE HOLOWATUIK<\/p><\/li><li><a href=\"https:\/\/imgcap.capturetheatlas.com\/wp-content\/uploads\/2020\/11\/Northern-Lights-photographer-of-the-year-Filip-Hrebenda.jpg\"><img decoding=\"async\" src=\"https:\/\/imgcap.capturetheatlas.com\/wp-content\/uploads\/2020\/11\/Northern-Lights-photographer-of-the-year-Filip-Hrebenda-805x1024.jpg\" alt=\"\u00abPUERTA AL NORTE\u00bb \u2013 FILIP HREBENDA\" width=\"432\" height=\"550\" \/><\/a><p class=\"jig-HTMLdescription\">\u00abPUERTA AL NORTE\u00bb \u2013 FILIP HREBENDA<\/p><\/li><li><a href=\"https:\/\/imgcap.capturetheatlas.com\/wp-content\/uploads\/2020\/11\/Northern-Lights-photographer-of-the-year-Dennis-Hellwig.jpg\"><img decoding=\"async\" src=\"https:\/\/imgcap.capturetheatlas.com\/wp-content\/uploads\/2020\/11\/Northern-Lights-photographer-of-the-year-Dennis-Hellwig-1024x683.jpg\" alt=\"\u201cLOFOTEN ICE LIGHTS\u201d \u2013 DENNIS HELLWIG\" width=\"824\" height=\"550\" \/><\/a><p class=\"jig-HTMLdescription\">\u201cLOFOTEN ICE LIGHTS\u201d \u2013 DENNIS HELLWIG<\/p><\/li><li><a href=\"https:\/\/imgcap.capturetheatlas.com\/wp-content\/uploads\/2020\/11\/Northern-Lights-photographer-of-the-year-Agnieszka-Mrowka.jpg\"><img decoding=\"async\" src=\"https:\/\/imgcap.capturetheatlas.com\/wp-content\/uploads\/2020\/11\/Northern-Lights-photographer-of-the-year-Agnieszka-Mrowka-819x1024.jpg\" alt=\"\u00abCONVERGENCIA\u00bb \u2013 AGNIESZKA MROWKA\" width=\"439\" height=\"550\" \/><\/a><p class=\"jig-HTMLdescription\">\u00abCONVERGENCIA\u00bb \u2013 AGNIESZKA MROWKA<\/p><\/li><li><a href=\"https:\/\/imgcap.capturetheatlas.com\/wp-content\/uploads\/2020\/11\/Northern-Lights-photographer-of-the-year-Petri-Puurunen.jpg\"><img decoding=\"async\" src=\"https:\/\/imgcap.capturetheatlas.com\/wp-content\/uploads\/2020\/11\/Northern-Lights-photographer-of-the-year-Petri-Puurunen-1024x683.jpg\" alt=\"\u201cGHOSTS OF THE FELL\u201d \u2013 PETRI PUURUNEN\" width=\"824\" height=\"550\" \/><\/a><p class=\"jig-HTMLdescription\">\u201cGHOSTS OF THE FELL\u201d \u2013 PETRI PUURUNEN<\/p><\/li><li><a href=\"https:\/\/imgcap.capturetheatlas.com\/wp-content\/uploads\/2020\/11\/Northern-Lights-photographer-of-the-year-Ole-C-Salomonsen.jpg\"><img decoding=\"async\" src=\"https:\/\/imgcap.capturetheatlas.com\/wp-content\/uploads\/2020\/11\/Northern-Lights-photographer-of-the-year-Ole-C-Salomonsen-683x1024.jpg\" alt=\"\u201cSPRING FIREWORKS\u201d \u2013 OLE SALOMONSEN\" width=\"366\" height=\"550\" \/><\/a><p class=\"jig-HTMLdescription\">\u201cSPRING FIREWORKS\u201d \u2013 OLE SALOMONSEN<\/p><\/li><li><a href=\"https:\/\/imgcap.capturetheatlas.com\/wp-content\/uploads\/2020\/11\/Iurie-Belegurschi-Northern-Lights-photographer-of-the-year.jpg\"><img decoding=\"async\" src=\"https:\/\/imgcap.capturetheatlas.com\/wp-content\/uploads\/2020\/11\/Iurie-Belegurschi-Northern-Lights-photographer-of-the-year-1024x1024.jpg\" alt=\"\u00abLA AURORA BOREAL SOBRE THINGVELLIR\u00bb \u2013 IURIE BELEGURSCHI\" width=\"550\" height=\"550\" \/><\/a><p class=\"jig-HTMLdescription\">\u00abLA AURORA BOREAL SOBRE THINGVELLIR\u00bb \u2013 IURIE BELEGURSCHI<\/p><\/li><li><a href=\"https:\/\/imgcap.capturetheatlas.com\/wp-content\/uploads\/2020\/11\/Best-Northern-Lights-images-of-the-year-Virginia-Yllera.jpg\"><img decoding=\"async\" src=\"https:\/\/imgcap.capturetheatlas.com\/wp-content\/uploads\/2020\/11\/Best-Northern-Lights-images-of-the-year-Virginia-Yllera-1024x683.jpg\" alt=\"\u201cNATURAL MYSTIC\u201d \u2013 VIRGINIA YLLERA\" width=\"824\" height=\"550\" \/><\/a><p class=\"jig-HTMLdescription\">\u201cNATURAL MYSTIC\u201d \u2013 VIRGINIA YLLERA<\/p><\/li><li><a href=\"https:\/\/imgcap.capturetheatlas.com\/wp-content\/uploads\/2020\/11\/Aurora-photographer-of-the-year-Joaquin-Marco-.jpg\"><img decoding=\"async\" src=\"https:\/\/imgcap.capturetheatlas.com\/wp-content\/uploads\/2020\/11\/Aurora-photographer-of-the-year-Joaquin-Marco--683x1024.jpg\" alt=\"\u201cTHE TOWER OF SORCERY\u201d \u2013 JOAQU\u00cdN MARCO\" width=\"366\" height=\"550\" \/><\/a><p class=\"jig-HTMLdescription\">\u201cTHE TOWER OF SORCERY\u201d \u2013 JOAQU\u00cdN MARCO<\/p><\/li><li><a href=\"https:\/\/imgcap.capturetheatlas.com\/wp-content\/uploads\/2020\/11\/Northern-Lights-photographer-of-the-year-stefano-Pellegrini.jpg\"><img decoding=\"async\" src=\"https:\/\/imgcap.capturetheatlas.com\/wp-content\/uploads\/2020\/11\/Northern-Lights-photographer-of-the-year-stefano-Pellegrini-613x1024.jpg\" alt=\"\u201cHAFRAGILSFOSS AURORA\u201d \u2013 STEFANO PELLEGRINI\" width=\"329\" height=\"550\" \/><\/a><p class=\"jig-HTMLdescription\">\u201cHAFRAGILSFOSS AURORA\u201d \u2013 STEFANO PELLEGRINI<\/p><\/li><li><a href=\"https:\/\/imgcap.capturetheatlas.com\/wp-content\/uploads\/2020\/11\/Best-Aurora-images-of-the-year.jpg\"><img decoding=\"async\" src=\"https:\/\/imgcap.capturetheatlas.com\/wp-content\/uploads\/2020\/11\/Best-Aurora-images-of-the-year-1024x425.jpg\" alt=\"\u00abSOBRE LAS MONTA\u00d1AS DE LOFOTEN\u00bb \u2013 JOSE ANTONIO MATEOS FAJARDO\" width=\"1325\" height=\"550\" \/><\/a><p class=\"jig-HTMLdescription\">\u00abSOBRE LAS MONTA\u00d1AS DE LOFOTEN\u00bb \u2013 JOSE ANTONIO MATEOS FAJARDO<\/p><\/li><\/ul><\/noscript><\/div>\n\n\t\t\t\t\t\t\t\t<\/div>\n\t\t\t\t<\/div>\n\t\t\t\t\t<\/div>\n\t\t<\/div>\n\t\t\t\t\t<\/div>\n\t\t<\/section>\n\t\t\t\t<section class=\"elementor-section elementor-top-section elementor-element elementor-element-4ad38858 elementor-section-content-middle elementor-section-boxed elementor-section-height-default elementor-section-height-default\" data-id=\"4ad38858\" data-element_type=\"section\" data-settings=\"{&quot;jet_parallax_layout_list&quot;:[]}\">\n\t\t\t\t\t\t<div class=\"elementor-container elementor-column-gap-default\">\n\t\t\t\t\t<div class=\"elementor-column elementor-col-100 elementor-top-column elementor-element elementor-element-2b39a59d\" data-id=\"2b39a59d\" data-element_type=\"column\">\n\t\t\t<div class=\"elementor-widget-wrap elementor-element-populated\">\n\t\t\t\t\t\t<div class=\"elementor-element elementor-element-19cb52d3 elementor-widget elementor-widget-text-editor\" data-id=\"19cb52d3\" data-element_type=\"widget\" data-widget_type=\"text-editor.default\">\n\t\t\t\t<div class=\"elementor-widget-container\">\n\t\t\t\t\t\t\t\t\t<p style=\"text-align: justify;\"><span style=\"color: #c7c7c7;\">No descargues, copies ni compartas ninguna de las fotograf\u00edas de este art\u00edculo sin el consentimiento previo y por escrito del autor. Las fotos de este art\u00edculo est\u00e1n protegidas por derechos de autor. Si alguien utiliza alguna de las fotograf\u00edas sin el consentimiento del autor, tomaremos las medidas legales oportunas.<\/span><\/p>\t\t\t\t\t\t\t\t<\/div>\n\t\t\t\t<\/div>\n\t\t\t\t\t<\/div>\n\t\t<\/div>\n\t\t\t\t\t<\/div>\n\t\t<\/section>\n\t\t\t\t<\/div>\n\t\t","protected":false},"excerpt":{"rendered":"<p>\u00abNorthern Lights photographer of the year\u00bb 2020 Fotografiar la aurora boreal es una experiencia de otro mundo. Las luces \u00abbailando\u00bb por el cielo, los colores reflejados en tus ojos, el coraz\u00f3n latiendo cuando ves el verde capturado en la pantalla de tu c\u00e1mara&#8230; es dif\u00edcil expresar con palabras el fascinante espect\u00e1culo creado por la Aurora [&hellip;]<\/p>\n","protected":false},"author":30,"featured_media":46454,"parent":0,"menu_order":0,"comment_status":"closed","ping_status":"closed","template":"page-template\/galeria.php","meta":{"_acf_changed":false,"footnotes":""},"class_list":["post-48062","page","type-page","status-publish","has-post-thumbnail","hentry"],"acf":[],"yoast_head":"<!-- This site is optimized with the Yoast SEO Premium plugin v20.0 (Yoast SEO v26.4) - https:\/\/yoast.com\/wordpress\/plugins\/seo\/ -->\n<title>Northern Lights Photographer of the Year 2020 - Capture the Atlas<\/title>\n<meta name=\"description\" content=\"Im\u00e1genes del &quot;Northern Lights photographer of the year&quot; 2020. Descubre las mejores im\u00e1genes de la Aurora alrededor del mundo en 2020!\" \/>\n<meta name=\"robots\" content=\"noindex, follow\" \/>\n<meta property=\"og:locale\" content=\"es_ES\" \/>\n<meta property=\"og:type\" content=\"article\" \/>\n<meta property=\"og:title\" content=\"2020 Northern Lights Photographer of the year\" \/>\n<meta property=\"og:description\" content=\"Im\u00e1genes del &quot;Northern Lights photographer of the year&quot; 2020. Descubre las mejores im\u00e1genes de la Aurora alrededor del mundo en 2020!\" \/>\n<meta property=\"og:url\" content=\"https:\/\/capturetheatlas.com\/es\/northern-lights-photographer-of-the-year-2020\/\" \/>\n<meta property=\"og:site_name\" content=\"Capture the Atlas\" \/>\n<meta property=\"article:publisher\" content=\"https:\/\/www.facebook.com\/capturetheatlas\/\" \/>\n<meta property=\"article:modified_time\" content=\"2023-01-12T22:55:55+00:00\" \/>\n<meta property=\"og:image\" content=\"https:\/\/capturetheatlas.com\/wp-content\/uploads\/2020\/11\/Northern-Lights-photographer-of-the-year-Petri-Puurunen.jpg\" \/>\n\t<meta property=\"og:image:width\" content=\"1920\" \/>\n\t<meta property=\"og:image:height\" content=\"1280\" \/>\n\t<meta property=\"og:image:type\" content=\"image\/jpeg\" \/>\n<meta name=\"twitter:label1\" content=\"Tiempo de lectura\" \/>\n\t<meta name=\"twitter:data1\" content=\"2 minutos\" \/>\n<script type=\"application\/ld+json\" class=\"yoast-schema-graph\">{\"@context\":\"https:\/\/schema.org\",\"@graph\":[{\"@type\":\"WebPage\",\"@id\":\"https:\/\/capturetheatlas.com\/es\/northern-lights-photographer-of-the-year-2020\/\",\"url\":\"https:\/\/capturetheatlas.com\/es\/northern-lights-photographer-of-the-year-2020\/\",\"name\":\"Northern Lights Photographer of the Year 2020 - Capture the Atlas\",\"isPartOf\":{\"@id\":\"https:\/\/capturetheatlas.com\/es\/#website\"},\"primaryImageOfPage\":{\"@id\":\"https:\/\/capturetheatlas.com\/es\/northern-lights-photographer-of-the-year-2020\/#primaryimage\"},\"image\":{\"@id\":\"https:\/\/capturetheatlas.com\/es\/northern-lights-photographer-of-the-year-2020\/#primaryimage\"},\"thumbnailUrl\":\"https:\/\/imgcap.capturetheatlas.com\/wp-content\/uploads\/2020\/11\/Northern-Lights-photographer-of-the-year-Petri-Puurunen.jpg\",\"datePublished\":\"2021-12-03T11:02:51+00:00\",\"dateModified\":\"2023-01-12T22:55:55+00:00\",\"description\":\"Im\u00e1genes del \\\"Northern Lights photographer of the year\\\" 2020. Descubre las mejores im\u00e1genes de la Aurora alrededor del mundo en 2020!\",\"breadcrumb\":{\"@id\":\"https:\/\/capturetheatlas.com\/es\/northern-lights-photographer-of-the-year-2020\/#breadcrumb\"},\"inLanguage\":\"es\",\"potentialAction\":[{\"@type\":\"ReadAction\",\"target\":[\"https:\/\/capturetheatlas.com\/es\/northern-lights-photographer-of-the-year-2020\/\"]}]},{\"@type\":\"ImageObject\",\"inLanguage\":\"es\",\"@id\":\"https:\/\/capturetheatlas.com\/es\/northern-lights-photographer-of-the-year-2020\/#primaryimage\",\"url\":\"https:\/\/imgcap.capturetheatlas.com\/wp-content\/uploads\/2020\/11\/Northern-Lights-photographer-of-the-year-Petri-Puurunen.jpg\",\"contentUrl\":\"https:\/\/imgcap.capturetheatlas.com\/wp-content\/uploads\/2020\/11\/Northern-Lights-photographer-of-the-year-Petri-Puurunen.jpg\",\"width\":1920,\"height\":1280,\"caption\":\"northern lights photographer of the year\"},{\"@type\":\"BreadcrumbList\",\"@id\":\"https:\/\/capturetheatlas.com\/es\/northern-lights-photographer-of-the-year-2020\/#breadcrumb\",\"itemListElement\":[{\"@type\":\"ListItem\",\"position\":1,\"name\":\"Home\",\"item\":\"https:\/\/capturetheatlas.com\/es\/\"},{\"@type\":\"ListItem\",\"position\":2,\"name\":\"2020 Northern Lights Photographer of the year\"}]},{\"@type\":\"WebSite\",\"@id\":\"https:\/\/capturetheatlas.com\/es\/#website\",\"url\":\"https:\/\/capturetheatlas.com\/es\/\",\"name\":\"Capture the Atlas\",\"description\":\"PHOTOGRAPHY \u00b7 TRAVEL \u00b7 ADVENTURE\",\"publisher\":{\"@id\":\"https:\/\/capturetheatlas.com\/es\/#organization\"},\"potentialAction\":[{\"@type\":\"SearchAction\",\"target\":{\"@type\":\"EntryPoint\",\"urlTemplate\":\"https:\/\/capturetheatlas.com\/es\/?s={search_term_string}\"},\"query-input\":{\"@type\":\"PropertyValueSpecification\",\"valueRequired\":true,\"valueName\":\"search_term_string\"}}],\"inLanguage\":\"es\"},{\"@type\":\"Organization\",\"@id\":\"https:\/\/capturetheatlas.com\/es\/#organization\",\"name\":\"Capture the Atlas\",\"url\":\"https:\/\/capturetheatlas.com\/es\/\",\"logo\":{\"@type\":\"ImageObject\",\"inLanguage\":\"es\",\"@id\":\"https:\/\/capturetheatlas.com\/es\/#\/schema\/logo\/image\/\",\"url\":\"https:\/\/imgcap.capturetheatlas.com\/wp-content\/uploads\/2024\/03\/PNG-white-background-small.png\",\"contentUrl\":\"https:\/\/imgcap.capturetheatlas.com\/wp-content\/uploads\/2024\/03\/PNG-white-background-small.png\",\"width\":500,\"height\":500,\"caption\":\"Capture the Atlas\"},\"image\":{\"@id\":\"https:\/\/capturetheatlas.com\/es\/#\/schema\/logo\/image\/\"},\"sameAs\":[\"https:\/\/www.facebook.com\/capturetheatlas\/\",\"https:\/\/x.com\/capturetheatlas\",\"https:\/\/www.instagram.com\/capturetheatlas\/\",\"https:\/\/www.youtube.com\/channel\/UCJJlhj2psDvxXGhR3CmDeZg\",\"https:\/\/pinterest.com\/capturetheatlas\/\",\"https:\/\/www.linkedin.com\/company\/capture-the-atlas\/\"]}]}<\/script>\n<!-- \/ Yoast SEO Premium plugin. -->","yoast_head_json":{"title":"Northern Lights Photographer of the Year 2020 - Capture the Atlas","description":"Im\u00e1genes del \"Northern Lights photographer of the year\" 2020. Descubre las mejores im\u00e1genes de la Aurora alrededor del mundo en 2020!","robots":{"index":"noindex","follow":"follow"},"og_locale":"es_ES","og_type":"article","og_title":"2020 Northern Lights Photographer of the year","og_description":"Im\u00e1genes del \"Northern Lights photographer of the year\" 2020. Descubre las mejores im\u00e1genes de la Aurora alrededor del mundo en 2020!","og_url":"https:\/\/capturetheatlas.com\/es\/northern-lights-photographer-of-the-year-2020\/","og_site_name":"Capture the Atlas","article_publisher":"https:\/\/www.facebook.com\/capturetheatlas\/","article_modified_time":"2023-01-12T22:55:55+00:00","og_image":[{"width":1920,"height":1280,"url":"https:\/\/capturetheatlas.com\/wp-content\/uploads\/2020\/11\/Northern-Lights-photographer-of-the-year-Petri-Puurunen.jpg","type":"image\/jpeg"}],"twitter_misc":{"Tiempo de lectura":"2 minutos"},"schema":{"@context":"https:\/\/schema.org","@graph":[{"@type":"WebPage","@id":"https:\/\/capturetheatlas.com\/es\/northern-lights-photographer-of-the-year-2020\/","url":"https:\/\/capturetheatlas.com\/es\/northern-lights-photographer-of-the-year-2020\/","name":"Northern Lights Photographer of the Year 2020 - Capture the Atlas","isPartOf":{"@id":"https:\/\/capturetheatlas.com\/es\/#website"},"primaryImageOfPage":{"@id":"https:\/\/capturetheatlas.com\/es\/northern-lights-photographer-of-the-year-2020\/#primaryimage"},"image":{"@id":"https:\/\/capturetheatlas.com\/es\/northern-lights-photographer-of-the-year-2020\/#primaryimage"},"thumbnailUrl":"https:\/\/imgcap.capturetheatlas.com\/wp-content\/uploads\/2020\/11\/Northern-Lights-photographer-of-the-year-Petri-Puurunen.jpg","datePublished":"2021-12-03T11:02:51+00:00","dateModified":"2023-01-12T22:55:55+00:00","description":"Im\u00e1genes del \"Northern Lights photographer of the year\" 2020. Descubre las mejores im\u00e1genes de la Aurora alrededor del mundo en 2020!","breadcrumb":{"@id":"https:\/\/capturetheatlas.com\/es\/northern-lights-photographer-of-the-year-2020\/#breadcrumb"},"inLanguage":"es","potentialAction":[{"@type":"ReadAction","target":["https:\/\/capturetheatlas.com\/es\/northern-lights-photographer-of-the-year-2020\/"]}]},{"@type":"ImageObject","inLanguage":"es","@id":"https:\/\/capturetheatlas.com\/es\/northern-lights-photographer-of-the-year-2020\/#primaryimage","url":"https:\/\/imgcap.capturetheatlas.com\/wp-content\/uploads\/2020\/11\/Northern-Lights-photographer-of-the-year-Petri-Puurunen.jpg","contentUrl":"https:\/\/imgcap.capturetheatlas.com\/wp-content\/uploads\/2020\/11\/Northern-Lights-photographer-of-the-year-Petri-Puurunen.jpg","width":1920,"height":1280,"caption":"northern lights photographer of the year"},{"@type":"BreadcrumbList","@id":"https:\/\/capturetheatlas.com\/es\/northern-lights-photographer-of-the-year-2020\/#breadcrumb","itemListElement":[{"@type":"ListItem","position":1,"name":"Home","item":"https:\/\/capturetheatlas.com\/es\/"},{"@type":"ListItem","position":2,"name":"2020 Northern Lights Photographer of the year"}]},{"@type":"WebSite","@id":"https:\/\/capturetheatlas.com\/es\/#website","url":"https:\/\/capturetheatlas.com\/es\/","name":"Capture the Atlas","description":"PHOTOGRAPHY \u00b7 TRAVEL \u00b7 ADVENTURE","publisher":{"@id":"https:\/\/capturetheatlas.com\/es\/#organization"},"potentialAction":[{"@type":"SearchAction","target":{"@type":"EntryPoint","urlTemplate":"https:\/\/capturetheatlas.com\/es\/?s={search_term_string}"},"query-input":{"@type":"PropertyValueSpecification","valueRequired":true,"valueName":"search_term_string"}}],"inLanguage":"es"},{"@type":"Organization","@id":"https:\/\/capturetheatlas.com\/es\/#organization","name":"Capture the Atlas","url":"https:\/\/capturetheatlas.com\/es\/","logo":{"@type":"ImageObject","inLanguage":"es","@id":"https:\/\/capturetheatlas.com\/es\/#\/schema\/logo\/image\/","url":"https:\/\/imgcap.capturetheatlas.com\/wp-content\/uploads\/2024\/03\/PNG-white-background-small.png","contentUrl":"https:\/\/imgcap.capturetheatlas.com\/wp-content\/uploads\/2024\/03\/PNG-white-background-small.png","width":500,"height":500,"caption":"Capture the Atlas"},"image":{"@id":"https:\/\/capturetheatlas.com\/es\/#\/schema\/logo\/image\/"},"sameAs":["https:\/\/www.facebook.com\/capturetheatlas\/","https:\/\/x.com\/capturetheatlas","https:\/\/www.instagram.com\/capturetheatlas\/","https:\/\/www.youtube.com\/channel\/UCJJlhj2psDvxXGhR3CmDeZg","https:\/\/pinterest.com\/capturetheatlas\/","https:\/\/www.linkedin.com\/company\/capture-the-atlas\/"]}]}},"_links":{"self":[{"href":"https:\/\/capturetheatlas.com\/es\/wp-json\/wp\/v2\/pages\/48062","targetHints":{"allow":["GET"]}}],"collection":[{"href":"https:\/\/capturetheatlas.com\/es\/wp-json\/wp\/v2\/pages"}],"about":[{"href":"https:\/\/capturetheatlas.com\/es\/wp-json\/wp\/v2\/types\/page"}],"author":[{"embeddable":true,"href":"https:\/\/capturetheatlas.com\/es\/wp-json\/wp\/v2\/users\/30"}],"replies":[{"embeddable":true,"href":"https:\/\/capturetheatlas.com\/es\/wp-json\/wp\/v2\/comments?post=48062"}],"version-history":[{"count":0,"href":"https:\/\/capturetheatlas.com\/es\/wp-json\/wp\/v2\/pages\/48062\/revisions"}],"wp:featuredmedia":[{"embeddable":true,"href":"https:\/\/capturetheatlas.com\/es\/wp-json\/wp\/v2\/media\/46454"}],"wp:attachment":[{"href":"https:\/\/capturetheatlas.com\/es\/wp-json\/wp\/v2\/media?parent=48062"}],"curies":[{"name":"wp","href":"https:\/\/api.w.org\/{rel}","templated":true}]}}